{"id":31192,"date":"2022-11-05T00:02:54","date_gmt":"2022-11-05T03:02:54","guid":{"rendered":"https:\/\/ceim.cl\/?page_id=31192"},"modified":"2026-03-03T10:30:08","modified_gmt":"2026-03-03T13:30:08","slug":"noticias","status":"publish","type":"page","link":"https:\/\/ceim.cl\/en\/noticias\/","title":{"rendered":"News"},"content":{"rendered":"<div class=\"wpb-content-wrapper\"><div class=\"vc_row wpb_row vc_row-fluid vc_custom_1498223944066\"><div class=\"wpb_column vc_column_container vc_col-sm-12\"><div class=\"vc_column-inner\"><div class=\"wpb_wrapper\"><style type=\"text\/css\" data-type=\"the7_shortcodes-inline-css\">.blog-shortcode.blog-masonry-shortcode-id-9ecce560919a779b4b3106565c5fe798.dividers-on.classic-layout-list article {\n  padding-top: 0;\n}\n.blog-shortcode.blog-masonry-shortcode-id-9ecce560919a779b4b3106565c5fe798.dividers-on.classic-layout-list article:first-of-type {\n  margin-top: 0;\n  padding-top: 0;\n}\n.blog-shortcode.blog-masonry-shortcode-id-9ecce560919a779b4b3106565c5fe798.classic-layout-list.mode-list .post-entry-content {\n  width: calc(100% - );\n}\n.blog-shortcode.blog-masonry-shortcode-id-9ecce560919a779b4b3106565c5fe798.classic-layout-list.mode-list .no-img .post-entry-content {\n  width: 100%;\n}\n.blog-shortcode.blog-masonry-shortcode-id-9ecce560919a779b4b3106565c5fe798 .filter {\n  margin-bottom: 40px;\n}\n.blog-shortcode.blog-masonry-shortcode-id-9ecce560919a779b4b3106565c5fe798 .filter-bg-decoration .filter-categories a.act {\n  color: #fff;\n}\n.blog-shortcode.blog-masonry-shortcode-id-9ecce560919a779b4b3106565c5fe798:not(.mode-masonry) article:first-of-type,\n.blog-shortcode.blog-masonry-shortcode-id-9ecce560919a779b4b3106565c5fe798:not(.mode-masonry) article.visible.first:not(.product) {\n  margin-top: 0;\n}\n.blog-shortcode.blog-masonry-shortcode-id-9ecce560919a779b4b3106565c5fe798.dividers-on:not(.mode-masonry) article {\n  margin-top: 0;\n}\n.blog-shortcode.blog-masonry-shortcode-id-9ecce560919a779b4b3106565c5fe798.dividers-on:not(.mode-masonry) article:first-of-type,\n.blog-shortcode.blog-masonry-shortcode-id-9ecce560919a779b4b3106565c5fe798.dividers-on:not(.mode-masonry) article.visible.first:not(.product) {\n  margin-top: 0;\n  padding-top: 0;\n}\n.blog-shortcode.blog-masonry-shortcode-id-9ecce560919a779b4b3106565c5fe798 .post-thumbnail-wrap {\n  padding: 0px 0px 0px 0px;\n}\n.blog-shortcode.blog-masonry-shortcode-id-9ecce560919a779b4b3106565c5fe798.enable-bg-rollover .post-thumbnail-rollover:after {\n  background: -webkit-linear-gradient();\n  background: linear-gradient();\n}\n.blog-shortcode.blog-masonry-shortcode-id-9ecce560919a779b4b3106565c5fe798 .gallery-zoom-ico {\n  width: 44px;\n  height: 44px;\n  line-height: 44px;\n  border-radius: 100px;\n  margin: -22px 0 0 -22px;\n  border-width: 0px;\n  color: #ffffff;\n}\n.bottom-overlap-layout-list.blog-shortcode.blog-masonry-shortcode-id-9ecce560919a779b4b3106565c5fe798 .gallery-zoom-ico {\n  margin-top: -72px;\n}\n.gradient-overlay-layout-list.blog-shortcode.blog-masonry-shortcode-id-9ecce560919a779b4b3106565c5fe798 .gallery-zoom-ico,\n.content-rollover-layout-list.blog-shortcode.blog-masonry-shortcode-id-9ecce560919a779b4b3106565c5fe798 .gallery-zoom-ico {\n  margin: 0 0 10px;\n}\n.content-align-center.gradient-overlay-layout-list.blog-shortcode.blog-masonry-shortcode-id-9ecce560919a779b4b3106565c5fe798 .gallery-zoom-ico,\n.content-align-center.content-rollover-layout-list.blog-shortcode.blog-masonry-shortcode-id-9ecce560919a779b4b3106565c5fe798 .gallery-zoom-ico {\n  margin: 0 auto 10px;\n}\n.dt-icon-bg-on.blog-shortcode.blog-masonry-shortcode-id-9ecce560919a779b4b3106565c5fe798 .gallery-zoom-ico {\n  background: rgba(255,255,255,0.3);\n  box-shadow: none;\n}\n.blog-shortcode.blog-masonry-shortcode-id-9ecce560919a779b4b3106565c5fe798 .gallery-zoom-ico > span,\n.blog-shortcode.blog-masonry-shortcode-id-9ecce560919a779b4b3106565c5fe798 .gallery-zoom-ico:before {\n  font-size: 32px;\n  line-height: 44px;\n}\n.blog-shortcode.blog-masonry-shortcode-id-9ecce560919a779b4b3106565c5fe798 .gallery-zoom-ico > span,\n.blog-shortcode.blog-masonry-shortcode-id-9ecce560919a779b4b3106565c5fe798 .gallery-zoom-ico:before {\n  color: #ffffff;\n}\n.blog-shortcode.blog-masonry-shortcode-id-9ecce560919a779b4b3106565c5fe798 .fancy-date a * {\n  color: #1f365c;\n}\n.blog-shortcode.blog-masonry-shortcode-id-9ecce560919a779b4b3106565c5fe798 .entry-title,\n.blog-shortcode.blog-masonry-shortcode-id-9ecce560919a779b4b3106565c5fe798.owl-carousel .entry-title {\n  margin-bottom: 5px;\n  font-size: 20px;\n  line-height: 26px;\n  font-weight: bold;\n}\n.blog-shortcode.blog-masonry-shortcode-id-9ecce560919a779b4b3106565c5fe798 .entry-meta {\n  margin-bottom: 15px;\n}\n.blog-shortcode.blog-masonry-shortcode-id-9ecce560919a779b4b3106565c5fe798 .portfolio-categories {\n  margin-bottom: 15px;\n}\n.blog-shortcode.blog-masonry-shortcode-id-9ecce560919a779b4b3106565c5fe798 .entry-excerpt {\n  margin-bottom: 5px;\n}\n.blog-shortcode.blog-masonry-shortcode-id-9ecce560919a779b4b3106565c5fe798:not(.centered-layout-list) .post-entry-content {\n  padding: 25px 0px 10px 0px;\n}\n.blog-shortcode.blog-masonry-shortcode-id-9ecce560919a779b4b3106565c5fe798:not(.centered-layout-list):not(.content-bg-on):not(.mode-list) .no-img .post-entry-content {\n  padding: 0;\n}\n@media screen and (max-width: ) {\n  .blog-shortcode.blog-masonry-shortcode-id-9ecce560919a779b4b3106565c5fe798 article {\n    -ms-flex-flow: column nowrap;\n    flex-flow: column nowrap;\n    margin-top: 20px;\n  }\n  .blog-shortcode.blog-masonry-shortcode-id-9ecce560919a779b4b3106565c5fe798.dividers-on article {\n    border: none;\n  }\n  .blog-shortcode.blog-masonry-shortcode-id-9ecce560919a779b4b3106565c5fe798.content-bg-on.centered-layout-list article {\n    padding: 0;\n  }\n  .blog-shortcode.blog-masonry-shortcode-id-9ecce560919a779b4b3106565c5fe798.blog-shortcode.dividers-on article,\n  .blog-shortcode.blog-masonry-shortcode-id-9ecce560919a779b4b3106565c5fe798.dividers-on.classic-layout-list article {\n    margin-top: 20px;\n    padding: 0;\n  }\n  .blog-shortcode.blog-masonry-shortcode-id-9ecce560919a779b4b3106565c5fe798.blog-shortcode.dividers-on article:first-of-type,\n  .blog-shortcode.blog-masonry-shortcode-id-9ecce560919a779b4b3106565c5fe798.dividers-on.classic-layout-list article:first-of-type {\n    padding: 0;\n  }\n  #page .blog-shortcode.blog-masonry-shortcode-id-9ecce560919a779b4b3106565c5fe798 .post-thumbnail-wrap,\n  #page .blog-shortcode.blog-masonry-shortcode-id-9ecce560919a779b4b3106565c5fe798 .post-entry-content {\n    width: 100%;\n    margin: 0;\n    top: 0;\n  }\n  #page .blog-shortcode.blog-masonry-shortcode-id-9ecce560919a779b4b3106565c5fe798 .post-thumbnail-wrap {\n    padding: 0;\n  }\n  #page .blog-shortcode.blog-masonry-shortcode-id-9ecce560919a779b4b3106565c5fe798 .post-entry-content:after {\n    display: none;\n  }\n  #page .blog-shortcode.blog-masonry-shortcode-id-9ecce560919a779b4b3106565c5fe798 .project-even .post-thumbnail-wrap,\n  #page .blog-shortcode.blog-masonry-shortcode-id-9ecce560919a779b4b3106565c5fe798.centered-layout-list .post-thumbnail-wrap {\n    -ms-flex-order: 0;\n    order: 0;\n  }\n  #page .blog-shortcode.blog-masonry-shortcode-id-9ecce560919a779b4b3106565c5fe798.centered-layout-list .post-entry-title-content {\n    -ms-flex-order: 1;\n    order: 1;\n    width: 100%;\n    padding: 20px 20px 0;\n  }\n  #page .blog-shortcode.blog-masonry-shortcode-id-9ecce560919a779b4b3106565c5fe798.centered-layout-list .post-entry-content {\n    -ms-flex-order: 2;\n    order: 2;\n    padding-top: 0;\n  }\n  #page .blog-shortcode.blog-masonry-shortcode-id-9ecce560919a779b4b3106565c5fe798 .fancy-categories {\n    top: 10px;\n    left: 10px;\n    bottom: auto;\n    right: auto;\n  }\n  #page .blog-shortcode.blog-masonry-shortcode-id-9ecce560919a779b4b3106565c5fe798 .fancy-date a {\n    top: 10px;\n    right: 10px;\n    left: auto;\n    bottom: auto;\n  }\n  #page .blog-shortcode.blog-masonry-shortcode-id-9ecce560919a779b4b3106565c5fe798 .post-entry-content {\n    padding: 20px;\n  }\n  #page .blog-shortcode.blog-masonry-shortcode-id-9ecce560919a779b4b3106565c5fe798 .entry-title {\n    margin: 3px 0 5px;\n    font-size: 20px;\n    line-height: 26px;\n  }\n  #page .blog-shortcode.blog-masonry-shortcode-id-9ecce560919a779b4b3106565c5fe798 .entry-meta {\n    margin: 5px 0 5px;\n  }\n  #page .blog-shortcode.blog-masonry-shortcode-id-9ecce560919a779b4b3106565c5fe798 .entry-excerpt {\n    margin: 15px 0 0;\n  }\n  #page .blog-shortcode.blog-masonry-shortcode-id-9ecce560919a779b4b3106565c5fe798 .post-details {\n    margin: 5px 0 10px;\n  }\n  #page .blog-shortcode.blog-masonry-shortcode-id-9ecce560919a779b4b3106565c5fe798 .post-details.details-type-link {\n    margin-bottom: 2px;\n  }\n}\n.blog-shortcode.blog-masonry-shortcode-id-9ecce560919a779b4b3106565c5fe798:not(.resize-by-browser-width) .dt-css-grid {\n  grid-row-gap: 50px;\n  grid-column-gap: 50px;\n  grid-template-columns: repeat(auto-fill,minmax(,1fr));\n}\n.blog-shortcode.blog-masonry-shortcode-id-9ecce560919a779b4b3106565c5fe798:not(.resize-by-browser-width) .dt-css-grid .double-width {\n  grid-column: span 2;\n}\n.cssgridlegacy.no-cssgrid .blog-shortcode.blog-masonry-shortcode-id-9ecce560919a779b4b3106565c5fe798:not(.resize-by-browser-width) .dt-css-grid,\n.no-cssgridlegacy.no-cssgrid .blog-shortcode.blog-masonry-shortcode-id-9ecce560919a779b4b3106565c5fe798:not(.resize-by-browser-width) .dt-css-grid {\n  display: flex;\n  flex-flow: row wrap;\n  margin: -25px;\n}\n.cssgridlegacy.no-cssgrid .blog-shortcode.blog-masonry-shortcode-id-9ecce560919a779b4b3106565c5fe798:not(.resize-by-browser-width) .dt-css-grid .wf-cell,\n.no-cssgridlegacy.no-cssgrid .blog-shortcode.blog-masonry-shortcode-id-9ecce560919a779b4b3106565c5fe798:not(.resize-by-browser-width) .dt-css-grid .wf-cell {\n  flex: 1 0 ;\n  max-width: 100%;\n  padding: 25px;\n  box-sizing: border-box;\n}\n.blog-shortcode.blog-masonry-shortcode-id-9ecce560919a779b4b3106565c5fe798.resize-by-browser-width .dt-css-grid {\n  grid-template-columns: repeat(4,1fr);\n  grid-template-rows: auto;\n  grid-column-gap: 50px;\n  grid-row-gap: 50px;\n}\n.blog-shortcode.blog-masonry-shortcode-id-9ecce560919a779b4b3106565c5fe798.resize-by-browser-width .dt-css-grid .double-width {\n  grid-column: span 2;\n}\n.cssgridlegacy.no-cssgrid .blog-shortcode.blog-masonry-shortcode-id-9ecce560919a779b4b3106565c5fe798.resize-by-browser-width .dt-css-grid {\n  margin: -25px;\n}\n.cssgridlegacy.no-cssgrid .blog-shortcode.blog-masonry-shortcode-id-9ecce560919a779b4b3106565c5fe798.resize-by-browser-width .dt-css-grid .wf-cell {\n  width: 25%;\n  padding: 25px;\n}\n.cssgridlegacy.no-cssgrid .blog-shortcode.blog-masonry-shortcode-id-9ecce560919a779b4b3106565c5fe798.resize-by-browser-width .dt-css-grid .wf-cell.double-width {\n  width: calc(25%) * 2;\n}\n.blog-shortcode.blog-masonry-shortcode-id-9ecce560919a779b4b3106565c5fe798.resize-by-browser-width:not(.centered-layout-list):not(.content-bg-on) .dt-css-grid {\n  grid-row-gap: 40px;\n}\n@media screen and (max-width: 1199px) {\n  .blog-shortcode.blog-masonry-shortcode-id-9ecce560919a779b4b3106565c5fe798.resize-by-browser-width .dt-css-grid {\n    grid-template-columns: repeat(3,1fr);\n  }\n  .cssgridlegacy.no-cssgrid .blog-shortcode.blog-masonry-shortcode-id-9ecce560919a779b4b3106565c5fe798.resize-by-browser-width .dt-css-grid .wf-cell,\n  .no-cssgridlegacy.no-cssgrid .blog-shortcode.blog-masonry-shortcode-id-9ecce560919a779b4b3106565c5fe798.resize-by-browser-width .dt-css-grid .wf-cell {\n    width: 33.333333333333%;\n  }\n  .cssgridlegacy.no-cssgrid .blog-shortcode.blog-masonry-shortcode-id-9ecce560919a779b4b3106565c5fe798.resize-by-browser-width .dt-css-grid .wf-cell.double-width,\n  .no-cssgridlegacy.no-cssgrid .blog-shortcode.blog-masonry-shortcode-id-9ecce560919a779b4b3106565c5fe798.resize-by-browser-width .dt-css-grid .wf-cell.double-width {\n    width: calc(33.333333333333%)*2;\n  }\n}\n@media screen and (max-width: 991px) {\n  .blog-shortcode.blog-masonry-shortcode-id-9ecce560919a779b4b3106565c5fe798.resize-by-browser-width .dt-css-grid {\n    grid-template-columns: repeat(2,1fr);\n  }\n  .cssgridlegacy.no-cssgrid .blog-shortcode.blog-masonry-shortcode-id-9ecce560919a779b4b3106565c5fe798.resize-by-browser-width .dt-css-grid .wf-cell,\n  .no-cssgridlegacy.no-cssgrid .blog-shortcode.blog-masonry-shortcode-id-9ecce560919a779b4b3106565c5fe798.resize-by-browser-width .dt-css-grid .wf-cell {\n    width: 50%;\n  }\n  .cssgridlegacy.no-cssgrid .blog-shortcode.blog-masonry-shortcode-id-9ecce560919a779b4b3106565c5fe798.resize-by-browser-width .dt-css-grid .wf-cell.double-width,\n  .no-cssgridlegacy.no-cssgrid .blog-shortcode.blog-masonry-shortcode-id-9ecce560919a779b4b3106565c5fe798.resize-by-browser-width .dt-css-grid .wf-cell.double-width {\n    width: calc(50%)*2;\n  }\n}\n@media screen and (max-width: 767px) {\n  .blog-shortcode.blog-masonry-shortcode-id-9ecce560919a779b4b3106565c5fe798.resize-by-browser-width .dt-css-grid {\n    grid-template-columns: repeat(1,1fr);\n  }\n  .blog-shortcode.blog-masonry-shortcode-id-9ecce560919a779b4b3106565c5fe798.resize-by-browser-width .dt-css-grid .double-width {\n    grid-column: span 1;\n  }\n  .cssgridlegacy.no-cssgrid .blog-shortcode.blog-masonry-shortcode-id-9ecce560919a779b4b3106565c5fe798.resize-by-browser-width .dt-css-grid .wf-cell,\n  .no-cssgridlegacy.no-cssgrid .blog-shortcode.blog-masonry-shortcode-id-9ecce560919a779b4b3106565c5fe798.resize-by-browser-width .dt-css-grid .wf-cell {\n    width: 100%;\n  }\n  .cssgridlegacy.no-cssgrid .blog-shortcode.blog-masonry-shortcode-id-9ecce560919a779b4b3106565c5fe798.resize-by-browser-width .dt-css-grid .wf-cell.double-width,\n  .no-cssgridlegacy.no-cssgrid .blog-shortcode.blog-masonry-shortcode-id-9ecce560919a779b4b3106565c5fe798.resize-by-browser-width .dt-css-grid .wf-cell.double-width {\n    width: calc(100%)*2;\n  }\n}\n<\/style><div class=\"blog-shortcode blog-masonry-shortcode-id-9ecce560919a779b4b3106565c5fe798 mode-grid classic-layout-list horizontal-fancy-style meta-info-off dt-css-grid-wrap dt-icon-bg-off resize-by-browser-width loading-effect-none description-under-image\" data-padding=\"25px\" data-cur-page=\"1\" data-post-limit=\"-1\" data-pagination-mode=\"pages\" data-desktop-columns-num=\"4\" data-v-tablet-columns-num=\"2\" data-h-tablet-columns-num=\"3\" data-phone-columns-num=\"1\" data-width=\"0px\" data-columns=\"0\"><div class=\"dt-css-grid\" ><div class=\"visible wf-cell category-1 category-73 category-99 category-275\" data-post-id=\"45110\" data-date=\"2026-08-20T09:31:02-04:00\" data-name=\"Programa de Formaci\u00f3n para Operadores: Teck Quebrada Blanca impulsa nuevas capacidades para la miner\u00eda en Tarapac\u00e1\"><article class=\"post project-odd visible post-45110 type-post status-publish format-standard has-post-thumbnail hentry category-noticias category-noticias-destacadas category-noticias2 category-principal-home category-1 category-73 category-99 category-275\" data-name=\"Programa de Formaci\u00f3n para Operadores: Teck Quebrada Blanca impulsa nuevas capacidades para la miner\u00eda en Tarapac\u00e1\" data-date=\"2026-08-20T09:31:02-04:00\">\n\n<div class=\"post-thumbnail-wrap\">\n\t<div class=\"post-thumbnail\">\n\t\t\n\t\t\n\t\t<a href=\"https:\/\/ceim.cl\/en\/programa-de-formacion-para-operadores-teck-quebrada-blanca-impulsa-nuevas-capacidades-para-la-mineria-en-tarapaca\/\" class=\"post-thumbnail-rollover layzr-bg layzr-bg\" ><img fetchpriority=\"high\" decoding=\"async\" class=\"iso-lazy-load preload-me iso-lazy-load aspect\" src=\"data:image\/svg+xml,%3Csvg%20xmlns%3D&#39;http%3A%2F%2Fwww.w3.org%2F2000%2Fsvg&#39;%20viewBox%3D&#39;0%200%20768%20768&#39;%2F%3E\" data-src=\"https:\/\/ceim.cl\/wp-content\/uploads\/2026\/08\/TecIQQ-768x768.png\" data-srcset=\"https:\/\/ceim.cl\/wp-content\/uploads\/2026\/08\/TecIQQ-768x768.png 768w, https:\/\/ceim.cl\/wp-content\/uploads\/2026\/08\/TecIQQ-941x941.png 941w\" loading=\"eager\" style=\"--ratio: 768 \/ 768\" sizes=\"(max-width: 768px) 100vw, 768px\" alt=\"\" title=\"TecIQQ\" width=\"768\" height=\"768\"  \/><\/a>\t<\/div>\n<\/div>\n\n\n<div class=\"post-entry-content\">\n\n\t<h3 class=\"entry-title\">\n\t\t<a href=\"https:\/\/ceim.cl\/en\/programa-de-formacion-para-operadores-teck-quebrada-blanca-impulsa-nuevas-capacidades-para-la-mineria-en-tarapaca\/\" title=\"Programa de Formaci\u00f3n para Operadores: Teck Quebrada Blanca impulsa nuevas capacidades para la miner\u00eda en Tarapac\u00e1\" rel=\"bookmark\">Programa de Formaci\u00f3n para Operadores: Teck Quebrada Blanca impulsa nuevas capacidades para la miner\u00eda en Tarapac\u00e1<\/a>\n\t<\/h3>\n\n\t\n\t<div class=\"entry-excerpt\"><p>El programa contempl\u00f3 320 horas y entreg\u00f3 herramientas t\u00e9cnicas, operacionales y de seguridad para el desempe\u00f1o en equipos de alto tonelaje. En Iquique, 24 personas finalizaron el Programa de Formaci\u00f3n&hellip;<\/p>\n<\/div>\n\t\n<a href=\"https:\/\/ceim.cl\/en\/programa-de-formacion-para-operadores-teck-quebrada-blanca-impulsa-nuevas-capacidades-para-la-mineria-en-tarapaca\/\" class=\"dt-btn-s dt-btn post-details details-type-btn\" aria-label=\"Read more about Programa de Formaci\u00f3n para Operadores: Teck Quebrada Blanca impulsa nuevas capacidades para la miner\u00eda en Tarapac\u00e1\">Read more<i class=\"dt-icon-the7-arrow-03\" aria-hidden=\"true\"><\/i><\/a>\n\n<\/div><\/article><\/div><div class=\"visible wf-cell category-1 category-73 category-99 category-275\" data-post-id=\"45093\" data-date=\"2026-08-19T17:58:10-04:00\" data-name=\"CEIM y Tecnol\u00f3gico de Monterrey exploran oportunidades de colaboraci\u00f3n en formaci\u00f3n e innovaci\u00f3n\"><article class=\"post project-odd visible post-45093 type-post status-publish format-standard has-post-thumbnail hentry category-noticias category-noticias-destacadas category-noticias2 category-principal-home category-1 category-73 category-99 category-275\" data-name=\"CEIM y Tecnol\u00f3gico de Monterrey exploran oportunidades de colaboraci\u00f3n en formaci\u00f3n e innovaci\u00f3n\" data-date=\"2026-08-19T17:58:10-04:00\">\n\n<div class=\"post-thumbnail-wrap\">\n\t<div class=\"post-thumbnail\">\n\t\t\n\t\t\n\t\t<a href=\"https:\/\/ceim.cl\/en\/ceim-y-tecnologico-de-monterrey-exploran-oportunidades-de-colaboracion-en-formacion-e-innovacion\/\" class=\"post-thumbnail-rollover layzr-bg layzr-bg\" ><img decoding=\"async\" class=\"iso-lazy-load preload-me iso-lazy-load aspect\" src=\"data:image\/svg+xml,%3Csvg%20xmlns%3D&#39;http%3A%2F%2Fwww.w3.org%2F2000%2Fsvg&#39;%20viewBox%3D&#39;0%200%20768%20768&#39;%2F%3E\" data-src=\"https:\/\/ceim.cl\/wp-content\/uploads\/2026\/08\/WhatsApp-Image-2026-08-19-at-2.15.26-PM-768x768.jpeg\" data-srcset=\"https:\/\/ceim.cl\/wp-content\/uploads\/2026\/08\/WhatsApp-Image-2026-08-19-at-2.15.26-PM-768x768.jpeg 768w, https:\/\/ceim.cl\/wp-content\/uploads\/2026\/08\/WhatsApp-Image-2026-08-19-at-2.15.26-PM-1152x1152.jpeg 1152w\" loading=\"eager\" style=\"--ratio: 768 \/ 768\" sizes=\"(max-width: 768px) 100vw, 768px\" alt=\"\" title=\"WhatsApp Image 2026-08-19 at 2.15.26 PM\" width=\"768\" height=\"768\"  \/><\/a>\t<\/div>\n<\/div>\n\n\n<div class=\"post-entry-content\">\n\n\t<h3 class=\"entry-title\">\n\t\t<a href=\"https:\/\/ceim.cl\/en\/ceim-y-tecnologico-de-monterrey-exploran-oportunidades-de-colaboracion-en-formacion-e-innovacion\/\" title=\"CEIM y Tecnol\u00f3gico de Monterrey exploran oportunidades de colaboraci\u00f3n en formaci\u00f3n e innovaci\u00f3n\" rel=\"bookmark\">CEIM y Tecnol\u00f3gico de Monterrey exploran oportunidades de colaboraci\u00f3n en formaci\u00f3n e innovaci\u00f3n<\/a>\n\t<\/h3>\n\n\t\n\t<div class=\"entry-excerpt\"><p>Representantes de ambas instituciones sostuvieron un primer encuentro para explorar un acuerdo de colaboraci\u00f3n que permita desarrollar iniciativas conjuntas en formaci\u00f3n, innovaci\u00f3n y transferencia de conocimiento. Los cambios tecnol\u00f3gicos que&hellip;<\/p>\n<\/div>\n\t\n<a href=\"https:\/\/ceim.cl\/en\/ceim-y-tecnologico-de-monterrey-exploran-oportunidades-de-colaboracion-en-formacion-e-innovacion\/\" class=\"dt-btn-s dt-btn post-details details-type-btn\" aria-label=\"Read more about CEIM y Tecnol\u00f3gico de Monterrey exploran oportunidades de colaboraci\u00f3n en formaci\u00f3n e innovaci\u00f3n\">Read more<i class=\"dt-icon-the7-arrow-03\" aria-hidden=\"true\"><\/i><\/a>\n\n<\/div><\/article><\/div><div class=\"visible wf-cell category-1 category-73 category-99 category-275\" data-post-id=\"45087\" data-date=\"2026-08-17T11:26:07-04:00\" data-name=\"Proyecto Retrofit: CEIM y New Steel Mining convertir\u00e1n cami\u00f3n minero de entrenamiento de di\u00e9sel a el\u00e9ctrico\"><article class=\"post project-odd visible post-45087 type-post status-publish format-standard has-post-thumbnail hentry category-noticias category-noticias-destacadas category-noticias2 category-principal-home category-1 category-73 category-99 category-275\" data-name=\"Proyecto Retrofit: CEIM y New Steel Mining convertir\u00e1n cami\u00f3n minero de entrenamiento de di\u00e9sel a el\u00e9ctrico\" data-date=\"2026-08-17T11:26:07-04:00\">\n\n<div class=\"post-thumbnail-wrap\">\n\t<div class=\"post-thumbnail\">\n\t\t\n\t\t\n\t\t<a href=\"https:\/\/ceim.cl\/en\/proyecto-retrofit-ceim-y-new-steel-mining-convertiran-camion-minero-de-entrenamiento-de-diesel-a-electrico\/\" class=\"post-thumbnail-rollover layzr-bg layzr-bg\" ><img decoding=\"async\" class=\"iso-lazy-load preload-me iso-lazy-load aspect\" src=\"data:image\/svg+xml,%3Csvg%20xmlns%3D&#39;http%3A%2F%2Fwww.w3.org%2F2000%2Fsvg&#39;%20viewBox%3D&#39;0%200%20590%20590&#39;%2F%3E\" data-src=\"https:\/\/ceim.cl\/wp-content\/uploads\/2026\/08\/FOTOS-CEIM-CONVENIO-SIN-CO-2.jpg-copia-590x590.jpeg\" data-srcset=\"https:\/\/ceim.cl\/wp-content\/uploads\/2026\/08\/FOTOS-CEIM-CONVENIO-SIN-CO-2.jpg-copia-590x590.jpeg 590w\" loading=\"eager\" style=\"--ratio: 590 \/ 590\" sizes=\"(max-width: 590px) 100vw, 590px\" alt=\"\" title=\"FOTOS CEIM CONVENIO SIN CO-2.jpg &#8211; copia\" width=\"590\" height=\"590\"  \/><\/a>\t<\/div>\n<\/div>\n\n\n<div class=\"post-entry-content\">\n\n\t<h3 class=\"entry-title\">\n\t\t<a href=\"https:\/\/ceim.cl\/en\/proyecto-retrofit-ceim-y-new-steel-mining-convertiran-camion-minero-de-entrenamiento-de-diesel-a-electrico\/\" title=\"Proyecto Retrofit: CEIM y New Steel Mining convertir\u00e1n cami\u00f3n minero de entrenamiento de di\u00e9sel a el\u00e9ctrico\" rel=\"bookmark\">Proyecto Retrofit: CEIM y New Steel Mining convertir\u00e1n cami\u00f3n minero de entrenamiento de di\u00e9sel a el\u00e9ctrico<\/a>\n\t<\/h3>\n\n\t\n\t<div class=\"entry-excerpt\"><p>La alianza permitir\u00e1 desarrollar un piloto de reconversi\u00f3n el\u00e9ctrica de un cami\u00f3n minero y generar nuevas capacidades para formar el capital humano. La miner\u00eda avanza hacia una nueva etapa marcada&hellip;<\/p>\n<\/div>\n\t\n<a href=\"https:\/\/ceim.cl\/en\/proyecto-retrofit-ceim-y-new-steel-mining-convertiran-camion-minero-de-entrenamiento-de-diesel-a-electrico\/\" class=\"dt-btn-s dt-btn post-details details-type-btn\" aria-label=\"Read more about Proyecto Retrofit: CEIM y New Steel Mining convertir\u00e1n cami\u00f3n minero de entrenamiento de di\u00e9sel a el\u00e9ctrico\">Read more<i class=\"dt-icon-the7-arrow-03\" aria-hidden=\"true\"><\/i><\/a>\n\n<\/div><\/article><\/div><div class=\"visible wf-cell category-1 category-73 category-99 category-275\" data-post-id=\"45074\" data-date=\"2026-08-14T08:47:28-04:00\" data-name=\"Bienvenidos a la miner\u00eda: CEIM implementa nuevo espacio de onboarding t\u00e9cnico para acercar a las personas al proceso minero\"><article class=\"post project-odd visible post-45074 type-post status-publish format-standard has-post-thumbnail hentry category-noticias category-noticias-destacadas category-noticias2 category-principal-home category-1 category-73 category-99 category-275\" data-name=\"Bienvenidos a la miner\u00eda: CEIM implementa nuevo espacio de onboarding t\u00e9cnico para acercar a las personas al proceso minero\" data-date=\"2026-08-14T08:47:28-04:00\">\n\n<div class=\"post-thumbnail-wrap\">\n\t<div class=\"post-thumbnail\">\n\t\t\n\t\t\n\t\t<a href=\"https:\/\/ceim.cl\/en\/bienvenidos-a-la-mineria-ceim-implementa-nuevo-espacio-de-onboarding-tecnico-para-acercar-a-las-personas-al-proceso-minero\/\" class=\"post-thumbnail-rollover layzr-bg layzr-bg\" ><img decoding=\"async\" class=\"iso-lazy-load preload-me iso-lazy-load aspect\" src=\"data:image\/svg+xml,%3Csvg%20xmlns%3D&#39;http%3A%2F%2Fwww.w3.org%2F2000%2Fsvg&#39;%20viewBox%3D&#39;0%200%20530%20530&#39;%2F%3E\" data-src=\"https:\/\/ceim.cl\/wp-content\/uploads\/2026\/08\/piedras-small-sdasdasd-530x530.png\" data-srcset=\"https:\/\/ceim.cl\/wp-content\/uploads\/2026\/08\/piedras-small-sdasdasd-530x530.png 530w\" loading=\"eager\" style=\"--ratio: 530 \/ 530\" sizes=\"(max-width: 530px) 100vw, 530px\" alt=\"\" title=\"piedras small sdasdasd\" width=\"530\" height=\"530\"  \/><\/a>\t<\/div>\n<\/div>\n\n\n<div class=\"post-entry-content\">\n\n\t<h3 class=\"entry-title\">\n\t\t<a href=\"https:\/\/ceim.cl\/en\/bienvenidos-a-la-mineria-ceim-implementa-nuevo-espacio-de-onboarding-tecnico-para-acercar-a-las-personas-al-proceso-minero\/\" title=\"Bienvenidos a la miner\u00eda: CEIM implementa nuevo espacio de onboarding t\u00e9cnico para acercar a las personas al proceso minero\" rel=\"bookmark\">Bienvenidos a la miner\u00eda: CEIM implementa nuevo espacio de onboarding t\u00e9cnico para acercar a las personas al proceso minero<\/a>\n\t<\/h3>\n\n\t\n\t<div class=\"entry-excerpt\"><p>El espacio incorpora una exhibici\u00f3n de minerales, rocas y f\u00f3siles entregados en comodato por SERNAGEOMIN, orientado a enriquecer el aprendizaje \u00bfC\u00f3mo lograr que una persona que ingresa por primera vez&hellip;<\/p>\n<\/div>\n\t\n<a href=\"https:\/\/ceim.cl\/en\/bienvenidos-a-la-mineria-ceim-implementa-nuevo-espacio-de-onboarding-tecnico-para-acercar-a-las-personas-al-proceso-minero\/\" class=\"dt-btn-s dt-btn post-details details-type-btn\" aria-label=\"Read more about Bienvenidos a la miner\u00eda: CEIM implementa nuevo espacio de onboarding t\u00e9cnico para acercar a las personas al proceso minero\">Read more<i class=\"dt-icon-the7-arrow-03\" aria-hidden=\"true\"><\/i><\/a>\n\n<\/div><\/article><\/div><div class=\"visible wf-cell category-1 category-73 category-99 category-275\" data-post-id=\"45079\" data-date=\"2026-08-13T14:25:55-04:00\" data-name=\"Vicepresidente ejecutivo de Corfo destaca aporte de CEIM al desarrollo de capacidades para la regi\u00f3n de Tarapac\u00e1\"><article class=\"post project-odd visible post-45079 type-post status-publish format-standard has-post-thumbnail hentry category-noticias category-noticias-destacadas category-noticias2 category-principal-home category-1 category-73 category-99 category-275\" data-name=\"Vicepresidente ejecutivo de Corfo destaca aporte de CEIM al desarrollo de capacidades para la regi\u00f3n de Tarapac\u00e1\" data-date=\"2026-08-13T14:25:55-04:00\">\n\n<div class=\"post-thumbnail-wrap\">\n\t<div class=\"post-thumbnail\">\n\t\t\n\t\t\n\t\t<a href=\"https:\/\/ceim.cl\/en\/vicepresidente-ejecutivo-de-corfo-destaca-aporte-de-ceim-al-desarrollo-de-capacidades-para-la-region-de-tarapaca\/\" class=\"post-thumbnail-rollover layzr-bg layzr-bg\" ><img decoding=\"async\" class=\"iso-lazy-load preload-me iso-lazy-load aspect\" src=\"data:image\/svg+xml,%3Csvg%20xmlns%3D&#39;http%3A%2F%2Fwww.w3.org%2F2000%2Fsvg&#39;%20viewBox%3D&#39;0%200%20768%20768&#39;%2F%3E\" data-src=\"https:\/\/ceim.cl\/wp-content\/uploads\/2026\/08\/WhatsApp-Image-2026-08-14-at-2.24.56-PM-768x768.jpeg\" data-srcset=\"https:\/\/ceim.cl\/wp-content\/uploads\/2026\/08\/WhatsApp-Image-2026-08-14-at-2.24.56-PM-768x768.jpeg 768w, https:\/\/ceim.cl\/wp-content\/uploads\/2026\/08\/WhatsApp-Image-2026-08-14-at-2.24.56-PM-1152x1152.jpeg 1152w\" loading=\"eager\" style=\"--ratio: 768 \/ 768\" sizes=\"(max-width: 768px) 100vw, 768px\" alt=\"\" title=\"WhatsApp Image 2026-08-14 at 2.24.56 PM\" width=\"768\" height=\"768\"  \/><\/a>\t<\/div>\n<\/div>\n\n\n<div class=\"post-entry-content\">\n\n\t<h3 class=\"entry-title\">\n\t\t<a href=\"https:\/\/ceim.cl\/en\/vicepresidente-ejecutivo-de-corfo-destaca-aporte-de-ceim-al-desarrollo-de-capacidades-para-la-region-de-tarapaca\/\" title=\"Vicepresidente ejecutivo de Corfo destaca aporte de CEIM al desarrollo de capacidades para la regi\u00f3n de Tarapac\u00e1\" rel=\"bookmark\">Vicepresidente ejecutivo de Corfo destaca aporte de CEIM al desarrollo de capacidades para la regi\u00f3n de Tarapac\u00e1<\/a>\n\t<\/h3>\n\n\t\n\t<div class=\"entry-excerpt\"><p>Ejecutivo conoci\u00f3 las capacidades tecnol\u00f3gicas de la instituci\u00f3n y el trabajo que desarrolla junto a Corfo para fortalecer la formaci\u00f3n, la innovaci\u00f3n y la competitividad de las empresas de la&hellip;<\/p>\n<\/div>\n\t\n<a href=\"https:\/\/ceim.cl\/en\/vicepresidente-ejecutivo-de-corfo-destaca-aporte-de-ceim-al-desarrollo-de-capacidades-para-la-region-de-tarapaca\/\" class=\"dt-btn-s dt-btn post-details details-type-btn\" aria-label=\"Read more about Vicepresidente ejecutivo de Corfo destaca aporte de CEIM al desarrollo de capacidades para la regi\u00f3n de Tarapac\u00e1\">Read more<i class=\"dt-icon-the7-arrow-03\" aria-hidden=\"true\"><\/i><\/a>\n\n<\/div><\/article><\/div><div class=\"visible wf-cell category-1 category-73 category-99 category-275\" data-post-id=\"45067\" data-date=\"2026-08-13T09:47:46-04:00\" data-name=\"Nueva generaci\u00f3n de mujeres se abre camino en la miner\u00eda subterr\u00e1nea junto a Minera Meridian El Pe\u00f1\u00f3n\"><article class=\"post project-odd visible post-45067 type-post status-publish format-standard has-post-thumbnail hentry category-noticias category-noticias-destacadas category-noticias2 category-principal-home category-1 category-73 category-99 category-275\" data-name=\"Nueva generaci\u00f3n de mujeres se abre camino en la miner\u00eda subterr\u00e1nea junto a Minera Meridian El Pe\u00f1\u00f3n\" data-date=\"2026-08-13T09:47:46-04:00\">\n\n<div class=\"post-thumbnail-wrap\">\n\t<div class=\"post-thumbnail\">\n\t\t\n\t\t\n\t\t<a href=\"https:\/\/ceim.cl\/en\/nueva-generacion-de-mujeres-se-abre-camino-en-la-mineria-subterranea-junto-a-minera-meridian-el-penon\/\" class=\"post-thumbnail-rollover layzr-bg layzr-bg\" ><img decoding=\"async\" class=\"iso-lazy-load preload-me iso-lazy-load aspect\" src=\"data:image\/svg+xml,%3Csvg%20xmlns%3D&#39;http%3A%2F%2Fwww.w3.org%2F2000%2Fsvg&#39;%20viewBox%3D&#39;0%200%20562%20562&#39;%2F%3E\" data-src=\"https:\/\/ceim.cl\/wp-content\/uploads\/2026\/08\/LS-Penon2-562x562.png\" data-srcset=\"https:\/\/ceim.cl\/wp-content\/uploads\/2026\/08\/LS-Penon2-562x562.png 562w\" loading=\"eager\" style=\"--ratio: 562 \/ 562\" sizes=\"(max-width: 562px) 100vw, 562px\" alt=\"\" title=\"LS P\u00eb\u00f1on2\" width=\"562\" height=\"562\"  \/><\/a>\t<\/div>\n<\/div>\n\n\n<div class=\"post-entry-content\">\n\n\t<h3 class=\"entry-title\">\n\t\t<a href=\"https:\/\/ceim.cl\/en\/nueva-generacion-de-mujeres-se-abre-camino-en-la-mineria-subterranea-junto-a-minera-meridian-el-penon\/\" title=\"Nueva generaci\u00f3n de mujeres se abre camino en la miner\u00eda subterr\u00e1nea junto a Minera Meridian El Pe\u00f1\u00f3n\" rel=\"bookmark\">Nueva generaci\u00f3n de mujeres se abre camino en la miner\u00eda subterr\u00e1nea junto a Minera Meridian El Pe\u00f1\u00f3n<\/a>\n\t<\/h3>\n\n\t\n\t<div class=\"entry-excerpt\"><p>La iniciativa impulsada por El Pe\u00f1\u00f3n y ejecutada junto a CEIM, busca ampliar la participaci\u00f3n femenina en especialidades vinculadas a la operaci\u00f3n minera subterr\u00e1nea y preparar nuevo talento para su&hellip;<\/p>\n<\/div>\n\t\n<a href=\"https:\/\/ceim.cl\/en\/nueva-generacion-de-mujeres-se-abre-camino-en-la-mineria-subterranea-junto-a-minera-meridian-el-penon\/\" class=\"dt-btn-s dt-btn post-details details-type-btn\" aria-label=\"Read more about Nueva generaci\u00f3n de mujeres se abre camino en la miner\u00eda subterr\u00e1nea junto a Minera Meridian El Pe\u00f1\u00f3n\">Read more<i class=\"dt-icon-the7-arrow-03\" aria-hidden=\"true\"><\/i><\/a>\n\n<\/div><\/article><\/div><div class=\"visible wf-cell category-1 category-73 category-99 category-275\" data-post-id=\"45006\" data-date=\"2026-08-04T15:13:37-04:00\" data-name=\"Estudiantes del Liceo Polit\u00e9cnico Diego Portales de Tocopilla fortalecen su formaci\u00f3n t\u00e9cnica en CEIM\"><article class=\"post project-odd visible post-45006 type-post status-publish format-standard has-post-thumbnail hentry category-noticias category-noticias-destacadas category-noticias2 category-principal-home category-1 category-73 category-99 category-275\" data-name=\"Estudiantes del Liceo Polit\u00e9cnico Diego Portales de Tocopilla fortalecen su formaci\u00f3n t\u00e9cnica en CEIM\" data-date=\"2026-08-04T15:13:37-04:00\">\n\n<div class=\"post-thumbnail-wrap\">\n\t<div class=\"post-thumbnail\">\n\t\t\n\t\t\n\t\t<a href=\"https:\/\/ceim.cl\/en\/estudiantes-del-liceo-politecnico-diego-portales-de-tocopilla-fortalecen-su-formacion-tecnica-en-ceim\/\" class=\"post-thumbnail-rollover layzr-bg layzr-bg\" ><img decoding=\"async\" class=\"iso-lazy-load preload-me iso-lazy-load aspect\" src=\"data:image\/svg+xml,%3Csvg%20xmlns%3D&#39;http%3A%2F%2Fwww.w3.org%2F2000%2Fsvg&#39;%20viewBox%3D&#39;0%200%20768%20768&#39;%2F%3E\" data-src=\"https:\/\/ceim.cl\/wp-content\/uploads\/2026\/08\/WhatsApp-Image-2026-08-04-at-3.04.32-PM-2-768x768.jpeg\" data-srcset=\"https:\/\/ceim.cl\/wp-content\/uploads\/2026\/08\/WhatsApp-Image-2026-08-04-at-3.04.32-PM-2-768x768.jpeg 768w, https:\/\/ceim.cl\/wp-content\/uploads\/2026\/08\/WhatsApp-Image-2026-08-04-at-3.04.32-PM-2-1064x1064.jpeg 1064w\" loading=\"eager\" style=\"--ratio: 768 \/ 768\" sizes=\"(max-width: 768px) 100vw, 768px\" alt=\"\" title=\"WhatsApp Image 2026-08-04 at 3.04.32 PM (2)\" width=\"768\" height=\"768\"  \/><\/a>\t<\/div>\n<\/div>\n\n\n<div class=\"post-entry-content\">\n\n\t<h3 class=\"entry-title\">\n\t\t<a href=\"https:\/\/ceim.cl\/en\/estudiantes-del-liceo-politecnico-diego-portales-de-tocopilla-fortalecen-su-formacion-tecnica-en-ceim\/\" title=\"Estudiantes del Liceo Polit\u00e9cnico Diego Portales de Tocopilla fortalecen su formaci\u00f3n t\u00e9cnica en CEIM\" rel=\"bookmark\">Estudiantes del Liceo Polit\u00e9cnico Diego Portales de Tocopilla fortalecen su formaci\u00f3n t\u00e9cnica en CEIM<\/a>\n\t<\/h3>\n\n\t\n\t<div class=\"entry-excerpt\"><p>La visita forma parte de un convenio a trav\u00e9s del cual estudiantes de tercero y cuarto medio de especialidades complementan su formaci\u00f3n mediante experiencias pr\u00e1cticas y el conocimiento de tecnolog\u00edas&hellip;<\/p>\n<\/div>\n\t\n<a href=\"https:\/\/ceim.cl\/en\/estudiantes-del-liceo-politecnico-diego-portales-de-tocopilla-fortalecen-su-formacion-tecnica-en-ceim\/\" class=\"dt-btn-s dt-btn post-details details-type-btn\" aria-label=\"Read more about Estudiantes del Liceo Polit\u00e9cnico Diego Portales de Tocopilla fortalecen su formaci\u00f3n t\u00e9cnica en CEIM\">Read more<i class=\"dt-icon-the7-arrow-03\" aria-hidden=\"true\"><\/i><\/a>\n\n<\/div><\/article><\/div><div class=\"visible wf-cell category-1 category-73 category-99 category-275\" data-post-id=\"44993\" data-date=\"2026-07-28T17:00:08-04:00\" data-name=\"24 mujeres culminan programa de formaci\u00f3n para Operadoras de Martillo Acu\u00f1ador impulsado por Minera Meridian El Pe\u00f1\u00f3n\"><article class=\"post project-odd visible post-44993 type-post status-publish format-standard has-post-thumbnail hentry category-noticias category-noticias-destacadas category-noticias2 category-principal-home category-1 category-73 category-99 category-275\" data-name=\"24 mujeres culminan programa de formaci\u00f3n para Operadoras de Martillo Acu\u00f1ador impulsado por Minera Meridian El Pe\u00f1\u00f3n\" data-date=\"2026-07-28T17:00:08-04:00\">\n\n<div class=\"post-thumbnail-wrap\">\n\t<div class=\"post-thumbnail\">\n\t\t\n\t\t\n\t\t<a href=\"https:\/\/ceim.cl\/en\/24-mujeres-culminan-programa-de-formacion-para-operadoras-de-martillo-acunador-impulsado-por-minera-meridian-el-penon\/\" class=\"post-thumbnail-rollover layzr-bg layzr-bg\" ><img decoding=\"async\" class=\"iso-lazy-load preload-me iso-lazy-load aspect\" src=\"data:image\/svg+xml,%3Csvg%20xmlns%3D&#39;http%3A%2F%2Fwww.w3.org%2F2000%2Fsvg&#39;%20viewBox%3D&#39;0%200%20768%20768&#39;%2F%3E\" data-src=\"https:\/\/ceim.cl\/wp-content\/uploads\/2026\/07\/WhatsApp-Image-2026-07-28-at-11.52.50-AM-4-768x768.jpeg\" data-srcset=\"https:\/\/ceim.cl\/wp-content\/uploads\/2026\/07\/WhatsApp-Image-2026-07-28-at-11.52.50-AM-4-768x768.jpeg 768w, https:\/\/ceim.cl\/wp-content\/uploads\/2026\/07\/WhatsApp-Image-2026-07-28-at-11.52.50-AM-4-1152x1152.jpeg 1152w\" loading=\"eager\" style=\"--ratio: 768 \/ 768\" sizes=\"(max-width: 768px) 100vw, 768px\" alt=\"\" title=\"WhatsApp Image 2026-07-28 at 11.52.50 AM (4)\" width=\"768\" height=\"768\"  \/><\/a>\t<\/div>\n<\/div>\n\n\n<div class=\"post-entry-content\">\n\n\t<h3 class=\"entry-title\">\n\t\t<a href=\"https:\/\/ceim.cl\/en\/24-mujeres-culminan-programa-de-formacion-para-operadoras-de-martillo-acunador-impulsado-por-minera-meridian-el-penon\/\" title=\"24 mujeres culminan programa de formaci\u00f3n para Operadoras de Martillo Acu\u00f1ador impulsado por Minera Meridian El Pe\u00f1\u00f3n\" rel=\"bookmark\">24 mujeres culminan programa de formaci\u00f3n para Operadoras de Martillo Acu\u00f1ador impulsado por Minera Meridian El Pe\u00f1\u00f3n<\/a>\n\t<\/h3>\n\n\t\n\t<div class=\"entry-excerpt\"><p>Programa ejecutado por CEIM prepar\u00f3 a participantes para desempe\u00f1arse en miner\u00eda subterr\u00e1nea, fortaleciendo el desarrollo de talento femenino y la empleabilidad. Con una ceremonia realizada en Antofagasta, Minera Meridian El&hellip;<\/p>\n<\/div>\n\t\n<a href=\"https:\/\/ceim.cl\/en\/24-mujeres-culminan-programa-de-formacion-para-operadoras-de-martillo-acunador-impulsado-por-minera-meridian-el-penon\/\" class=\"dt-btn-s dt-btn post-details details-type-btn\" aria-label=\"Read more about 24 mujeres culminan programa de formaci\u00f3n para Operadoras de Martillo Acu\u00f1ador impulsado por Minera Meridian El Pe\u00f1\u00f3n\">Read more<i class=\"dt-icon-the7-arrow-03\" aria-hidden=\"true\"><\/i><\/a>\n\n<\/div><\/article><\/div><\/div><!-- iso-container|iso-grid --><div class=\"paginator\" role=\"navigation\"><span class=\"nav-prev disabled\">\u2192<\/span><a href=\"https:\/\/ceim.cl\/en\/wp-json\/wp\/v2\/pages\/31192\/\" class=\"page-numbers act\" data-page-num=\"1\">1<\/a><a href=\"https:\/\/ceim.cl\/en\/wp-json\/wp\/v2\/pages\/31192\/page\/2\/\" class=\"page-numbers\" data-page-num=\"2\">2<\/a><a href=\"https:\/\/ceim.cl\/en\/wp-json\/wp\/v2\/pages\/31192\/page\/3\/\" class=\"page-numbers\" data-page-num=\"3\">3<\/a><a href=\"https:\/\/ceim.cl\/en\/wp-json\/wp\/v2\/pages\/31192\/page\/4\/\" class=\"page-numbers\" data-page-num=\"4\">4<\/a><a href=\"https:\/\/ceim.cl\/en\/wp-json\/wp\/v2\/pages\/31192\/page\/5\/\" class=\"page-numbers\" data-page-num=\"5\">5<\/a><a href=\"javascript:void(0);\" class=\"dots\">&#8230;<\/a><div style=\"display: none;\"><a href=\"https:\/\/ceim.cl\/en\/wp-json\/wp\/v2\/pages\/31192\/page\/6\/\" class=\"page-numbers\" data-page-num=\"6\">6<\/a><a href=\"https:\/\/ceim.cl\/en\/wp-json\/wp\/v2\/pages\/31192\/page\/7\/\" class=\"page-numbers\" data-page-num=\"7\">7<\/a><a href=\"https:\/\/ceim.cl\/en\/wp-json\/wp\/v2\/pages\/31192\/page\/8\/\" class=\"page-numbers\" data-page-num=\"8\">8<\/a><a href=\"https:\/\/ceim.cl\/en\/wp-json\/wp\/v2\/pages\/31192\/page\/9\/\" class=\"page-numbers\" data-page-num=\"9\">9<\/a><a href=\"https:\/\/ceim.cl\/en\/wp-json\/wp\/v2\/pages\/31192\/page\/10\/\" class=\"page-numbers\" data-page-num=\"10\">10<\/a><a href=\"https:\/\/ceim.cl\/en\/wp-json\/wp\/v2\/pages\/31192\/page\/11\/\" class=\"page-numbers\" data-page-num=\"11\">11<\/a><a href=\"https:\/\/ceim.cl\/en\/wp-json\/wp\/v2\/pages\/31192\/page\/12\/\" class=\"page-numbers\" data-page-num=\"12\">12<\/a><a href=\"https:\/\/ceim.cl\/en\/wp-json\/wp\/v2\/pages\/31192\/page\/13\/\" class=\"page-numbers\" data-page-num=\"13\">13<\/a><a href=\"https:\/\/ceim.cl\/en\/wp-json\/wp\/v2\/pages\/31192\/page\/14\/\" class=\"page-numbers\" data-page-num=\"14\">14<\/a><a href=\"https:\/\/ceim.cl\/en\/wp-json\/wp\/v2\/pages\/31192\/page\/15\/\" class=\"page-numbers\" data-page-num=\"15\">15<\/a><a href=\"https:\/\/ceim.cl\/en\/wp-json\/wp\/v2\/pages\/31192\/page\/16\/\" class=\"page-numbers\" data-page-num=\"16\">16<\/a><a href=\"https:\/\/ceim.cl\/en\/wp-json\/wp\/v2\/pages\/31192\/page\/17\/\" class=\"page-numbers\" data-page-num=\"17\">17<\/a><a href=\"https:\/\/ceim.cl\/en\/wp-json\/wp\/v2\/pages\/31192\/page\/18\/\" class=\"page-numbers\" data-page-num=\"18\">18<\/a><a href=\"https:\/\/ceim.cl\/en\/wp-json\/wp\/v2\/pages\/31192\/page\/19\/\" class=\"page-numbers\" data-page-num=\"19\">19<\/a><a href=\"https:\/\/ceim.cl\/en\/wp-json\/wp\/v2\/pages\/31192\/page\/20\/\" class=\"page-numbers\" data-page-num=\"20\">20<\/a><a href=\"https:\/\/ceim.cl\/en\/wp-json\/wp\/v2\/pages\/31192\/page\/21\/\" class=\"page-numbers\" data-page-num=\"21\">21<\/a><a href=\"https:\/\/ceim.cl\/en\/wp-json\/wp\/v2\/pages\/31192\/page\/22\/\" class=\"page-numbers\" data-page-num=\"22\">22<\/a><a href=\"https:\/\/ceim.cl\/en\/wp-json\/wp\/v2\/pages\/31192\/page\/23\/\" class=\"page-numbers\" data-page-num=\"23\">23<\/a><a href=\"https:\/\/ceim.cl\/en\/wp-json\/wp\/v2\/pages\/31192\/page\/24\/\" class=\"page-numbers\" data-page-num=\"24\">24<\/a><a href=\"https:\/\/ceim.cl\/en\/wp-json\/wp\/v2\/pages\/31192\/page\/25\/\" class=\"page-numbers\" data-page-num=\"25\">25<\/a><a href=\"https:\/\/ceim.cl\/en\/wp-json\/wp\/v2\/pages\/31192\/page\/26\/\" class=\"page-numbers\" data-page-num=\"26\">26<\/a><a href=\"https:\/\/ceim.cl\/en\/wp-json\/wp\/v2\/pages\/31192\/page\/27\/\" class=\"page-numbers\" data-page-num=\"27\">27<\/a><a href=\"https:\/\/ceim.cl\/en\/wp-json\/wp\/v2\/pages\/31192\/page\/28\/\" class=\"page-numbers\" data-page-num=\"28\">28<\/a><a href=\"https:\/\/ceim.cl\/en\/wp-json\/wp\/v2\/pages\/31192\/page\/29\/\" class=\"page-numbers\" data-page-num=\"29\">29<\/a><a href=\"https:\/\/ceim.cl\/en\/wp-json\/wp\/v2\/pages\/31192\/page\/30\/\" class=\"page-numbers\" data-page-num=\"30\">30<\/a><a href=\"https:\/\/ceim.cl\/en\/wp-json\/wp\/v2\/pages\/31192\/page\/31\/\" class=\"page-numbers\" data-page-num=\"31\">31<\/a><a href=\"https:\/\/ceim.cl\/en\/wp-json\/wp\/v2\/pages\/31192\/page\/32\/\" class=\"page-numbers\" data-page-num=\"32\">32<\/a><a href=\"https:\/\/ceim.cl\/en\/wp-json\/wp\/v2\/pages\/31192\/page\/33\/\" class=\"page-numbers\" data-page-num=\"33\">33<\/a><a href=\"https:\/\/ceim.cl\/en\/wp-json\/wp\/v2\/pages\/31192\/page\/34\/\" class=\"page-numbers\" data-page-num=\"34\">34<\/a><a href=\"https:\/\/ceim.cl\/en\/wp-json\/wp\/v2\/pages\/31192\/page\/35\/\" class=\"page-numbers\" data-page-num=\"35\">35<\/a><a href=\"https:\/\/ceim.cl\/en\/wp-json\/wp\/v2\/pages\/31192\/page\/36\/\" class=\"page-numbers\" data-page-num=\"36\">36<\/a><a href=\"https:\/\/ceim.cl\/en\/wp-json\/wp\/v2\/pages\/31192\/page\/37\/\" class=\"page-numbers\" data-page-num=\"37\">37<\/a><a href=\"https:\/\/ceim.cl\/en\/wp-json\/wp\/v2\/pages\/31192\/page\/38\/\" class=\"page-numbers\" data-page-num=\"38\">38<\/a><a href=\"https:\/\/ceim.cl\/en\/wp-json\/wp\/v2\/pages\/31192\/page\/39\/\" class=\"page-numbers\" data-page-num=\"39\">39<\/a><a href=\"https:\/\/ceim.cl\/en\/wp-json\/wp\/v2\/pages\/31192\/page\/40\/\" class=\"page-numbers\" data-page-num=\"40\">40<\/a><a href=\"https:\/\/ceim.cl\/en\/wp-json\/wp\/v2\/pages\/31192\/page\/41\/\" class=\"page-numbers\" data-page-num=\"41\">41<\/a><a href=\"https:\/\/ceim.cl\/en\/wp-json\/wp\/v2\/pages\/31192\/page\/42\/\" class=\"page-numbers\" data-page-num=\"42\">42<\/a><a href=\"https:\/\/ceim.cl\/en\/wp-json\/wp\/v2\/pages\/31192\/page\/43\/\" class=\"page-numbers\" data-page-num=\"43\">43<\/a><a href=\"https:\/\/ceim.cl\/en\/wp-json\/wp\/v2\/pages\/31192\/page\/44\/\" class=\"page-numbers\" data-page-num=\"44\">44<\/a><a href=\"https:\/\/ceim.cl\/en\/wp-json\/wp\/v2\/pages\/31192\/page\/45\/\" class=\"page-numbers\" data-page-num=\"45\">45<\/a><a href=\"https:\/\/ceim.cl\/en\/wp-json\/wp\/v2\/pages\/31192\/page\/46\/\" class=\"page-numbers\" data-page-num=\"46\">46<\/a><a href=\"https:\/\/ceim.cl\/en\/wp-json\/wp\/v2\/pages\/31192\/page\/47\/\" class=\"page-numbers\" data-page-num=\"47\">47<\/a><a href=\"https:\/\/ceim.cl\/en\/wp-json\/wp\/v2\/pages\/31192\/page\/48\/\" class=\"page-numbers\" data-page-num=\"48\">48<\/a><a href=\"https:\/\/ceim.cl\/en\/wp-json\/wp\/v2\/pages\/31192\/page\/49\/\" class=\"page-numbers\" data-page-num=\"49\">49<\/a><a href=\"https:\/\/ceim.cl\/en\/wp-json\/wp\/v2\/pages\/31192\/page\/50\/\" class=\"page-numbers\" data-page-num=\"50\">50<\/a><a href=\"https:\/\/ceim.cl\/en\/wp-json\/wp\/v2\/pages\/31192\/page\/51\/\" class=\"page-numbers\" data-page-num=\"51\">51<\/a><a href=\"https:\/\/ceim.cl\/en\/wp-json\/wp\/v2\/pages\/31192\/page\/52\/\" class=\"page-numbers\" data-page-num=\"52\">52<\/a><a href=\"https:\/\/ceim.cl\/en\/wp-json\/wp\/v2\/pages\/31192\/page\/53\/\" class=\"page-numbers\" data-page-num=\"53\">53<\/a><a href=\"https:\/\/ceim.cl\/en\/wp-json\/wp\/v2\/pages\/31192\/page\/54\/\" class=\"page-numbers\" data-page-num=\"54\">54<\/a><a href=\"https:\/\/ceim.cl\/en\/wp-json\/wp\/v2\/pages\/31192\/page\/55\/\" class=\"page-numbers\" data-page-num=\"55\">55<\/a><a href=\"https:\/\/ceim.cl\/en\/wp-json\/wp\/v2\/pages\/31192\/page\/56\/\" class=\"page-numbers\" data-page-num=\"56\">56<\/a><a href=\"https:\/\/ceim.cl\/en\/wp-json\/wp\/v2\/pages\/31192\/page\/57\/\" class=\"page-numbers\" data-page-num=\"57\">57<\/a><a href=\"https:\/\/ceim.cl\/en\/wp-json\/wp\/v2\/pages\/31192\/page\/58\/\" class=\"page-numbers\" data-page-num=\"58\">58<\/a><a href=\"https:\/\/ceim.cl\/en\/wp-json\/wp\/v2\/pages\/31192\/page\/59\/\" class=\"page-numbers\" data-page-num=\"59\">59<\/a><a href=\"https:\/\/ceim.cl\/en\/wp-json\/wp\/v2\/pages\/31192\/page\/60\/\" class=\"page-numbers\" data-page-num=\"60\">60<\/a><a href=\"https:\/\/ceim.cl\/en\/wp-json\/wp\/v2\/pages\/31192\/page\/61\/\" class=\"page-numbers\" data-page-num=\"61\">61<\/a><a href=\"https:\/\/ceim.cl\/en\/wp-json\/wp\/v2\/pages\/31192\/page\/62\/\" class=\"page-numbers\" data-page-num=\"62\">62<\/a><a href=\"https:\/\/ceim.cl\/en\/wp-json\/wp\/v2\/pages\/31192\/page\/63\/\" class=\"page-numbers\" data-page-num=\"63\">63<\/a><a href=\"https:\/\/ceim.cl\/en\/wp-json\/wp\/v2\/pages\/31192\/page\/64\/\" class=\"page-numbers\" data-page-num=\"64\">64<\/a><a href=\"https:\/\/ceim.cl\/en\/wp-json\/wp\/v2\/pages\/31192\/page\/65\/\" class=\"page-numbers\" data-page-num=\"65\">65<\/a><a href=\"https:\/\/ceim.cl\/en\/wp-json\/wp\/v2\/pages\/31192\/page\/66\/\" class=\"page-numbers\" data-page-num=\"66\">66<\/a><a href=\"https:\/\/ceim.cl\/en\/wp-json\/wp\/v2\/pages\/31192\/page\/67\/\" class=\"page-numbers\" data-page-num=\"67\">67<\/a><a href=\"https:\/\/ceim.cl\/en\/wp-json\/wp\/v2\/pages\/31192\/page\/68\/\" class=\"page-numbers\" data-page-num=\"68\">68<\/a><a href=\"https:\/\/ceim.cl\/en\/wp-json\/wp\/v2\/pages\/31192\/page\/69\/\" class=\"page-numbers\" data-page-num=\"69\">69<\/a><a href=\"https:\/\/ceim.cl\/en\/wp-json\/wp\/v2\/pages\/31192\/page\/70\/\" class=\"page-numbers\" data-page-num=\"70\">70<\/a><a href=\"https:\/\/ceim.cl\/en\/wp-json\/wp\/v2\/pages\/31192\/page\/71\/\" class=\"page-numbers\" data-page-num=\"71\">71<\/a><a href=\"https:\/\/ceim.cl\/en\/wp-json\/wp\/v2\/pages\/31192\/page\/72\/\" class=\"page-numbers\" data-page-num=\"72\">72<\/a><a href=\"https:\/\/ceim.cl\/en\/wp-json\/wp\/v2\/pages\/31192\/page\/73\/\" class=\"page-numbers\" data-page-num=\"73\">73<\/a><a href=\"https:\/\/ceim.cl\/en\/wp-json\/wp\/v2\/pages\/31192\/page\/74\/\" class=\"page-numbers\" data-page-num=\"74\">74<\/a><a href=\"https:\/\/ceim.cl\/en\/wp-json\/wp\/v2\/pages\/31192\/page\/75\/\" class=\"page-numbers\" data-page-num=\"75\">75<\/a><a href=\"https:\/\/ceim.cl\/en\/wp-json\/wp\/v2\/pages\/31192\/page\/76\/\" class=\"page-numbers\" data-page-num=\"76\">76<\/a><a href=\"https:\/\/ceim.cl\/en\/wp-json\/wp\/v2\/pages\/31192\/page\/77\/\" class=\"page-numbers\" data-page-num=\"77\">77<\/a><a href=\"https:\/\/ceim.cl\/en\/wp-json\/wp\/v2\/pages\/31192\/page\/78\/\" class=\"page-numbers\" data-page-num=\"78\">78<\/a><a href=\"https:\/\/ceim.cl\/en\/wp-json\/wp\/v2\/pages\/31192\/page\/79\/\" class=\"page-numbers\" data-page-num=\"79\">79<\/a><a href=\"https:\/\/ceim.cl\/en\/wp-json\/wp\/v2\/pages\/31192\/page\/80\/\" class=\"page-numbers\" data-page-num=\"80\">80<\/a><a href=\"https:\/\/ceim.cl\/en\/wp-json\/wp\/v2\/pages\/31192\/page\/81\/\" class=\"page-numbers\" data-page-num=\"81\">81<\/a><a href=\"https:\/\/ceim.cl\/en\/wp-json\/wp\/v2\/pages\/31192\/page\/82\/\" class=\"page-numbers\" data-page-num=\"82\">82<\/a><a href=\"https:\/\/ceim.cl\/en\/wp-json\/wp\/v2\/pages\/31192\/page\/83\/\" class=\"page-numbers\" data-page-num=\"83\">83<\/a><a href=\"https:\/\/ceim.cl\/en\/wp-json\/wp\/v2\/pages\/31192\/page\/84\/\" class=\"page-numbers\" data-page-num=\"84\">84<\/a><\/div><a href=\"https:\/\/ceim.cl\/en\/wp-json\/wp\/v2\/pages\/31192\/page\/85\/\" class=\"page-numbers\" data-page-num=\"85\">85<\/a><a href=\"https:\/\/ceim.cl\/en\/wp-json\/wp\/v2\/pages\/31192\/page\/2\/\" class=\"page-numbers nav-next filter-item\" data-page-num=\"2\" >\u2192<\/a><\/div><\/div><\/div><\/div><\/div><\/div>\n<\/div>","protected":false},"excerpt":{"rendered":"","protected":false},"author":13,"featured_media":0,"parent":0,"menu_order":0,"comment_status":"closed","ping_status":"closed","template":"","meta":{"footnotes":""},"class_list":["post-31192","page","type-page","status-publish","hentry","description-off"],"_links":{"self":[{"href":"https:\/\/ceim.cl\/en\/wp-json\/wp\/v2\/pages\/31192","targetHints":{"allow":["GET"]}}],"collection":[{"href":"https:\/\/ceim.cl\/en\/wp-json\/wp\/v2\/pages"}],"about":[{"href":"https:\/\/ceim.cl\/en\/wp-json\/wp\/v2\/types\/page"}],"author":[{"embeddable":true,"href":"https:\/\/ceim.cl\/en\/wp-json\/wp\/v2\/users\/13"}],"replies":[{"embeddable":true,"href":"https:\/\/ceim.cl\/en\/wp-json\/wp\/v2\/comments?post=31192"}],"version-history":[{"count":4,"href":"https:\/\/ceim.cl\/en\/wp-json\/wp\/v2\/pages\/31192\/revisions"}],"predecessor-version":[{"id":33640,"href":"https:\/\/ceim.cl\/en\/wp-json\/wp\/v2\/pages\/31192\/revisions\/33640"}],"wp:attachment":[{"href":"https:\/\/ceim.cl\/en\/wp-json\/wp\/v2\/media?parent=31192"}],"curies":[{"name":"wp","href":"https:\/\/api.w.org\/{rel}","templated":true}]}}