{"id":30909,"date":"2022-10-04T19:27:51","date_gmt":"2022-10-04T22:27:51","guid":{"rendered":"https:\/\/ceim.cl\/?page_id=30909"},"modified":"2024-09-03T13:44:35","modified_gmt":"2024-09-03T17:44:35","slug":"capacitacion-a-empresas","status":"publish","type":"page","link":"https:\/\/ceim.cl\/en\/capacitacion-a-empresas\/","title":{"rendered":"Capacitaci\u00f3n a Empresas-23"},"content":{"rendered":"<div class=\"wpb-content-wrapper\"><div data-vc-full-width=\"true\" data-vc-full-width-init=\"false\" data-vc-stretch-content=\"true\" class=\"vc_row wpb_row vc_row-fluid vc_custom_1709734977287 vc_row-no-padding\"><div class=\"wpb_column vc_column_container vc_col-sm-9\"><div class=\"vc_column-inner\"><div class=\"wpb_wrapper\"><div id=\"ultimate-heading-416569f0e5bc86a53\" class=\"uvc-heading ult-adjust-bottom-margin ultimate-heading-416569f0e5bc86a53 uvc-3212\" data-hspacer=\"no_spacer\"  data-halign=\"left\" style=\"text-align:left\"><div class=\"uvc-heading-spacer no_spacer\" style=\"top\"><\/div><div class=\"uvc-main-heading ult-responsive\"  data-ultimate-target='.uvc-heading.ultimate-heading-416569f0e5bc86a53 h2'  data-responsive-json-new='{\"font-size\":\"desktop:36px;\",\"line-height\":\"desktop:36px;\"}' ><h2 style=\"font-weight:bold;color:#ffffff;margin-top:25px;margin-bottom:25px;\">Training for companies<\/h2><\/div><\/div><\/div><\/div><\/div><div class=\"wpb_column vc_column_container vc_col-sm-3\" id=\"ruta-navegacion\"><div class=\"vc_column-inner vc_custom_1712933266790\"><div class=\"wpb_wrapper\"><style type=\"text\/css\" data-type=\"the7_shortcodes-inline-css\">.dt-breadcrumbs-id-bccca4ed580d23acaaa643ab8c192d27 .breadcrumbs {\n  display: inline-block;\n  margin: 0;\n  padding: 2px 10px 2px 10px;\n  border: 0px solid ;\n  border-radius: 0px;\n}\n.dt-breadcrumbs-id-bccca4ed580d23acaaa643ab8c192d27 .breadcrumbs * {\n  color: #ffffff;\n}\n<\/style><div class=\"dt-breadcrumbs-shortcode dt-breadcrumbs-id-bccca4ed580d23acaaa643ab8c192d27 align-centre\"><div class=\"assistive-text\">You are here:<\/div><ol class=\"breadcrumbs text-small\" itemscope itemtype=\"https:\/\/schema.org\/BreadcrumbList\"><li itemprop=\"itemListElement\" itemscope itemtype=\"https:\/\/schema.org\/ListItem\"><a itemprop=\"item\" href=\"https:\/\/ceim.cl\/en\/\" title=\"Home\"><span itemprop=\"name\">Home<\/span><\/a><meta itemprop=\"position\" content=\"1\" \/><\/li><li class=\"current\" itemprop=\"itemListElement\" itemscope itemtype=\"https:\/\/schema.org\/ListItem\"><span itemprop=\"name\">Page<\/span><meta itemprop=\"position\" content=\"2\" \/><\/li><\/ol><\/div><\/div><\/div><\/div><\/div><div class=\"vc_row-full-width vc_clearfix\"><\/div><!-- Row Backgrounds --><div class=\"upb_color\" data-bg-override=\"0\" data-bg-color=\"#212c56\" data-fadeout=\"\" data-fadeout-percentage=\"30\" data-parallax-content=\"\" data-parallax-content-sense=\"30\" data-row-effect-mobile-disable=\"true\" data-img-parallax-mobile-disable=\"true\" data-rtl=\"false\"  data-custom-vc-row=\"\"  data-vc=\"8.1\"  data-is_old_vc=\"\"  data-theme-support=\"\"   data-overlay=\"false\" data-overlay-color=\"\" data-overlay-pattern=\"\" data-overlay-pattern-opacity=\"\" data-overlay-pattern-size=\"\"    ><\/div><div data-vc-full-width=\"true\" data-vc-full-width-init=\"false\" data-vc-stretch-content=\"true\" class=\"vc_row wpb_row vc_row-fluid vc_row-no-padding\"><div class=\"wpb_column vc_column_container vc_col-sm-12\"><div class=\"vc_column-inner\"><div class=\"wpb_wrapper\">\n\t<div  class=\"wpb_single_image wpb_content_element vc_align_left\">\n\t\t\n\t\t<figure class=\"wpb_wrapper vc_figure\">\n\t\t\t<div class=\"vc_single_image-wrapper   vc_box_border_grey\"><img loading=\"lazy\" decoding=\"async\" width=\"6000\" height=\"2709\" src=\"https:\/\/ceim.cl\/wp-content\/uploads\/2024\/05\/Mapa-CEIM-pagina.png\" class=\"vc_single_image-img attachment-full\" alt=\"\" title=\"Mapa-CEIM-pagina\" srcset=\"https:\/\/ceim.cl\/wp-content\/uploads\/2024\/05\/Mapa-CEIM-pagina.png 6000w, https:\/\/ceim.cl\/wp-content\/uploads\/2024\/05\/Mapa-CEIM-pagina-300x135.png 300w, https:\/\/ceim.cl\/wp-content\/uploads\/2024\/05\/Mapa-CEIM-pagina-1024x462.png 1024w, https:\/\/ceim.cl\/wp-content\/uploads\/2024\/05\/Mapa-CEIM-pagina-768x347.png 768w, https:\/\/ceim.cl\/wp-content\/uploads\/2024\/05\/Mapa-CEIM-pagina-1536x694.png 1536w, https:\/\/ceim.cl\/wp-content\/uploads\/2024\/05\/Mapa-CEIM-pagina-2048x925.png 2048w, https:\/\/ceim.cl\/wp-content\/uploads\/2024\/05\/Mapa-CEIM-pagina-18x8.png 18w\" sizes=\"auto, (max-width: 6000px) 100vw, 6000px\"  data-dt-location=\"https:\/\/ceim.cl\/en\/capacitacion-a-empresas\/mapa-ceim-pagina\/\" \/><\/div>\n\t\t<\/figure>\n\t<\/div>\n<\/div><\/div><\/div><\/div><div class=\"vc_row-full-width vc_clearfix\"><\/div><div data-vc-full-width=\"true\" data-vc-full-width-init=\"false\" class=\"vc_row wpb_row vc_row-fluid vc_custom_1715879110693 vc_row-has-fill\"><div class=\"wpb_column vc_column_container vc_col-sm-12\"><div class=\"vc_column-inner\"><div class=\"wpb_wrapper\"><div id=\"ultimate-heading-715169f0e5bc874a2\" class=\"uvc-heading ult-adjust-bottom-margin ultimate-heading-715169f0e5bc874a2 uvc-9198 accent-border-color\" data-hspacer=\"no_spacer\"  data-halign=\"left\" style=\"text-align:left\"><div class=\"uvc-heading-spacer no_spacer\" style=\"top\"><\/div><div class=\"uvc-main-heading ult-responsive\"  data-ultimate-target='.uvc-heading.ultimate-heading-715169f0e5bc874a2 h2'  data-responsive-json-new='{\"font-size\":\"desktop:32px;\",\"line-height\":\"desktop:32px;\"}' ><h2 style=\"font-weight:bold;margin-bottom:30px;\">Programas m\u00e1s solicitados<\/h2><\/div><\/div><div class=\"vc_tta-container\" data-vc-action=\"collapse\"><div class=\"vc_general vc_tta vc_tta-tabs vc_tta-color-grey vc_tta-style-classic vc_tta-shape-rounded vc_tta-spacing-1 vc_tta-tabs-position-top vc_tta-controls-align-left\"><div class=\"vc_tta-tabs-container\"><ul class=\"vc_tta-tabs-list\"><li class=\"vc_tta-tab vc_active\" data-vc-tab><a href=\"#seguridad-psicolaboral\" data-vc-tabs data-vc-container=\".vc_tta\"><span class=\"vc_tta-title-text\">Safety and psycho-labor area<\/span><\/a><\/li><\/ul><\/div><div class=\"vc_tta-panels-container\"><div class=\"vc_tta-panels\"><div class=\"vc_tta-panel vc_active\" id=\"seguridad-psicolaboral\" data-vc-content=\".vc_tta-panel-body\"><div class=\"vc_tta-panel-heading\"><h3 class=\"vc_tta-panel-title\"><a href=\"#seguridad-psicolaboral\" data-vc-accordion data-vc-container=\".vc_tta-container\"><span class=\"vc_tta-title-text\">Safety and psycho-labor area<\/span><\/a><\/h3><\/div><div class=\"vc_tta-panel-body\"><div class=\"vc_row wpb_row vc_inner vc_row-fluid vc_custom_1665078000751\"><div class=\"wpb_column vc_column_container vc_col-sm-6\"><div class=\"vc_column-inner\"><div class=\"wpb_wrapper\"><style type=\"text\/css\" data-type=\"the7_shortcodes-inline-css\">.shortcode-single-image-wrap.shortcode-single-image-1a12cd92d50e7800b6225b3650aee39d.enable-bg-rollover .rollover i,\n.shortcode-single-image-wrap.shortcode-single-image-1a12cd92d50e7800b6225b3650aee39d.enable-bg-rollover .rollover-video i {\n  background: -webkit-linear-gradient();\n  background: linear-gradient();\n}\n.shortcode-single-image-wrap.shortcode-single-image-1a12cd92d50e7800b6225b3650aee39d .rollover-icon {\n  font-size: 32px;\n  color: #ffffff;\n  min-width: 44px;\n  min-height: 44px;\n  line-height: 44px;\n  border-radius: 100px;\n  border-style: solid;\n  border-width: 0px;\n}\n.dt-icon-bg-on.shortcode-single-image-wrap.shortcode-single-image-1a12cd92d50e7800b6225b3650aee39d .rollover-icon {\n  background: rgba(255,255,255,0.3);\n  box-shadow: none;\n}\n<\/style><div class=\"shortcode-single-image-wrap shortcode-single-image-1a12cd92d50e7800b6225b3650aee39d alignnone  enable-bg-rollover dt-icon-bg-off\" style=\"margin-top:0px; margin-bottom:0px; margin-left:0px; margin-right:0px; width:500px;\"><div class=\"shortcode-single-image\"><div class=\"fancy-media-wrap  layzr-bg\" style=\"border-radius:10px;\"><img fetchpriority=\"high\" decoding=\"async\" class=\"preload-me lazy-load aspect\" src=\"data:image\/svg+xml,%3Csvg%20xmlns%3D&#39;http%3A%2F%2Fwww.w3.org%2F2000%2Fsvg&#39;%20viewBox%3D&#39;0%200%20500%20333&#39;%2F%3E\" data-src=\"https:\/\/ceim.cl\/wp-content\/uploads\/2016\/01\/MAR01636-500x333.jpg\" data-srcset=\"https:\/\/ceim.cl\/wp-content\/uploads\/2016\/01\/MAR01636-500x333.jpg 500w, https:\/\/ceim.cl\/wp-content\/uploads\/2016\/01\/MAR01636-1000x666.jpg 1000w\" loading=\"eager\" sizes=\"(max-width: 500px) 100vw, 500px\" width=\"500\" height=\"333\"  data-dt-location=\"https:\/\/ceim.cl\/en\/dt_gallery\/our-gallery\/mar01636\/\" style=\"--ratio: 500 \/ 333;border-radius:10px;\" alt=\"\" \/><\/div><\/div><\/div><\/div><\/div><\/div><div class=\"wpb_column vc_column_container vc_col-sm-6\"><div class=\"vc_column-inner\"><div class=\"wpb_wrapper\"><div id=\"ultimate-heading-932069f0e5bc87e40\" class=\"uvc-heading ult-adjust-bottom-margin ultimate-heading-932069f0e5bc87e40 uvc-6001  uvc-heading-default-font-sizes\" data-hspacer=\"no_spacer\"  data-halign=\"left\" style=\"text-align:left\"><div class=\"uvc-heading-spacer no_spacer\" style=\"top\"><\/div><div class=\"uvc-main-heading ult-responsive\"  data-ultimate-target='.uvc-heading.ultimate-heading-932069f0e5bc87e40 h2'  data-responsive-json-new='{\"font-size\":\"\",\"line-height\":\"\"}' ><h2 style=\"--font-weight:theme;margin-bottom:20px;\">Safety and psycho-labor area<\/h2><\/div><\/div><div class=\"standard-arrow list-divider bullet-top\"><ul>\n<li><a class=\"sg-popup-id-33717\" href=\"#\">Coaching:Orientaci\u00f3n y Atenci\u00f3n al Cliente<br \/>\n<\/a><\/li>\n<li><a class=\"sg-popup-id-33726\" href=\"#\">Coaching Inteligencia emocional<br \/>\n<\/a><\/li>\n<li><a class=\"sg-popup-id-33729\" href=\"#\">Liderazgo y trabajo en equipo<br \/>\n<\/a><\/li>\n<li><a class=\"sg-popup-id-33777\" href=\"#\">Liderazgo Femenino en Tiempos de Cambio<br \/>\n<\/a><\/li>\n<li><a class=\"sg-popup-id-33782\" href=\"#\">M\u00e9todo de Investigaci\u00f3n de An\u00e1lisis de Causas de Incidentes Presencial<br \/>\n<\/a><\/li>\n<li><a class=\"sg-popup-id-33786\" href=\"#\">Coaching: Resoluci\u00f3n de Conflictos y Relaciones Interpersonales<br \/>\n<\/a><\/li>\n<\/ul>\n<\/div><\/div><\/div><\/div><\/div><\/div><\/div><\/div><\/div><\/div><\/div><\/div><\/div><\/div><\/div><div class=\"vc_row-full-width vc_clearfix\"><\/div><div data-vc-full-width=\"true\" data-vc-full-width-init=\"false\" class=\"vc_row wpb_row vc_row-fluid vc_custom_1715876050524 vc_row-has-fill\"><div class=\"wpb_column vc_column_container vc_col-sm-12\"><div class=\"vc_column-inner\"><div class=\"wpb_wrapper\"><div id=\"ultimate-heading-832569f0e5bc881c1\" class=\"uvc-heading ult-adjust-bottom-margin ultimate-heading-832569f0e5bc881c1 uvc-1164 accent-border-color\" data-hspacer=\"no_spacer\"  data-halign=\"left\" style=\"text-align:left\"><div class=\"uvc-heading-spacer no_spacer\" style=\"top\"><\/div><div class=\"uvc-main-heading ult-responsive\"  data-ultimate-target='.uvc-heading.ultimate-heading-832569f0e5bc881c1 h2'  data-responsive-json-new='{\"font-size\":\"desktop:35px;\",\"line-height\":\"desktop:46px;\"}' ><h2 style=\"font-weight:bold;margin-bottom:15px;\">Noticias Destacadas<\/h2><\/div><\/div><div class=\"vc_empty_space\"   style=\"height: 50px\"><span class=\"vc_empty_space_inner\"><\/span><\/div><style type=\"text\/css\" data-type=\"the7_shortcodes-inline-css\">.blog-shortcode.blog-masonry-shortcode-id-30315c6348781d32e33712f42deb0e35.dividers-on.classic-layout-list article {\n  padding-top: 0;\n}\n.blog-shortcode.blog-masonry-shortcode-id-30315c6348781d32e33712f42deb0e35.dividers-on.classic-layout-list article:first-of-type {\n  margin-top: 0;\n  padding-top: 0;\n}\n.blog-shortcode.blog-masonry-shortcode-id-30315c6348781d32e33712f42deb0e35.classic-layout-list.mode-list .post-entry-content {\n  width: calc(100% - );\n}\n.blog-shortcode.blog-masonry-shortcode-id-30315c6348781d32e33712f42deb0e35.classic-layout-list.mode-list .no-img .post-entry-content {\n  width: 100%;\n}\n.blog-shortcode.blog-masonry-shortcode-id-30315c6348781d32e33712f42deb0e35 .filter-bg-decoration .filter-categories a.act {\n  color: #fff;\n}\n.blog-shortcode.blog-masonry-shortcode-id-30315c6348781d32e33712f42deb0e35:not(.mode-masonry) article:first-of-type,\n.blog-shortcode.blog-masonry-shortcode-id-30315c6348781d32e33712f42deb0e35:not(.mode-masonry) article.visible.first:not(.product) {\n  margin-top: 0;\n}\n.blog-shortcode.blog-masonry-shortcode-id-30315c6348781d32e33712f42deb0e35.dividers-on:not(.mode-masonry) article {\n  margin-top: 0;\n}\n.blog-shortcode.blog-masonry-shortcode-id-30315c6348781d32e33712f42deb0e35.dividers-on:not(.mode-masonry) article:first-of-type,\n.blog-shortcode.blog-masonry-shortcode-id-30315c6348781d32e33712f42deb0e35.dividers-on:not(.mode-masonry) article.visible.first:not(.product) {\n  margin-top: 0;\n  padding-top: 0;\n}\n.blog-shortcode.blog-masonry-shortcode-id-30315c6348781d32e33712f42deb0e35 .post-thumbnail-wrap {\n  padding: 0px 0px 0px 0px;\n}\n.blog-shortcode.blog-masonry-shortcode-id-30315c6348781d32e33712f42deb0e35.enable-bg-rollover .post-thumbnail-rollover:after {\n  background: -webkit-linear-gradient();\n  background: linear-gradient();\n}\n.blog-shortcode.blog-masonry-shortcode-id-30315c6348781d32e33712f42deb0e35 .gallery-zoom-ico {\n  width: 44px;\n  height: 44px;\n  line-height: 44px;\n  border-radius: 100px;\n  margin: -22px 0 0 -22px;\n  border-width: 0px;\n  color: #ffffff;\n}\n.bottom-overlap-layout-list.blog-shortcode.blog-masonry-shortcode-id-30315c6348781d32e33712f42deb0e35 .gallery-zoom-ico {\n  margin-top: -72px;\n}\n.gradient-overlay-layout-list.blog-shortcode.blog-masonry-shortcode-id-30315c6348781d32e33712f42deb0e35 .gallery-zoom-ico,\n.content-rollover-layout-list.blog-shortcode.blog-masonry-shortcode-id-30315c6348781d32e33712f42deb0e35 .gallery-zoom-ico {\n  margin: 0 0 10px;\n}\n.content-align-center.gradient-overlay-layout-list.blog-shortcode.blog-masonry-shortcode-id-30315c6348781d32e33712f42deb0e35 .gallery-zoom-ico,\n.content-align-center.content-rollover-layout-list.blog-shortcode.blog-masonry-shortcode-id-30315c6348781d32e33712f42deb0e35 .gallery-zoom-ico {\n  margin: 0 auto 10px;\n}\n.dt-icon-bg-on.blog-shortcode.blog-masonry-shortcode-id-30315c6348781d32e33712f42deb0e35 .gallery-zoom-ico {\n  background: rgba(255,255,255,0.3);\n  box-shadow: none;\n}\n.blog-shortcode.blog-masonry-shortcode-id-30315c6348781d32e33712f42deb0e35 .gallery-zoom-ico > span,\n.blog-shortcode.blog-masonry-shortcode-id-30315c6348781d32e33712f42deb0e35 .gallery-zoom-ico:before {\n  font-size: 32px;\n  line-height: 44px;\n}\n.blog-shortcode.blog-masonry-shortcode-id-30315c6348781d32e33712f42deb0e35 .gallery-zoom-ico > span,\n.blog-shortcode.blog-masonry-shortcode-id-30315c6348781d32e33712f42deb0e35 .gallery-zoom-ico:before {\n  color: #ffffff;\n}\n.blog-shortcode.blog-masonry-shortcode-id-30315c6348781d32e33712f42deb0e35 .fancy-date a * {\n  color: #1f365c;\n}\n.blog-shortcode.blog-masonry-shortcode-id-30315c6348781d32e33712f42deb0e35 .entry-title,\n.blog-shortcode.blog-masonry-shortcode-id-30315c6348781d32e33712f42deb0e35.owl-carousel .entry-title {\n  margin-bottom: 5px;\n  font-size: 16px;\n  line-height: 20px;\n}\n.blog-shortcode.blog-masonry-shortcode-id-30315c6348781d32e33712f42deb0e35 .entry-meta {\n  margin-bottom: 15px;\n}\n.blog-shortcode.blog-masonry-shortcode-id-30315c6348781d32e33712f42deb0e35 .portfolio-categories {\n  margin-bottom: 15px;\n}\n.blog-shortcode.blog-masonry-shortcode-id-30315c6348781d32e33712f42deb0e35 .entry-excerpt {\n  margin-bottom: 5px;\n}\n.blog-shortcode.blog-masonry-shortcode-id-30315c6348781d32e33712f42deb0e35:not(.centered-layout-list) .post-entry-content {\n  padding: 25px 0px 30px 0px;\n}\n.blog-shortcode.blog-masonry-shortcode-id-30315c6348781d32e33712f42deb0e35:not(.centered-layout-list):not(.content-bg-on):not(.mode-list) .no-img .post-entry-content {\n  padding: 0;\n}\n@media screen and (max-width: ) {\n  .blog-shortcode.blog-masonry-shortcode-id-30315c6348781d32e33712f42deb0e35 article {\n    -ms-flex-flow: column nowrap;\n    flex-flow: column nowrap;\n    margin-top: 20px;\n  }\n  .blog-shortcode.blog-masonry-shortcode-id-30315c6348781d32e33712f42deb0e35.dividers-on article {\n    border: none;\n  }\n  .blog-shortcode.blog-masonry-shortcode-id-30315c6348781d32e33712f42deb0e35.content-bg-on.centered-layout-list article {\n    padding: 0;\n  }\n  .blog-shortcode.blog-masonry-shortcode-id-30315c6348781d32e33712f42deb0e35.blog-shortcode.dividers-on article,\n  .blog-shortcode.blog-masonry-shortcode-id-30315c6348781d32e33712f42deb0e35.dividers-on.classic-layout-list article {\n    margin-top: 20px;\n    padding: 0;\n  }\n  .blog-shortcode.blog-masonry-shortcode-id-30315c6348781d32e33712f42deb0e35.blog-shortcode.dividers-on article:first-of-type,\n  .blog-shortcode.blog-masonry-shortcode-id-30315c6348781d32e33712f42deb0e35.dividers-on.classic-layout-list article:first-of-type {\n    padding: 0;\n  }\n  #page .blog-shortcode.blog-masonry-shortcode-id-30315c6348781d32e33712f42deb0e35 .post-thumbnail-wrap,\n  #page .blog-shortcode.blog-masonry-shortcode-id-30315c6348781d32e33712f42deb0e35 .post-entry-content {\n    width: 100%;\n    margin: 0;\n    top: 0;\n  }\n  #page .blog-shortcode.blog-masonry-shortcode-id-30315c6348781d32e33712f42deb0e35 .post-thumbnail-wrap {\n    padding: 0;\n  }\n  #page .blog-shortcode.blog-masonry-shortcode-id-30315c6348781d32e33712f42deb0e35 .post-entry-content:after {\n    display: none;\n  }\n  #page .blog-shortcode.blog-masonry-shortcode-id-30315c6348781d32e33712f42deb0e35 .project-even .post-thumbnail-wrap,\n  #page .blog-shortcode.blog-masonry-shortcode-id-30315c6348781d32e33712f42deb0e35.centered-layout-list .post-thumbnail-wrap {\n    -ms-flex-order: 0;\n    order: 0;\n  }\n  #page .blog-shortcode.blog-masonry-shortcode-id-30315c6348781d32e33712f42deb0e35.centered-layout-list .post-entry-title-content {\n    -ms-flex-order: 1;\n    order: 1;\n    width: 100%;\n    padding: 20px 20px 0;\n  }\n  #page .blog-shortcode.blog-masonry-shortcode-id-30315c6348781d32e33712f42deb0e35.centered-layout-list .post-entry-content {\n    -ms-flex-order: 2;\n    order: 2;\n    padding-top: 0;\n  }\n  #page .blog-shortcode.blog-masonry-shortcode-id-30315c6348781d32e33712f42deb0e35 .fancy-categories {\n    top: 10px;\n    left: 10px;\n    bottom: auto;\n    right: auto;\n  }\n  #page .blog-shortcode.blog-masonry-shortcode-id-30315c6348781d32e33712f42deb0e35 .fancy-date a {\n    top: 10px;\n    right: 10px;\n    left: auto;\n    bottom: auto;\n  }\n  #page .blog-shortcode.blog-masonry-shortcode-id-30315c6348781d32e33712f42deb0e35 .post-entry-content {\n    padding: 20px;\n  }\n  #page .blog-shortcode.blog-masonry-shortcode-id-30315c6348781d32e33712f42deb0e35 .entry-title {\n    margin: 3px 0 5px;\n    font-size: 20px;\n    font-size: 16px;\n    line-height: 26px;\n    line-height: 20px;\n  }\n  #page .blog-shortcode.blog-masonry-shortcode-id-30315c6348781d32e33712f42deb0e35 .entry-meta {\n    margin: 5px 0 5px;\n  }\n  #page .blog-shortcode.blog-masonry-shortcode-id-30315c6348781d32e33712f42deb0e35 .entry-excerpt {\n    margin: 15px 0 0;\n  }\n  #page .blog-shortcode.blog-masonry-shortcode-id-30315c6348781d32e33712f42deb0e35 .post-details {\n    margin: 5px 0 10px;\n  }\n  #page .blog-shortcode.blog-masonry-shortcode-id-30315c6348781d32e33712f42deb0e35 .post-details.details-type-link {\n    margin-bottom: 2px;\n  }\n}\n.blog-shortcode.blog-masonry-shortcode-id-30315c6348781d32e33712f42deb0e35:not(.resize-by-browser-width) .dt-css-grid {\n  grid-row-gap: 30px;\n  grid-column-gap: 30px;\n  grid-template-columns: repeat(auto-fill,minmax(,1fr));\n}\n.blog-shortcode.blog-masonry-shortcode-id-30315c6348781d32e33712f42deb0e35:not(.resize-by-browser-width) .dt-css-grid .double-width {\n  grid-column: span 2;\n}\n.cssgridlegacy.no-cssgrid .blog-shortcode.blog-masonry-shortcode-id-30315c6348781d32e33712f42deb0e35:not(.resize-by-browser-width) .dt-css-grid,\n.no-cssgridlegacy.no-cssgrid .blog-shortcode.blog-masonry-shortcode-id-30315c6348781d32e33712f42deb0e35:not(.resize-by-browser-width) .dt-css-grid {\n  display: flex;\n  flex-flow: row wrap;\n  margin: -15px;\n}\n.cssgridlegacy.no-cssgrid .blog-shortcode.blog-masonry-shortcode-id-30315c6348781d32e33712f42deb0e35:not(.resize-by-browser-width) .dt-css-grid .wf-cell,\n.no-cssgridlegacy.no-cssgrid .blog-shortcode.blog-masonry-shortcode-id-30315c6348781d32e33712f42deb0e35:not(.resize-by-browser-width) .dt-css-grid .wf-cell {\n  flex: 1 0 ;\n  max-width: 100%;\n  padding: 15px;\n  box-sizing: border-box;\n}\n.blog-shortcode.blog-masonry-shortcode-id-30315c6348781d32e33712f42deb0e35.resize-by-browser-width .dt-css-grid {\n  grid-template-columns: repeat(4,1fr);\n  grid-template-rows: auto;\n  grid-column-gap: 30px;\n  grid-row-gap: 30px;\n}\n.blog-shortcode.blog-masonry-shortcode-id-30315c6348781d32e33712f42deb0e35.resize-by-browser-width .dt-css-grid .double-width {\n  grid-column: span 2;\n}\n.cssgridlegacy.no-cssgrid .blog-shortcode.blog-masonry-shortcode-id-30315c6348781d32e33712f42deb0e35.resize-by-browser-width .dt-css-grid {\n  margin: -15px;\n}\n.cssgridlegacy.no-cssgrid .blog-shortcode.blog-masonry-shortcode-id-30315c6348781d32e33712f42deb0e35.resize-by-browser-width .dt-css-grid .wf-cell {\n  width: 25%;\n  padding: 15px;\n}\n.cssgridlegacy.no-cssgrid .blog-shortcode.blog-masonry-shortcode-id-30315c6348781d32e33712f42deb0e35.resize-by-browser-width .dt-css-grid .wf-cell.double-width {\n  width: calc(25%) * 2;\n}\n.blog-shortcode.blog-masonry-shortcode-id-30315c6348781d32e33712f42deb0e35.resize-by-browser-width:not(.centered-layout-list):not(.content-bg-on) .dt-css-grid {\n  grid-row-gap: 0px;\n}\n@media screen and (max-width: 1199px) {\n  .blog-shortcode.blog-masonry-shortcode-id-30315c6348781d32e33712f42deb0e35.resize-by-browser-width .dt-css-grid {\n    grid-template-columns: repeat(4,1fr);\n  }\n  .cssgridlegacy.no-cssgrid .blog-shortcode.blog-masonry-shortcode-id-30315c6348781d32e33712f42deb0e35.resize-by-browser-width .dt-css-grid .wf-cell,\n  .no-cssgridlegacy.no-cssgrid .blog-shortcode.blog-masonry-shortcode-id-30315c6348781d32e33712f42deb0e35.resize-by-browser-width .dt-css-grid .wf-cell {\n    width: 25%;\n  }\n  .cssgridlegacy.no-cssgrid .blog-shortcode.blog-masonry-shortcode-id-30315c6348781d32e33712f42deb0e35.resize-by-browser-width .dt-css-grid .wf-cell.double-width,\n  .no-cssgridlegacy.no-cssgrid .blog-shortcode.blog-masonry-shortcode-id-30315c6348781d32e33712f42deb0e35.resize-by-browser-width .dt-css-grid .wf-cell.double-width {\n    width: calc(25%)*2;\n  }\n}\n@media screen and (max-width: 991px) {\n  .blog-shortcode.blog-masonry-shortcode-id-30315c6348781d32e33712f42deb0e35.resize-by-browser-width .dt-css-grid {\n    grid-template-columns: repeat(2,1fr);\n  }\n  .cssgridlegacy.no-cssgrid .blog-shortcode.blog-masonry-shortcode-id-30315c6348781d32e33712f42deb0e35.resize-by-browser-width .dt-css-grid .wf-cell,\n  .no-cssgridlegacy.no-cssgrid .blog-shortcode.blog-masonry-shortcode-id-30315c6348781d32e33712f42deb0e35.resize-by-browser-width .dt-css-grid .wf-cell {\n    width: 50%;\n  }\n  .cssgridlegacy.no-cssgrid .blog-shortcode.blog-masonry-shortcode-id-30315c6348781d32e33712f42deb0e35.resize-by-browser-width .dt-css-grid .wf-cell.double-width,\n  .no-cssgridlegacy.no-cssgrid .blog-shortcode.blog-masonry-shortcode-id-30315c6348781d32e33712f42deb0e35.resize-by-browser-width .dt-css-grid .wf-cell.double-width {\n    width: calc(50%)*2;\n  }\n}\n@media screen and (max-width: 767px) {\n  .blog-shortcode.blog-masonry-shortcode-id-30315c6348781d32e33712f42deb0e35.resize-by-browser-width .dt-css-grid {\n    grid-template-columns: repeat(1,1fr);\n  }\n  .blog-shortcode.blog-masonry-shortcode-id-30315c6348781d32e33712f42deb0e35.resize-by-browser-width .dt-css-grid .double-width {\n    grid-column: span 1;\n  }\n  .cssgridlegacy.no-cssgrid .blog-shortcode.blog-masonry-shortcode-id-30315c6348781d32e33712f42deb0e35.resize-by-browser-width .dt-css-grid .wf-cell,\n  .no-cssgridlegacy.no-cssgrid .blog-shortcode.blog-masonry-shortcode-id-30315c6348781d32e33712f42deb0e35.resize-by-browser-width .dt-css-grid .wf-cell {\n    width: 100%;\n  }\n  .cssgridlegacy.no-cssgrid .blog-shortcode.blog-masonry-shortcode-id-30315c6348781d32e33712f42deb0e35.resize-by-browser-width .dt-css-grid .wf-cell.double-width,\n  .no-cssgridlegacy.no-cssgrid .blog-shortcode.blog-masonry-shortcode-id-30315c6348781d32e33712f42deb0e35.resize-by-browser-width .dt-css-grid .wf-cell.double-width {\n    width: calc(100%)*2;\n  }\n}\n<\/style><div class=\"blog-shortcode blog-masonry-shortcode-id-30315c6348781d32e33712f42deb0e35 mode-grid classic-layout-list jquery-filter horizontal-fancy-style meta-info-off dt-css-grid-wrap dt-icon-bg-off resize-by-browser-width loading-effect-none description-under-image\" data-padding=\"15px\" data-cur-page=\"1\" data-post-limit=\"4\" data-pagination-mode=\"load-more\" data-desktop-columns-num=\"4\" data-v-tablet-columns-num=\"2\" data-h-tablet-columns-num=\"4\" data-phone-columns-num=\"1\" data-width=\"0px\" data-columns=\"0\"><div class=\"dt-css-grid\" ><div class=\"visible wf-cell\" data-post-id=\"41110\" data-date=\"2025-07-25T15:40:19-04:00\" data-name=\"Milwaukee realizar\u00e1 feria de innovaci\u00f3n en CEIM\"><article class=\"post project-odd visible post-41110 type-post status-publish format-standard has-post-thumbnail hentry category-capacitacion-empresas category-noticias category-noticias-destacadas category-noticias2 category-principal-home tag-capacitacion tag-electricidad tag-expomin tag-industrial tag-industrias tag-mineria-2 category-283 category-1 category-73 category-99 category-275\" data-name=\"Milwaukee realizar\u00e1 feria de innovaci\u00f3n en CEIM\" data-date=\"2025-07-25T15:40:19-04:00\">\n\n<div class=\"post-thumbnail-wrap\">\n\t<div class=\"post-thumbnail\">\n\t\t\n\t\t\n\t\t<a href=\"https:\/\/ceim.cl\/en\/milwaukee-realizara-feria-de-innovacion-en-ceim\/\" class=\"post-thumbnail-rollover layzr-bg layzr-bg\" ><img decoding=\"async\" class=\"iso-lazy-load preload-me iso-lazy-load aspect\" src=\"data:image\/svg+xml,%3Csvg%20xmlns%3D&#39;http%3A%2F%2Fwww.w3.org%2F2000%2Fsvg&#39;%20viewBox%3D&#39;0%200%20768%20768&#39;%2F%3E\" data-src=\"https:\/\/ceim.cl\/wp-content\/uploads\/2025\/07\/2-768x768.jpeg\" data-srcset=\"https:\/\/ceim.cl\/wp-content\/uploads\/2025\/07\/2-768x768.jpeg 768w, https:\/\/ceim.cl\/wp-content\/uploads\/2025\/07\/2-901x901.jpeg 901w\" loading=\"eager\" style=\"--ratio: 768 \/ 768\" sizes=\"(max-width: 768px) 100vw, 768px\" alt=\"\" title=\"2\" width=\"768\" height=\"768\"  \/><\/a>\t<\/div>\n<\/div>\n\n\n<div class=\"post-entry-content\">\n\n\t<h3 class=\"entry-title\">\n\t\t<a href=\"https:\/\/ceim.cl\/en\/milwaukee-realizara-feria-de-innovacion-en-ceim\/\" title=\"Milwaukee realizar\u00e1 feria de innovaci\u00f3n en CEIM\" rel=\"bookmark\">Milwaukee realizar\u00e1 feria de innovaci\u00f3n en CEIM<\/a>\n\t<\/h3>\n\n\t\n\t<div class=\"entry-excerpt\"><p>La iniciativa es parte de una alianza estrat\u00e9gica de colaboraci\u00f3n orientada a fortalecer su presencia en el sector minero. Milwaukee&hellip;<\/p>\n<\/div>\n\t\n<a href=\"https:\/\/ceim.cl\/en\/milwaukee-realizara-feria-de-innovacion-en-ceim\/\" class=\"dt-btn-s dt-btn post-details details-type-btn\" aria-label=\"Read more about Milwaukee realizar\u00e1 feria de innovaci\u00f3n en CEIM\">Read more<i class=\"dt-icon-the7-arrow-03\" aria-hidden=\"true\"><\/i><\/a>\n\n<\/div><\/article><\/div><div class=\"visible wf-cell\" data-post-id=\"41107\" data-date=\"2025-07-25T15:38:10-04:00\" data-name=\"Primer curso en Chile sobre seguridad en plantas de hidr\u00f3geno verde se impartir\u00e1 desde Antofagasta\"><article class=\"post project-odd visible post-41107 type-post status-publish format-standard has-post-thumbnail hentry category-capacitacion-empresas category-noticias category-noticias-destacadas category-noticias2 category-principal-home tag-capacitacion tag-electricidad tag-expomin tag-industrial tag-industrias tag-mineria-2 category-283 category-1 category-73 category-99 category-275\" data-name=\"Primer curso en Chile sobre seguridad en plantas de hidr\u00f3geno verde se impartir\u00e1 desde Antofagasta\" data-date=\"2025-07-25T15:38:10-04:00\">\n\n<div class=\"post-thumbnail-wrap\">\n\t<div class=\"post-thumbnail\">\n\t\t\n\t\t\n\t\t<a href=\"https:\/\/ceim.cl\/en\/primer-curso-en-chile-sobre-seguridad-en-plantas-de-hidrogeno-verde-se-impartira-desde-antofagasta\/\" class=\"post-thumbnail-rollover layzr-bg layzr-bg\" ><img decoding=\"async\" class=\"iso-lazy-load preload-me iso-lazy-load aspect\" src=\"data:image\/svg+xml,%3Csvg%20xmlns%3D&#39;http%3A%2F%2Fwww.w3.org%2F2000%2Fsvg&#39;%20viewBox%3D&#39;0%200%20768%20768&#39;%2F%3E\" data-src=\"https:\/\/ceim.cl\/wp-content\/uploads\/2025\/07\/ChatGPT-Image-3-jul-2025-06_15_43-p.m-768x768.png\" data-srcset=\"https:\/\/ceim.cl\/wp-content\/uploads\/2025\/07\/ChatGPT-Image-3-jul-2025-06_15_43-p.m-768x768.png 768w, https:\/\/ceim.cl\/wp-content\/uploads\/2025\/07\/ChatGPT-Image-3-jul-2025-06_15_43-p.m.png 1024w\" loading=\"eager\" style=\"--ratio: 768 \/ 768\" sizes=\"(max-width: 768px) 100vw, 768px\" alt=\"\" title=\"ChatGPT Image 3 jul 2025, 06_15_43 p.m.\" width=\"768\" height=\"768\"  \/><\/a>\t<\/div>\n<\/div>\n\n\n<div class=\"post-entry-content\">\n\n\t<h3 class=\"entry-title\">\n\t\t<a href=\"https:\/\/ceim.cl\/en\/primer-curso-en-chile-sobre-seguridad-en-plantas-de-hidrogeno-verde-se-impartira-desde-antofagasta\/\" title=\"Primer curso en Chile sobre seguridad en plantas de hidr\u00f3geno verde se impartir\u00e1 desde Antofagasta\" rel=\"bookmark\">Primer curso en Chile sobre seguridad en plantas de hidr\u00f3geno verde se impartir\u00e1 desde Antofagasta<\/a>\n\t<\/h3>\n\n\t\n\t<div class=\"entry-excerpt\"><p>Iniciativa, ejecutada por CEIM, busca preparar talento t\u00e9cnico para operar en una de las industrias m\u00e1s prometedoras de la transici\u00f3n&hellip;<\/p>\n<\/div>\n\t\n<a href=\"https:\/\/ceim.cl\/en\/primer-curso-en-chile-sobre-seguridad-en-plantas-de-hidrogeno-verde-se-impartira-desde-antofagasta\/\" class=\"dt-btn-s dt-btn post-details details-type-btn\" aria-label=\"Read more about Primer curso en Chile sobre seguridad en plantas de hidr\u00f3geno verde se impartir\u00e1 desde Antofagasta\">Read more<i class=\"dt-icon-the7-arrow-03\" aria-hidden=\"true\"><\/i><\/a>\n\n<\/div><\/article><\/div><div class=\"visible wf-cell\" data-post-id=\"41037\" data-date=\"2025-07-22T16:08:35-04:00\" data-name=\"CEIM Asesor\u00edas y el rol estrat\u00e9gico de los Supervisores de Izaje en la industria minera\"><article class=\"post project-odd visible post-41037 type-post status-publish format-standard has-post-thumbnail hentry category-capacitacion-empresas category-noticias category-noticias-destacadas category-noticias2 category-principal-home tag-capacitacion tag-electricidad tag-expomin tag-industrial tag-industrias tag-mineria-2 category-283 category-1 category-73 category-99 category-275\" data-name=\"CEIM Asesor\u00edas y el rol estrat\u00e9gico de los Supervisores de Izaje en la industria minera\" data-date=\"2025-07-22T16:08:35-04:00\">\n\n<div class=\"post-thumbnail-wrap\">\n\t<div class=\"post-thumbnail\">\n\t\t\n\t\t\n\t\t<a href=\"https:\/\/ceim.cl\/en\/ceim-asesorias-y-el-rol-estrategico-de-los-supervisores-de-izaje-en-la-industria-minera\/\" class=\"post-thumbnail-rollover layzr-bg layzr-bg\" ><img decoding=\"async\" class=\"iso-lazy-load preload-me iso-lazy-load aspect\" src=\"data:image\/svg+xml,%3Csvg%20xmlns%3D&#39;http%3A%2F%2Fwww.w3.org%2F2000%2Fsvg&#39;%20viewBox%3D&#39;0%200%20768%20768&#39;%2F%3E\" data-src=\"https:\/\/ceim.cl\/wp-content\/uploads\/2025\/07\/WhatsApp-Image-2025-07-22-at-1.20.33-PM-768x768.jpeg\" data-srcset=\"https:\/\/ceim.cl\/wp-content\/uploads\/2025\/07\/WhatsApp-Image-2025-07-22-at-1.20.33-PM-768x768.jpeg 768w, https:\/\/ceim.cl\/wp-content\/uploads\/2025\/07\/WhatsApp-Image-2025-07-22-at-1.20.33-PM-1152x1152.jpeg 1152w\" loading=\"eager\" style=\"--ratio: 768 \/ 768\" sizes=\"(max-width: 768px) 100vw, 768px\" alt=\"\" title=\"WhatsApp Image 2025-07-22 at 1.20.33 PM\" width=\"768\" height=\"768\"  \/><\/a>\t<\/div>\n<\/div>\n\n\n<div class=\"post-entry-content\">\n\n\t<h3 class=\"entry-title\">\n\t\t<a href=\"https:\/\/ceim.cl\/en\/ceim-asesorias-y-el-rol-estrategico-de-los-supervisores-de-izaje-en-la-industria-minera\/\" title=\"CEIM Asesor\u00edas y el rol estrat\u00e9gico de los Supervisores de Izaje en la industria minera\" rel=\"bookmark\">CEIM Asesor\u00edas y el rol estrat\u00e9gico de los Supervisores de Izaje en la industria minera<\/a>\n\t<\/h3>\n\n\t\n\t<div class=\"entry-excerpt\"><p>Conoce la figura del SPOA (Single Point of Accountability), un rol clave en las operaciones de izaje que garantiza seguridad,&hellip;<\/p>\n<\/div>\n\t\n<a href=\"https:\/\/ceim.cl\/en\/ceim-asesorias-y-el-rol-estrategico-de-los-supervisores-de-izaje-en-la-industria-minera\/\" class=\"dt-btn-s dt-btn post-details details-type-btn\" aria-label=\"Read more about CEIM Asesor\u00edas y el rol estrat\u00e9gico de los Supervisores de Izaje en la industria minera\">Read more<i class=\"dt-icon-the7-arrow-03\" aria-hidden=\"true\"><\/i><\/a>\n\n<\/div><\/article><\/div><div class=\"visible wf-cell\" data-post-id=\"40809\" data-date=\"2025-07-14T15:33:30-04:00\" data-name=\"Modelo formativo 70\/20\/10: conoce c\u00f3mo CEIM prepara al talento que la industria necesita\"><article class=\"post project-odd visible post-40809 type-post status-publish format-standard has-post-thumbnail hentry category-capacitacion-empresas category-noticias category-noticias-destacadas category-noticias2 category-principal-home tag-capacitacion tag-electricidad tag-expomin tag-industrial tag-industrias tag-mineria-2 category-283 category-1 category-73 category-99 category-275\" data-name=\"Modelo formativo 70\/20\/10: conoce c\u00f3mo CEIM prepara al talento que la industria necesita\" data-date=\"2025-07-14T15:33:30-04:00\">\n\n<div class=\"post-thumbnail-wrap\">\n\t<div class=\"post-thumbnail\">\n\t\t\n\t\t\n\t\t<a href=\"https:\/\/ceim.cl\/en\/modelo-formativo-70-20-10-conoce-como-ceim-prepara-al-talento-que-la-industria-necesita\/\" class=\"post-thumbnail-rollover layzr-bg layzr-bg\" ><img decoding=\"async\" class=\"iso-lazy-load preload-me iso-lazy-load aspect\" src=\"data:image\/svg+xml,%3Csvg%20xmlns%3D&#39;http%3A%2F%2Fwww.w3.org%2F2000%2Fsvg&#39;%20viewBox%3D&#39;0%200%20768%20768&#39;%2F%3E\" data-src=\"https:\/\/ceim.cl\/wp-content\/uploads\/2025\/07\/modelo-scaled-768x768.jpg\" data-srcset=\"https:\/\/ceim.cl\/wp-content\/uploads\/2025\/07\/modelo-scaled-768x768.jpg 768w, https:\/\/ceim.cl\/wp-content\/uploads\/2025\/07\/modelo-scaled-1152x1152.jpg 1152w\" loading=\"eager\" style=\"--ratio: 768 \/ 768\" sizes=\"(max-width: 768px) 100vw, 768px\" alt=\"\" title=\"modelo\" width=\"768\" height=\"768\"  \/><\/a>\t<\/div>\n<\/div>\n\n\n<div class=\"post-entry-content\">\n\n\t<h3 class=\"entry-title\">\n\t\t<a href=\"https:\/\/ceim.cl\/en\/modelo-formativo-70-20-10-conoce-como-ceim-prepara-al-talento-que-la-industria-necesita\/\" title=\"Modelo formativo 70\/20\/10: conoce c\u00f3mo CEIM prepara al talento que la industria necesita\" rel=\"bookmark\">Modelo formativo 70\/20\/10: conoce c\u00f3mo CEIM prepara al talento que la industria necesita<\/a>\n\t<\/h3>\n\n\t\n\t<div class=\"entry-excerpt\"><p>Centro de entrenamiento apuesta a metodolog\u00edas activas que promueven el aprendizaje experiencial y colaborativo. En un entorno industrial en constante&hellip;<\/p>\n<\/div>\n\t\n<a href=\"https:\/\/ceim.cl\/en\/modelo-formativo-70-20-10-conoce-como-ceim-prepara-al-talento-que-la-industria-necesita\/\" class=\"dt-btn-s dt-btn post-details details-type-btn\" aria-label=\"Read more about Modelo formativo 70\/20\/10: conoce c\u00f3mo CEIM prepara al talento que la industria necesita\">Read more<i class=\"dt-icon-the7-arrow-03\" aria-hidden=\"true\"><\/i><\/a>\n\n<\/div><\/article><\/div><div class=\"hidden wf-cell\" data-post-id=\"40762\" data-date=\"2025-07-11T11:25:57-04:00\" data-name=\"Talento joven y nuevas ideas llegan a CEIM: estudiantes de la UA comienzan un desaf\u00edo de innovaci\u00f3n aplicada como parte de IngeniumLab\"><article class=\"post project-odd visible post-40762 type-post status-publish format-standard has-post-thumbnail hentry category-capacitacion-empresas category-ingeniumlab category-noticias category-noticias-destacadas category-noticias2 category-principal-home tag-capacitacion tag-electricidad tag-expomin tag-industrial tag-industrias tag-mineria-2 category-283 category-334 category-1 category-73 category-99 category-275\" data-name=\"Talento joven y nuevas ideas llegan a CEIM: estudiantes de la UA comienzan un desaf\u00edo de innovaci\u00f3n aplicada como parte de IngeniumLab\" data-date=\"2025-07-11T11:25:57-04:00\">\n\n<div class=\"post-thumbnail-wrap\">\n\t<div class=\"post-thumbnail\">\n\t\t\n\t\t\n\t\t<a href=\"https:\/\/ceim.cl\/en\/talento-joven-y-nuevas-ideas-llegan-a-ceim-estudiantes-de-la-ua-comienzan-un-desafio-de-innovacion-aplicada-como-parte-de-ingeniumlab\/\" class=\"post-thumbnail-rollover layzr-bg layzr-bg\" ><img decoding=\"async\" class=\"iso-lazy-load preload-me iso-lazy-load aspect\" src=\"data:image\/svg+xml,%3Csvg%20xmlns%3D&#39;http%3A%2F%2Fwww.w3.org%2F2000%2Fsvg&#39;%20viewBox%3D&#39;0%200%20768%20768&#39;%2F%3E\" data-src=\"https:\/\/ceim.cl\/wp-content\/uploads\/2025\/07\/Imagen-de-WhatsApp-2025-07-11-a-las-10.10.03_602486c7-768x768.jpg\" data-srcset=\"https:\/\/ceim.cl\/wp-content\/uploads\/2025\/07\/Imagen-de-WhatsApp-2025-07-11-a-las-10.10.03_602486c7-768x768.jpg 768w, https:\/\/ceim.cl\/wp-content\/uploads\/2025\/07\/Imagen-de-WhatsApp-2025-07-11-a-las-10.10.03_602486c7-1152x1152.jpg 1152w\" loading=\"eager\" style=\"--ratio: 768 \/ 768\" sizes=\"(max-width: 768px) 100vw, 768px\" alt=\"\" title=\"Imagen de WhatsApp 2025-07-11 a las 10.10.03_602486c7\" width=\"768\" height=\"768\"  \/><\/a>\t<\/div>\n<\/div>\n\n\n<div class=\"post-entry-content\">\n\n\t<h3 class=\"entry-title\">\n\t\t<a href=\"https:\/\/ceim.cl\/en\/talento-joven-y-nuevas-ideas-llegan-a-ceim-estudiantes-de-la-ua-comienzan-un-desafio-de-innovacion-aplicada-como-parte-de-ingeniumlab\/\" title=\"Talento joven y nuevas ideas llegan a CEIM: estudiantes de la UA comienzan un desaf\u00edo de innovaci\u00f3n aplicada como parte de IngeniumLab\" rel=\"bookmark\">Talento joven y nuevas ideas llegan a CEIM: estudiantes de la UA comienzan un desaf\u00edo de innovaci\u00f3n aplicada como parte de IngeniumLab<\/a>\n\t<\/h3>\n\n\t\n\t<div class=\"entry-excerpt\"><p>Iniciativa busca vincular el talento universitario en formaci\u00f3n con desaf\u00edos reales de la industria Estudiantes de la Universidad de Antofagasta&hellip;<\/p>\n<\/div>\n\t\n<a href=\"https:\/\/ceim.cl\/en\/talento-joven-y-nuevas-ideas-llegan-a-ceim-estudiantes-de-la-ua-comienzan-un-desafio-de-innovacion-aplicada-como-parte-de-ingeniumlab\/\" class=\"dt-btn-s dt-btn post-details details-type-btn\" aria-label=\"Read more about Talento joven y nuevas ideas llegan a CEIM: estudiantes de la UA comienzan un desaf\u00edo de innovaci\u00f3n aplicada como parte de IngeniumLab\">Read more<i class=\"dt-icon-the7-arrow-03\" aria-hidden=\"true\"><\/i><\/a>\n\n<\/div><\/article><\/div><div class=\"hidden wf-cell\" data-post-id=\"40746\" data-date=\"2025-07-10T18:43:30-04:00\" data-name=\"Nuevo escenario en simulador CEIM permite entrenar interacci\u00f3n en zonas aut\u00f3nomas\"><article class=\"post project-odd visible post-40746 type-post status-publish format-standard has-post-thumbnail hentry category-capacitacion-empresas category-noticias category-noticias-destacadas category-noticias2 category-principal-home tag-capacitacion tag-electricidad tag-expomin tag-industrial tag-industrias tag-mineria-2 category-283 category-1 category-73 category-99 category-275\" data-name=\"Nuevo escenario en simulador CEIM permite entrenar interacci\u00f3n en zonas aut\u00f3nomas\" data-date=\"2025-07-10T18:43:30-04:00\">\n\n<div class=\"post-thumbnail-wrap\">\n\t<div class=\"post-thumbnail\">\n\t\t\n\t\t\n\t\t<a href=\"https:\/\/ceim.cl\/en\/nuevo-escenario-en-simulador-ceim-permite-entrenar-interaccion-en-zonas-autonomas\/\" class=\"post-thumbnail-rollover layzr-bg layzr-bg\" ><img decoding=\"async\" class=\"iso-lazy-load preload-me iso-lazy-load aspect\" src=\"data:image\/svg+xml,%3Csvg%20xmlns%3D&#39;http%3A%2F%2Fwww.w3.org%2F2000%2Fsvg&#39;%20viewBox%3D&#39;0%200%20720%20720&#39;%2F%3E\" data-src=\"https:\/\/ceim.cl\/wp-content\/uploads\/2025\/07\/Imagen-de-WhatsApp-2025-07-10-a-las-18.39.00_b603095c-720x720.jpg\" data-srcset=\"https:\/\/ceim.cl\/wp-content\/uploads\/2025\/07\/Imagen-de-WhatsApp-2025-07-10-a-las-18.39.00_b603095c-720x720.jpg 720w\" loading=\"eager\" style=\"--ratio: 720 \/ 720\" sizes=\"(max-width: 720px) 100vw, 720px\" alt=\"\" title=\"Imagen de WhatsApp 2025-07-10 a las 18.39.00_b603095c\" width=\"720\" height=\"720\"  \/><\/a>\t<\/div>\n<\/div>\n\n\n<div class=\"post-entry-content\">\n\n\t<h3 class=\"entry-title\">\n\t\t<a href=\"https:\/\/ceim.cl\/en\/nuevo-escenario-en-simulador-ceim-permite-entrenar-interaccion-en-zonas-autonomas\/\" title=\"Nuevo escenario en simulador CEIM permite entrenar interacci\u00f3n en zonas aut\u00f3nomas\" rel=\"bookmark\">Nuevo escenario en simulador CEIM permite entrenar interacci\u00f3n en zonas aut\u00f3nomas<\/a>\n\t<\/h3>\n\n\t\n\t<div class=\"entry-excerpt\"><p>La herramienta instruccional incorpora el concepto de commingling, clave para enfrentar los nuevos desaf\u00edos de la miner\u00eda automatizada. Con el&hellip;<\/p>\n<\/div>\n\t\n<a href=\"https:\/\/ceim.cl\/en\/nuevo-escenario-en-simulador-ceim-permite-entrenar-interaccion-en-zonas-autonomas\/\" class=\"dt-btn-s dt-btn post-details details-type-btn\" aria-label=\"Read more about Nuevo escenario en simulador CEIM permite entrenar interacci\u00f3n en zonas aut\u00f3nomas\">Read more<i class=\"dt-icon-the7-arrow-03\" aria-hidden=\"true\"><\/i><\/a>\n\n<\/div><\/article><\/div><div class=\"hidden wf-cell\" data-post-id=\"40673\" data-date=\"2025-07-08T12:26:15-04:00\" data-name=\"SQM Yodo Nutrici\u00f3n Vegetal lanza programa gratuito de capacitaci\u00f3n en Pozo Almonte junto a CEIM\"><article class=\"post project-odd visible post-40673 type-post status-publish format-standard has-post-thumbnail hentry category-capacitacion-empresas category-noticias category-noticias-destacadas category-noticias2 category-principal-home tag-capacitacion tag-electricidad tag-expomin tag-industrial tag-industrias tag-mineria-2 category-283 category-1 category-73 category-99 category-275\" data-name=\"SQM Yodo Nutrici\u00f3n Vegetal lanza programa gratuito de capacitaci\u00f3n en Pozo Almonte junto a CEIM\" data-date=\"2025-07-08T12:26:15-04:00\">\n\n<div class=\"post-thumbnail-wrap\">\n\t<div class=\"post-thumbnail\">\n\t\t\n\t\t\n\t\t<a href=\"https:\/\/ceim.cl\/en\/sqm-yodo-nutricion-vegetal-lanza-programa-gratuito-de-capacitacion-en-pozo-almonte-junto-a-ceim\/\" class=\"post-thumbnail-rollover layzr-bg layzr-bg\" ><img decoding=\"async\" class=\"iso-lazy-load preload-me iso-lazy-load aspect\" src=\"data:image\/svg+xml,%3Csvg%20xmlns%3D&#39;http%3A%2F%2Fwww.w3.org%2F2000%2Fsvg&#39;%20viewBox%3D&#39;0%200%20768%20768&#39;%2F%3E\" data-src=\"https:\/\/ceim.cl\/wp-content\/uploads\/2025\/07\/3-scaled-768x768.jpeg\" data-srcset=\"https:\/\/ceim.cl\/wp-content\/uploads\/2025\/07\/3-scaled-768x768.jpeg 768w, https:\/\/ceim.cl\/wp-content\/uploads\/2025\/07\/3-scaled-1152x1152.jpeg 1152w\" loading=\"eager\" style=\"--ratio: 768 \/ 768\" sizes=\"(max-width: 768px) 100vw, 768px\" alt=\"\" title=\"3\" width=\"768\" height=\"768\"  \/><\/a>\t<\/div>\n<\/div>\n\n\n<div class=\"post-entry-content\">\n\n\t<h3 class=\"entry-title\">\n\t\t<a href=\"https:\/\/ceim.cl\/en\/sqm-yodo-nutricion-vegetal-lanza-programa-gratuito-de-capacitacion-en-pozo-almonte-junto-a-ceim\/\" title=\"SQM Yodo Nutrici\u00f3n Vegetal lanza programa gratuito de capacitaci\u00f3n en Pozo Almonte junto a CEIM\" rel=\"bookmark\">SQM Yodo Nutrici\u00f3n Vegetal lanza programa gratuito de capacitaci\u00f3n en Pozo Almonte junto a CEIM<\/a>\n\t<\/h3>\n\n\t\n\t<div class=\"entry-excerpt\"><p>La iniciativa busca fortalecer el talento local en oficios mineros. Con el objetivo de impulsar el desarrollo del talento local&hellip;<\/p>\n<\/div>\n\t\n<a href=\"https:\/\/ceim.cl\/en\/sqm-yodo-nutricion-vegetal-lanza-programa-gratuito-de-capacitacion-en-pozo-almonte-junto-a-ceim\/\" class=\"dt-btn-s dt-btn post-details details-type-btn\" aria-label=\"Read more about SQM Yodo Nutrici\u00f3n Vegetal lanza programa gratuito de capacitaci\u00f3n en Pozo Almonte junto a CEIM\">Read more<i class=\"dt-icon-the7-arrow-03\" aria-hidden=\"true\"><\/i><\/a>\n\n<\/div><\/article><\/div><div class=\"hidden wf-cell\" data-post-id=\"40628\" data-date=\"2025-07-07T15:47:46-04:00\" data-name=\"CEIM lidera primer workshop regional sobre infraestructura de carga para electromovilidad\"><article class=\"post project-odd visible post-40628 type-post status-publish format-standard has-post-thumbnail hentry category-capacitacion-empresas category-noticias category-noticias-destacadas category-noticias2 category-principal-home tag-capacitacion tag-electricidad tag-expomin tag-industrial tag-industrias tag-mineria-2 category-283 category-1 category-73 category-99 category-275\" data-name=\"CEIM lidera primer workshop regional sobre infraestructura de carga para electromovilidad\" data-date=\"2025-07-07T15:47:46-04:00\">\n\n<div class=\"post-thumbnail-wrap\">\n\t<div class=\"post-thumbnail\">\n\t\t\n\t\t\n\t\t<a href=\"https:\/\/ceim.cl\/en\/ceim-lidera-primer-workshop-regional-sobre-infraestructura-de-carga-para-electromovilidad\/\" class=\"post-thumbnail-rollover layzr-bg layzr-bg\" ><img decoding=\"async\" class=\"iso-lazy-load preload-me iso-lazy-load aspect\" src=\"data:image\/svg+xml,%3Csvg%20xmlns%3D&#39;http%3A%2F%2Fwww.w3.org%2F2000%2Fsvg&#39;%20viewBox%3D&#39;0%200%20768%20768&#39;%2F%3E\" data-src=\"https:\/\/ceim.cl\/wp-content\/uploads\/2025\/07\/WhatsApp-Image-2025-07-07-at-3.42.59-PM-1-768x768.jpeg\" data-srcset=\"https:\/\/ceim.cl\/wp-content\/uploads\/2025\/07\/WhatsApp-Image-2025-07-07-at-3.42.59-PM-1-768x768.jpeg 768w, https:\/\/ceim.cl\/wp-content\/uploads\/2025\/07\/WhatsApp-Image-2025-07-07-at-3.42.59-PM-1-900x900.jpeg 900w\" loading=\"eager\" style=\"--ratio: 768 \/ 768\" sizes=\"(max-width: 768px) 100vw, 768px\" alt=\"\" title=\"WhatsApp Image 2025-07-07 at 3.42.59 PM (1)\" width=\"768\" height=\"768\"  \/><\/a>\t<\/div>\n<\/div>\n\n\n<div class=\"post-entry-content\">\n\n\t<h3 class=\"entry-title\">\n\t\t<a href=\"https:\/\/ceim.cl\/en\/ceim-lidera-primer-workshop-regional-sobre-infraestructura-de-carga-para-electromovilidad\/\" title=\"CEIM lidera primer workshop regional sobre infraestructura de carga para electromovilidad\" rel=\"bookmark\">CEIM lidera primer workshop regional sobre infraestructura de carga para electromovilidad<\/a>\n\t<\/h3>\n\n\t\n\t<div class=\"entry-excerpt\"><p>La iniciativa reuni\u00f3 a diversos actores del ecosistema energ\u00e9tico para profundizar en los desaf\u00edos y oportunidades que plantea la electromovilidad.&hellip;<\/p>\n<\/div>\n\t\n<a href=\"https:\/\/ceim.cl\/en\/ceim-lidera-primer-workshop-regional-sobre-infraestructura-de-carga-para-electromovilidad\/\" class=\"dt-btn-s dt-btn post-details details-type-btn\" aria-label=\"Read more about CEIM lidera primer workshop regional sobre infraestructura de carga para electromovilidad\">Read more<i class=\"dt-icon-the7-arrow-03\" aria-hidden=\"true\"><\/i><\/a>\n\n<\/div><\/article><\/div><div class=\"hidden wf-cell\" data-post-id=\"40391\" data-date=\"2025-06-30T12:08:44-04:00\" data-name=\"Finaliza segunda versi\u00f3n del Programa de Formaci\u00f3n para Inspectores e Inspectoras\"><article class=\"post project-odd visible post-40391 type-post status-publish format-standard has-post-thumbnail hentry category-capacitacion-empresas category-noticias category-noticias-destacadas category-noticias2 category-principal-home tag-capacitacion tag-electricidad tag-expomin tag-industrial tag-industrias tag-mineria-2 category-283 category-1 category-73 category-99 category-275\" data-name=\"Finaliza segunda versi\u00f3n del Programa de Formaci\u00f3n para Inspectores e Inspectoras\" data-date=\"2025-06-30T12:08:44-04:00\">\n\n<div class=\"post-thumbnail-wrap\">\n\t<div class=\"post-thumbnail\">\n\t\t\n\t\t\n\t\t<a href=\"https:\/\/ceim.cl\/en\/finaliza-segunda-version-del-programa-de-formacion-para-inspectores-e-inspectoras\/\" class=\"post-thumbnail-rollover layzr-bg layzr-bg\" ><img decoding=\"async\" class=\"iso-lazy-load preload-me iso-lazy-load aspect\" src=\"data:image\/svg+xml,%3Csvg%20xmlns%3D&#39;http%3A%2F%2Fwww.w3.org%2F2000%2Fsvg&#39;%20viewBox%3D&#39;0%200%20768%20768&#39;%2F%3E\" data-src=\"https:\/\/ceim.cl\/wp-content\/uploads\/2025\/06\/IMG_0574-scaled-768x768.jpg\" data-srcset=\"https:\/\/ceim.cl\/wp-content\/uploads\/2025\/06\/IMG_0574-scaled-768x768.jpg 768w, https:\/\/ceim.cl\/wp-content\/uploads\/2025\/06\/IMG_0574-scaled-1152x1152.jpg 1152w\" loading=\"eager\" style=\"--ratio: 768 \/ 768\" sizes=\"(max-width: 768px) 100vw, 768px\" alt=\"\" title=\"IMG_0574\" width=\"768\" height=\"768\"  \/><\/a>\t<\/div>\n<\/div>\n\n\n<div class=\"post-entry-content\">\n\n\t<h3 class=\"entry-title\">\n\t\t<a href=\"https:\/\/ceim.cl\/en\/finaliza-segunda-version-del-programa-de-formacion-para-inspectores-e-inspectoras\/\" title=\"Finaliza segunda versi\u00f3n del Programa de Formaci\u00f3n para Inspectores e Inspectoras\" rel=\"bookmark\">Finaliza segunda versi\u00f3n del Programa de Formaci\u00f3n para Inspectores e Inspectoras<\/a>\n\t<\/h3>\n\n\t\n\t<div class=\"entry-excerpt\"><p>La iniciativa impulsada por CEIM Asesor\u00edas promueve la empleabilidad y marca un precedente en la inserci\u00f3n de mujeres en \u00e1reas&hellip;<\/p>\n<\/div>\n\t\n<a href=\"https:\/\/ceim.cl\/en\/finaliza-segunda-version-del-programa-de-formacion-para-inspectores-e-inspectoras\/\" class=\"dt-btn-s dt-btn post-details details-type-btn\" aria-label=\"Read more about Finaliza segunda versi\u00f3n del Programa de Formaci\u00f3n para Inspectores e Inspectoras\">Read more<i class=\"dt-icon-the7-arrow-03\" aria-hidden=\"true\"><\/i><\/a>\n\n<\/div><\/article><\/div><div class=\"hidden wf-cell\" data-post-id=\"40275\" data-date=\"2025-06-27T10:04:35-04:00\" data-name=\"CEIM participa en la inauguraci\u00f3n de la Escuela de Miner\u00eda de Alto Esfuerzo de Codelco El Teniente\"><article class=\"post project-odd visible post-40275 type-post status-publish format-standard has-post-thumbnail hentry category-capacitacion-empresas category-noticias category-noticias-destacadas category-noticias2 category-principal-home tag-capacitacion tag-electricidad tag-expomin tag-industrial tag-industrias tag-mineria-2 category-283 category-1 category-73 category-99 category-275\" data-name=\"CEIM participa en la inauguraci\u00f3n de la Escuela de Miner\u00eda de Alto Esfuerzo de Codelco El Teniente\" data-date=\"2025-06-27T10:04:35-04:00\">\n\n<div class=\"post-thumbnail-wrap\">\n\t<div class=\"post-thumbnail\">\n\t\t\n\t\t\n\t\t<a href=\"https:\/\/ceim.cl\/en\/ceim-participa-en-la-inauguracion-de-la-escuela-de-mineria-de-alto-esfuerzo-de-codelco-el-teniente\/\" class=\"post-thumbnail-rollover layzr-bg layzr-bg\" ><img decoding=\"async\" class=\"iso-lazy-load preload-me iso-lazy-load aspect\" src=\"data:image\/svg+xml,%3Csvg%20xmlns%3D&#39;http%3A%2F%2Fwww.w3.org%2F2000%2Fsvg&#39;%20viewBox%3D&#39;0%200%20720%20720&#39;%2F%3E\" data-src=\"https:\/\/ceim.cl\/wp-content\/uploads\/2025\/06\/INAUGURACION-DE-LA-ESCUELA-MINERIA-DE-ALTOS-ESFUERZOS-DE-EL-TENIENTE-Pensando-en-nuevos-desafios-principalmente-en-nuevas-operaciones-y-sus-complejidades-ademas-de-sentar-las-bases-de-la-Mineria-del-.heic-720x720.jpg\" data-srcset=\"https:\/\/ceim.cl\/wp-content\/uploads\/2025\/06\/INAUGURACION-DE-LA-ESCUELA-MINERIA-DE-ALTOS-ESFUERZOS-DE-EL-TENIENTE-Pensando-en-nuevos-desafios-principalmente-en-nuevas-operaciones-y-sus-complejidades-ademas-de-sentar-las-bases-de-la-Mineria-del-.heic-720x720.jpg 720w\" loading=\"eager\" style=\"--ratio: 720 \/ 720\" sizes=\"(max-width: 720px) 100vw, 720px\" alt=\"\" title=\"INAUGURACI\u00d3N DE LA ESCUELA MINER\u00cdA DE ALTOS ESFUERZOS DE EL TENIENTE Pensando en nuevos desaf\u00edos, principalmente en nuevas operaciones y sus complejidades, adem\u00e1s de sentar las bases de la #Miner\u00eda del .heic\" width=\"720\" height=\"720\"  \/><\/a>\t<\/div>\n<\/div>\n\n\n<div class=\"post-entry-content\">\n\n\t<h3 class=\"entry-title\">\n\t\t<a href=\"https:\/\/ceim.cl\/en\/ceim-participa-en-la-inauguracion-de-la-escuela-de-mineria-de-alto-esfuerzo-de-codelco-el-teniente\/\" title=\"CEIM participa en la inauguraci\u00f3n de la Escuela de Miner\u00eda de Alto Esfuerzo de Codelco El Teniente\" rel=\"bookmark\">CEIM participa en la inauguraci\u00f3n de la Escuela de Miner\u00eda de Alto Esfuerzo de Codelco El Teniente<\/a>\n\t<\/h3>\n\n\t\n\t<div class=\"entry-excerpt\"><p>Iniciativa busca fortalecer la formaci\u00f3n de las y los trabajadores que se desempe\u00f1an en el proyecto Andes Norte. El equipo&hellip;<\/p>\n<\/div>\n\t\n<a href=\"https:\/\/ceim.cl\/en\/ceim-participa-en-la-inauguracion-de-la-escuela-de-mineria-de-alto-esfuerzo-de-codelco-el-teniente\/\" class=\"dt-btn-s dt-btn post-details details-type-btn\" aria-label=\"Read more about CEIM participa en la inauguraci\u00f3n de la Escuela de Miner\u00eda de Alto Esfuerzo de Codelco El Teniente\">Read more<i class=\"dt-icon-the7-arrow-03\" aria-hidden=\"true\"><\/i><\/a>\n\n<\/div><\/article><\/div><div class=\"hidden wf-cell\" data-post-id=\"40201\" data-date=\"2025-06-26T10:06:31-04:00\" data-name=\"PTI Cl\u00faster de Energ\u00eda ofrecer\u00e1 workshop sobre infraestructura de carga para electromovilidad\"><article class=\"post project-odd visible post-40201 type-post status-publish format-standard has-post-thumbnail hentry category-capacitacion-empresas category-noticias category-noticias-destacadas category-noticias2 category-principal-home tag-capacitacion tag-electricidad tag-expomin tag-industrial tag-industrias tag-mineria-2 category-283 category-1 category-73 category-99 category-275\" data-name=\"PTI Cl\u00faster de Energ\u00eda ofrecer\u00e1 workshop sobre infraestructura de carga para electromovilidad\" data-date=\"2025-06-26T10:06:31-04:00\">\n\n<div class=\"post-thumbnail-wrap\">\n\t<div class=\"post-thumbnail\">\n\t\t\n\t\t\n\t\t<a href=\"https:\/\/ceim.cl\/en\/pti-cluster-de-energia-ofrecera-workshop-sobre-infraestructura-de-carga-para-electromovilidad\/\" class=\"post-thumbnail-rollover layzr-bg layzr-bg\" ><img decoding=\"async\" class=\"iso-lazy-load preload-me iso-lazy-load aspect\" src=\"data:image\/svg+xml,%3Csvg%20xmlns%3D&#39;http%3A%2F%2Fwww.w3.org%2F2000%2Fsvg&#39;%20viewBox%3D&#39;0%200%20768%20768&#39;%2F%3E\" data-src=\"https:\/\/ceim.cl\/wp-content\/uploads\/2025\/06\/auto-electrico-scaled-768x768.jpg\" data-srcset=\"https:\/\/ceim.cl\/wp-content\/uploads\/2025\/06\/auto-electrico-scaled-768x768.jpg 768w, https:\/\/ceim.cl\/wp-content\/uploads\/2025\/06\/auto-electrico-scaled-1152x1152.jpg 1152w\" loading=\"eager\" style=\"--ratio: 768 \/ 768\" sizes=\"(max-width: 768px) 100vw, 768px\" alt=\"\" title=\"auto electrico\" width=\"768\" height=\"768\"  \/><\/a>\t<\/div>\n<\/div>\n\n\n<div class=\"post-entry-content\">\n\n\t<h3 class=\"entry-title\">\n\t\t<a href=\"https:\/\/ceim.cl\/en\/pti-cluster-de-energia-ofrecera-workshop-sobre-infraestructura-de-carga-para-electromovilidad\/\" title=\"PTI Cl\u00faster de Energ\u00eda ofrecer\u00e1 workshop sobre infraestructura de carga para electromovilidad\" rel=\"bookmark\">PTI Cl\u00faster de Energ\u00eda ofrecer\u00e1 workshop sobre infraestructura de carga para electromovilidad<\/a>\n\t<\/h3>\n\n\t\n\t<div class=\"entry-excerpt\"><p>PTI Cl\u00faster de Energ\u00eda ofrecer\u00e1 workshop sobre infraestructura de carga para electromovilidad Sesi\u00f3n t\u00e9cnica contar\u00e1 con la participaci\u00f3n de un&hellip;<\/p>\n<\/div>\n\t\n<a href=\"https:\/\/ceim.cl\/en\/pti-cluster-de-energia-ofrecera-workshop-sobre-infraestructura-de-carga-para-electromovilidad\/\" class=\"dt-btn-s dt-btn post-details details-type-btn\" aria-label=\"Read more about PTI Cl\u00faster de Energ\u00eda ofrecer\u00e1 workshop sobre infraestructura de carga para electromovilidad\">Read more<i class=\"dt-icon-the7-arrow-03\" aria-hidden=\"true\"><\/i><\/a>\n\n<\/div><\/article><\/div><div class=\"hidden wf-cell\" data-post-id=\"40191\" data-date=\"2025-06-25T15:14:29-04:00\" data-name=\"Bar\u00f3metro Regional 2025: CEIM lidera en confianza ciudadana\"><article class=\"post project-odd visible post-40191 type-post status-publish format-standard has-post-thumbnail hentry category-capacitacion-empresas category-noticias category-noticias-destacadas category-noticias2 category-principal-home tag-capacitacion tag-electricidad tag-expomin tag-industrial tag-industrias tag-mineria-2 category-283 category-1 category-73 category-99 category-275\" data-name=\"Bar\u00f3metro Regional 2025: CEIM lidera en confianza ciudadana\" data-date=\"2025-06-25T15:14:29-04:00\">\n\n<div class=\"post-thumbnail-wrap\">\n\t<div class=\"post-thumbnail\">\n\t\t\n\t\t\n\t\t<a href=\"https:\/\/ceim.cl\/en\/barometro-regional-2025-ceim-lidera-en-confianza-ciudadana\/\" class=\"post-thumbnail-rollover layzr-bg layzr-bg\" ><img decoding=\"async\" class=\"iso-lazy-load preload-me iso-lazy-load aspect\" src=\"data:image\/svg+xml,%3Csvg%20xmlns%3D&#39;http%3A%2F%2Fwww.w3.org%2F2000%2Fsvg&#39;%20viewBox%3D&#39;0%200%20768%20768&#39;%2F%3E\" data-src=\"https:\/\/ceim.cl\/wp-content\/uploads\/2025\/06\/Imagen-de-WhatsApp-2025-06-24-a-las-16.01.26_a7d29b27-scaled-768x768.jpg\" data-srcset=\"https:\/\/ceim.cl\/wp-content\/uploads\/2025\/06\/Imagen-de-WhatsApp-2025-06-24-a-las-16.01.26_a7d29b27-scaled-768x768.jpg 768w, https:\/\/ceim.cl\/wp-content\/uploads\/2025\/06\/Imagen-de-WhatsApp-2025-06-24-a-las-16.01.26_a7d29b27-scaled-1152x1152.jpg 1152w\" loading=\"eager\" style=\"--ratio: 768 \/ 768\" sizes=\"(max-width: 768px) 100vw, 768px\" alt=\"\" title=\"Imagen de WhatsApp 2025-06-24 a las 16.01.26_a7d29b27\" width=\"768\" height=\"768\"  \/><\/a>\t<\/div>\n<\/div>\n\n\n<div class=\"post-entry-content\">\n\n\t<h3 class=\"entry-title\">\n\t\t<a href=\"https:\/\/ceim.cl\/en\/barometro-regional-2025-ceim-lidera-en-confianza-ciudadana\/\" title=\"Bar\u00f3metro Regional 2025: CEIM lidera en confianza ciudadana\" rel=\"bookmark\">Bar\u00f3metro Regional 2025: CEIM lidera en confianza ciudadana<\/a>\n\t<\/h3>\n\n\t\n\t<div class=\"entry-excerpt\"><p>Los resultados fueron entregados en el marco del Seminario Bar\u00f3metro Regional, evento que reuni\u00f3 a autoridades, representantes de la academia,&hellip;<\/p>\n<\/div>\n\t\n<a href=\"https:\/\/ceim.cl\/en\/barometro-regional-2025-ceim-lidera-en-confianza-ciudadana\/\" class=\"dt-btn-s dt-btn post-details details-type-btn\" aria-label=\"Read more about Bar\u00f3metro Regional 2025: CEIM lidera en confianza ciudadana\">Read more<i class=\"dt-icon-the7-arrow-03\" aria-hidden=\"true\"><\/i><\/a>\n\n<\/div><\/article><\/div><div class=\"hidden wf-cell\" data-post-id=\"40134\" data-date=\"2025-06-24T09:58:11-04:00\" data-name=\"CEIM implementa nueva plataforma de Realidad Virtual Multiusuario\"><article class=\"post project-odd visible post-40134 type-post status-publish format-standard has-post-thumbnail hentry category-capacitacion-empresas category-noticias category-noticias-destacadas category-noticias2 category-principal-home tag-capacitacion tag-electricidad tag-expomin tag-industrial tag-industrias tag-mineria-2 category-283 category-1 category-73 category-99 category-275\" data-name=\"CEIM implementa nueva plataforma de Realidad Virtual Multiusuario\" data-date=\"2025-06-24T09:58:11-04:00\">\n\n<div class=\"post-thumbnail-wrap\">\n\t<div class=\"post-thumbnail\">\n\t\t\n\t\t\n\t\t<a href=\"https:\/\/ceim.cl\/en\/ceim-implementa-nueva-plataforma-de-realidad-virtual-multiusuario\/\" class=\"post-thumbnail-rollover layzr-bg layzr-bg\" ><img decoding=\"async\" class=\"iso-lazy-load preload-me iso-lazy-load aspect\" src=\"data:image\/svg+xml,%3Csvg%20xmlns%3D&#39;http%3A%2F%2Fwww.w3.org%2F2000%2Fsvg&#39;%20viewBox%3D&#39;0%200%20768%20768&#39;%2F%3E\" data-src=\"https:\/\/ceim.cl\/wp-content\/uploads\/2025\/06\/WhatsApp-Image-2025-06-23-at-11.07.03-AM-2-768x768.jpeg\" data-srcset=\"https:\/\/ceim.cl\/wp-content\/uploads\/2025\/06\/WhatsApp-Image-2025-06-23-at-11.07.03-AM-2-768x768.jpeg 768w, https:\/\/ceim.cl\/wp-content\/uploads\/2025\/06\/WhatsApp-Image-2025-06-23-at-11.07.03-AM-2-1152x1152.jpeg 1152w\" loading=\"eager\" style=\"--ratio: 768 \/ 768\" sizes=\"(max-width: 768px) 100vw, 768px\" alt=\"\" title=\"WhatsApp Image 2025-06-23 at 11.07.03 AM (2)\" width=\"768\" height=\"768\"  \/><\/a>\t<\/div>\n<\/div>\n\n\n<div class=\"post-entry-content\">\n\n\t<h3 class=\"entry-title\">\n\t\t<a href=\"https:\/\/ceim.cl\/en\/ceim-implementa-nueva-plataforma-de-realidad-virtual-multiusuario\/\" title=\"CEIM implementa nueva plataforma de Realidad Virtual Multiusuario\" rel=\"bookmark\">CEIM implementa nueva plataforma de Realidad Virtual Multiusuario<\/a>\n\t<\/h3>\n\n\t\n\t<div class=\"entry-excerpt\"><p>Herramienta permite que estudiantes interact\u00faen simult\u00e1neamente en un entorno virtual, potenciando el aprendizaje colaborativo. Con el objetivo de enriquecer la&hellip;<\/p>\n<\/div>\n\t\n<a href=\"https:\/\/ceim.cl\/en\/ceim-implementa-nueva-plataforma-de-realidad-virtual-multiusuario\/\" class=\"dt-btn-s dt-btn post-details details-type-btn\" aria-label=\"Read more about CEIM implementa nueva plataforma de Realidad Virtual Multiusuario\">Read more<i class=\"dt-icon-the7-arrow-03\" aria-hidden=\"true\"><\/i><\/a>\n\n<\/div><\/article><\/div><div class=\"hidden wf-cell\" data-post-id=\"40125\" data-date=\"2025-06-24T09:32:47-04:00\" data-name=\"Cl\u00faster de Energ\u00eda present\u00f3 hoja de ruta para el desarrollo energ\u00e9tico regional\"><article class=\"post project-odd visible post-40125 type-post status-publish format-standard has-post-thumbnail hentry category-capacitacion-empresas category-noticias category-noticias-destacadas category-noticias2 category-principal-home tag-capacitacion tag-electricidad tag-expomin tag-industrial tag-industrias tag-mineria-2 category-283 category-1 category-73 category-99 category-275\" data-name=\"Cl\u00faster de Energ\u00eda present\u00f3 hoja de ruta para el desarrollo energ\u00e9tico regional\" data-date=\"2025-06-24T09:32:47-04:00\">\n\n<div class=\"post-thumbnail-wrap\">\n\t<div class=\"post-thumbnail\">\n\t\t\n\t\t\n\t\t<a href=\"https:\/\/ceim.cl\/en\/cluster-de-energia-presento-hoja-de-ruta-para-el-desarrollo-energetico-regional\/\" class=\"post-thumbnail-rollover layzr-bg layzr-bg\" ><img decoding=\"async\" class=\"iso-lazy-load preload-me iso-lazy-load aspect\" src=\"data:image\/svg+xml,%3Csvg%20xmlns%3D&#39;http%3A%2F%2Fwww.w3.org%2F2000%2Fsvg&#39;%20viewBox%3D&#39;0%200%20768%20768&#39;%2F%3E\" data-src=\"https:\/\/ceim.cl\/wp-content\/uploads\/2025\/06\/DJI_20250617_181524_739-rotated-768x768.jpg\" data-srcset=\"https:\/\/ceim.cl\/wp-content\/uploads\/2025\/06\/DJI_20250617_181524_739-rotated-768x768.jpg 768w, https:\/\/ceim.cl\/wp-content\/uploads\/2025\/06\/DJI_20250617_181524_739-rotated-1080x1080.jpg 1080w\" loading=\"eager\" style=\"--ratio: 768 \/ 768\" sizes=\"(max-width: 768px) 100vw, 768px\" alt=\"\" title=\"DJI_20250617_181524_739\" width=\"768\" height=\"768\"  \/><\/a>\t<\/div>\n<\/div>\n\n\n<div class=\"post-entry-content\">\n\n\t<h3 class=\"entry-title\">\n\t\t<a href=\"https:\/\/ceim.cl\/en\/cluster-de-energia-presento-hoja-de-ruta-para-el-desarrollo-energetico-regional\/\" title=\"Cl\u00faster de Energ\u00eda present\u00f3 hoja de ruta para el desarrollo energ\u00e9tico regional\" rel=\"bookmark\">Cl\u00faster de Energ\u00eda present\u00f3 hoja de ruta para el desarrollo energ\u00e9tico regional<\/a>\n\t<\/h3>\n\n\t\n\t<div class=\"entry-excerpt\"><p>Primera sesi\u00f3n tuvo lugar en el Centro de Entrenamiento Industrial y Minero (CEIM), miembro del Cl\u00faster de Energ\u00eda desde el&hellip;<\/p>\n<\/div>\n\t\n<a href=\"https:\/\/ceim.cl\/en\/cluster-de-energia-presento-hoja-de-ruta-para-el-desarrollo-energetico-regional\/\" class=\"dt-btn-s dt-btn post-details details-type-btn\" aria-label=\"Read more about Cl\u00faster de Energ\u00eda present\u00f3 hoja de ruta para el desarrollo energ\u00e9tico regional\">Read more<i class=\"dt-icon-the7-arrow-03\" aria-hidden=\"true\"><\/i><\/a>\n\n<\/div><\/article><\/div><div class=\"hidden wf-cell\" data-post-id=\"39948\" data-date=\"2025-06-17T15:13:38-04:00\" data-name=\"Pro.Play: la innovadora metodolog\u00eda que CEIM ofrece para fortalecer la gesti\u00f3n de equipos en la industria\"><article class=\"post project-odd visible post-39948 type-post status-publish format-standard has-post-thumbnail hentry category-capacitacion-empresas category-noticias category-noticias-destacadas category-noticias2 category-principal-home tag-capacitacion tag-electricidad tag-expomin tag-industrial tag-industrias tag-mineria-2 category-283 category-1 category-73 category-99 category-275\" data-name=\"Pro.Play: la innovadora metodolog\u00eda que CEIM ofrece para fortalecer la gesti\u00f3n de equipos en la industria\" data-date=\"2025-06-17T15:13:38-04:00\">\n\n<div class=\"post-thumbnail-wrap\">\n\t<div class=\"post-thumbnail\">\n\t\t\n\t\t\n\t\t<a href=\"https:\/\/ceim.cl\/en\/pro-play-la-innovadora-metodologia-que-ceim-ofrece-para-fortalecer-la-gestion-de-equipos-en-la-industria\/\" class=\"post-thumbnail-rollover layzr-bg layzr-bg\" ><img decoding=\"async\" class=\"iso-lazy-load preload-me iso-lazy-load aspect\" src=\"data:image\/svg+xml,%3Csvg%20xmlns%3D&#39;http%3A%2F%2Fwww.w3.org%2F2000%2Fsvg&#39;%20viewBox%3D&#39;0%200%20768%20768&#39;%2F%3E\" data-src=\"https:\/\/ceim.cl\/wp-content\/uploads\/2025\/06\/Imagen-de-WhatsApp-2025-06-17-a-las-15.18.54_d2e86abb-scaled-768x768.jpg\" data-srcset=\"https:\/\/ceim.cl\/wp-content\/uploads\/2025\/06\/Imagen-de-WhatsApp-2025-06-17-a-las-15.18.54_d2e86abb-scaled-768x768.jpg 768w, https:\/\/ceim.cl\/wp-content\/uploads\/2025\/06\/Imagen-de-WhatsApp-2025-06-17-a-las-15.18.54_d2e86abb-scaled-1152x1152.jpg 1152w\" loading=\"eager\" style=\"--ratio: 768 \/ 768\" sizes=\"(max-width: 768px) 100vw, 768px\" alt=\"\" title=\"Imagen de WhatsApp 2025-06-17 a las 15.18.54_d2e86abb\" width=\"768\" height=\"768\"  \/><\/a>\t<\/div>\n<\/div>\n\n\n<div class=\"post-entry-content\">\n\n\t<h3 class=\"entry-title\">\n\t\t<a href=\"https:\/\/ceim.cl\/en\/pro-play-la-innovadora-metodologia-que-ceim-ofrece-para-fortalecer-la-gestion-de-equipos-en-la-industria\/\" title=\"Pro.Play: la innovadora metodolog\u00eda que CEIM ofrece para fortalecer la gesti\u00f3n de equipos en la industria\" rel=\"bookmark\">Pro.Play: la innovadora metodolog\u00eda que CEIM ofrece para fortalecer la gesti\u00f3n de equipos en la industria<\/a>\n\t<\/h3>\n\n\t\n\t<div class=\"entry-excerpt\"><p>Metodolog\u00eda busca desarrollar habilidades clave como la articulaci\u00f3n estrat\u00e9gica, la comunicaci\u00f3n efectiva y la toma de decisiones en equipo El&hellip;<\/p>\n<\/div>\n\t\n<a href=\"https:\/\/ceim.cl\/en\/pro-play-la-innovadora-metodologia-que-ceim-ofrece-para-fortalecer-la-gestion-de-equipos-en-la-industria\/\" class=\"dt-btn-s dt-btn post-details details-type-btn\" aria-label=\"Read more about Pro.Play: la innovadora metodolog\u00eda que CEIM ofrece para fortalecer la gesti\u00f3n de equipos en la industria\">Read more<i class=\"dt-icon-the7-arrow-03\" aria-hidden=\"true\"><\/i><\/a>\n\n<\/div><\/article><\/div><div class=\"hidden wf-cell\" data-post-id=\"39813\" data-date=\"2025-06-13T11:39:11-04:00\" data-name=\"Estudiantes de Mar\u00eda Elena participan en programa de formaci\u00f3n en mantenimiento electromec\u00e1nico\"><article class=\"post project-odd visible post-39813 type-post status-publish format-standard has-post-thumbnail hentry category-capacitacion-empresas category-noticias category-noticias-destacadas category-noticias2 category-principal-home tag-capacitacion tag-electricidad tag-expomin tag-industrial tag-industrias tag-mineria-2 category-283 category-1 category-73 category-99 category-275\" data-name=\"Estudiantes de Mar\u00eda Elena participan en programa de formaci\u00f3n en mantenimiento electromec\u00e1nico\" data-date=\"2025-06-13T11:39:11-04:00\">\n\n<div class=\"post-thumbnail-wrap\">\n\t<div class=\"post-thumbnail\">\n\t\t\n\t\t\n\t\t<a href=\"https:\/\/ceim.cl\/en\/estudiantes-de-maria-elena-participan-en-programa-de-formacion-en-mantenimiento-electromecanico\/\" class=\"post-thumbnail-rollover layzr-bg layzr-bg\" ><img decoding=\"async\" class=\"iso-lazy-load preload-me iso-lazy-load aspect\" src=\"data:image\/svg+xml,%3Csvg%20xmlns%3D&#39;http%3A%2F%2Fwww.w3.org%2F2000%2Fsvg&#39;%20viewBox%3D&#39;0%200%20720%20720&#39;%2F%3E\" data-src=\"https:\/\/ceim.cl\/wp-content\/uploads\/2025\/06\/1-720x720.jpeg\" data-srcset=\"https:\/\/ceim.cl\/wp-content\/uploads\/2025\/06\/1-720x720.jpeg 720w\" loading=\"eager\" style=\"--ratio: 720 \/ 720\" sizes=\"(max-width: 720px) 100vw, 720px\" alt=\"\" title=\"1\" width=\"720\" height=\"720\"  \/><\/a>\t<\/div>\n<\/div>\n\n\n<div class=\"post-entry-content\">\n\n\t<h3 class=\"entry-title\">\n\t\t<a href=\"https:\/\/ceim.cl\/en\/estudiantes-de-maria-elena-participan-en-programa-de-formacion-en-mantenimiento-electromecanico\/\" title=\"Estudiantes de Mar\u00eda Elena participan en programa de formaci\u00f3n en mantenimiento electromec\u00e1nico\" rel=\"bookmark\">Estudiantes de Mar\u00eda Elena participan en programa de formaci\u00f3n en mantenimiento electromec\u00e1nico<\/a>\n\t<\/h3>\n\n\t\n\t<div class=\"entry-excerpt\"><p>La iniciativa, financiada por Minera Antucoya y ejecutada por CEIM, busca potenciar el talento local y fortalecer el capital humano&hellip;<\/p>\n<\/div>\n\t\n<a href=\"https:\/\/ceim.cl\/en\/estudiantes-de-maria-elena-participan-en-programa-de-formacion-en-mantenimiento-electromecanico\/\" class=\"dt-btn-s dt-btn post-details details-type-btn\" aria-label=\"Read more about Estudiantes de Mar\u00eda Elena participan en programa de formaci\u00f3n en mantenimiento electromec\u00e1nico\">Read more<i class=\"dt-icon-the7-arrow-03\" aria-hidden=\"true\"><\/i><\/a>\n\n<\/div><\/article><\/div><div class=\"hidden wf-cell\" data-post-id=\"39804\" data-date=\"2025-06-13T10:07:27-04:00\" data-name=\"CEIM desarrolla taller sobre an\u00e1lisis de datos para proveedores mineros en Iquique\"><article class=\"post project-odd visible post-39804 type-post status-publish format-standard has-post-thumbnail hentry category-capacitacion-empresas category-noticias category-noticias-destacadas category-noticias2 category-principal-home tag-capacitacion tag-electricidad tag-expomin tag-industrial tag-industrias tag-mineria-2 category-283 category-1 category-73 category-99 category-275\" data-name=\"CEIM desarrolla taller sobre an\u00e1lisis de datos para proveedores mineros en Iquique\" data-date=\"2025-06-13T10:07:27-04:00\">\n\n<div class=\"post-thumbnail-wrap\">\n\t<div class=\"post-thumbnail\">\n\t\t\n\t\t\n\t\t<a href=\"https:\/\/ceim.cl\/en\/ceim-desarrolla-taller-sobre-analisis-de-datos-para-proveedores-mineros-en-iquique\/\" class=\"post-thumbnail-rollover layzr-bg layzr-bg\" ><img decoding=\"async\" class=\"iso-lazy-load preload-me iso-lazy-load aspect\" src=\"data:image\/svg+xml,%3Csvg%20xmlns%3D&#39;http%3A%2F%2Fwww.w3.org%2F2000%2Fsvg&#39;%20viewBox%3D&#39;0%200%20768%20768&#39;%2F%3E\" data-src=\"https:\/\/ceim.cl\/wp-content\/uploads\/2025\/06\/1-768x768.png\" data-srcset=\"https:\/\/ceim.cl\/wp-content\/uploads\/2025\/06\/1-768x768.png 768w, https:\/\/ceim.cl\/wp-content\/uploads\/2025\/06\/1-827x827.png 827w\" loading=\"eager\" style=\"--ratio: 768 \/ 768\" sizes=\"(max-width: 768px) 100vw, 768px\" alt=\"\" title=\"1\" width=\"768\" height=\"768\"  \/><\/a>\t<\/div>\n<\/div>\n\n\n<div class=\"post-entry-content\">\n\n\t<h3 class=\"entry-title\">\n\t\t<a href=\"https:\/\/ceim.cl\/en\/ceim-desarrolla-taller-sobre-analisis-de-datos-para-proveedores-mineros-en-iquique\/\" title=\"CEIM desarrolla taller sobre an\u00e1lisis de datos para proveedores mineros en Iquique\" rel=\"bookmark\">CEIM desarrolla taller sobre an\u00e1lisis de datos para proveedores mineros en Iquique<\/a>\n\t<\/h3>\n\n\t\n\t<div class=\"entry-excerpt\"><p>La actividad reuni\u00f3 a emprendedores del sector minero para fortalecer sus competencias digitales En el marco del Programa de Difusi\u00f3n&hellip;<\/p>\n<\/div>\n\t\n<a href=\"https:\/\/ceim.cl\/en\/ceim-desarrolla-taller-sobre-analisis-de-datos-para-proveedores-mineros-en-iquique\/\" class=\"dt-btn-s dt-btn post-details details-type-btn\" aria-label=\"Read more about CEIM desarrolla taller sobre an\u00e1lisis de datos para proveedores mineros en Iquique\">Read more<i class=\"dt-icon-the7-arrow-03\" aria-hidden=\"true\"><\/i><\/a>\n\n<\/div><\/article><\/div><div class=\"hidden wf-cell\" data-post-id=\"39380\" data-date=\"2025-05-30T09:58:19-04:00\" data-name=\"Tecnolog\u00eda a la vanguardia: Conoce los modernos simuladores utilizados por CEIM para capacitar operadores de cami\u00f3n de alto tonelaje\"><article class=\"post project-odd visible post-39380 type-post status-publish format-standard has-post-thumbnail hentry category-capacitacion-empresas category-noticias category-noticias-destacadas category-noticias2 category-principal-home tag-capacitacion tag-electricidad tag-expomin tag-industrial tag-industrias tag-mineria-2 category-283 category-1 category-73 category-99 category-275\" data-name=\"Tecnolog\u00eda a la vanguardia: Conoce los modernos simuladores utilizados por CEIM para capacitar operadores de cami\u00f3n de alto tonelaje\" data-date=\"2025-05-30T09:58:19-04:00\">\n\n<div class=\"post-thumbnail-wrap\">\n\t<div class=\"post-thumbnail\">\n\t\t\n\t\t\n\t\t<a href=\"https:\/\/ceim.cl\/en\/tecnologia-a-la-vanguardia-conoce-los-modernos-simuladores-utilizados-por-ceim-para-capacitar-operadores-de-camion-de-alto-tonelaje\/\" class=\"post-thumbnail-rollover layzr-bg layzr-bg\" ><img decoding=\"async\" class=\"iso-lazy-load preload-me iso-lazy-load aspect\" src=\"data:image\/svg+xml,%3Csvg%20xmlns%3D&#39;http%3A%2F%2Fwww.w3.org%2F2000%2Fsvg&#39;%20viewBox%3D&#39;0%200%20768%20768&#39;%2F%3E\" data-src=\"https:\/\/ceim.cl\/wp-content\/uploads\/2025\/05\/Imagen-de-WhatsApp-2025-05-26-a-las-17.21.25_30e72bfe-scaled-768x768.jpg\" data-srcset=\"https:\/\/ceim.cl\/wp-content\/uploads\/2025\/05\/Imagen-de-WhatsApp-2025-05-26-a-las-17.21.25_30e72bfe-scaled-768x768.jpg 768w, https:\/\/ceim.cl\/wp-content\/uploads\/2025\/05\/Imagen-de-WhatsApp-2025-05-26-a-las-17.21.25_30e72bfe-scaled-1152x1152.jpg 1152w\" loading=\"eager\" style=\"--ratio: 768 \/ 768\" sizes=\"(max-width: 768px) 100vw, 768px\" alt=\"\" title=\"Imagen de WhatsApp 2025-05-26 a las 17.21.25_30e72bfe\" width=\"768\" height=\"768\"  \/><\/a>\t<\/div>\n<\/div>\n\n\n<div class=\"post-entry-content\">\n\n\t<h3 class=\"entry-title\">\n\t\t<a href=\"https:\/\/ceim.cl\/en\/tecnologia-a-la-vanguardia-conoce-los-modernos-simuladores-utilizados-por-ceim-para-capacitar-operadores-de-camion-de-alto-tonelaje\/\" title=\"Tecnolog\u00eda a la vanguardia: Conoce los modernos simuladores utilizados por CEIM para capacitar operadores de cami\u00f3n de alto tonelaje\" rel=\"bookmark\">Tecnolog\u00eda a la vanguardia: Conoce los modernos simuladores utilizados por CEIM para capacitar operadores de cami\u00f3n de alto tonelaje<\/a>\n\t<\/h3>\n\n\t\n\t<div class=\"entry-excerpt\"><p>En Chile, es la \u00fanica OTEC que dispone de estas herramientas para prop\u00f3sitos instruccionales. El Centro de Entrenamiento Industrial y&hellip;<\/p>\n<\/div>\n\t\n<a href=\"https:\/\/ceim.cl\/en\/tecnologia-a-la-vanguardia-conoce-los-modernos-simuladores-utilizados-por-ceim-para-capacitar-operadores-de-camion-de-alto-tonelaje\/\" class=\"dt-btn-s dt-btn post-details details-type-btn\" aria-label=\"Read more about Tecnolog\u00eda a la vanguardia: Conoce los modernos simuladores utilizados por CEIM para capacitar operadores de cami\u00f3n de alto tonelaje\">Read more<i class=\"dt-icon-the7-arrow-03\" aria-hidden=\"true\"><\/i><\/a>\n\n<\/div><\/article><\/div><div class=\"hidden wf-cell\" data-post-id=\"39367\" data-date=\"2025-05-30T09:49:33-04:00\" data-name=\"Ingeniumlab sigue avanzando: CEIM presenta desaf\u00edos estrat\u00e9gicos a estudiantes de la Universidad de Antofagasta\"><article class=\"post project-odd visible post-39367 type-post status-publish format-standard has-post-thumbnail hentry category-capacitacion-empresas category-ingeniumlab category-noticias category-noticias-destacadas category-noticias2 category-principal-home tag-capacitacion tag-electricidad tag-expomin tag-industrial tag-industrias tag-mineria-2 category-283 category-334 category-1 category-73 category-99 category-275\" data-name=\"Ingeniumlab sigue avanzando: CEIM presenta desaf\u00edos estrat\u00e9gicos a estudiantes de la Universidad de Antofagasta\" data-date=\"2025-05-30T09:49:33-04:00\">\n\n<div class=\"post-thumbnail-wrap\">\n\t<div class=\"post-thumbnail\">\n\t\t\n\t\t\n\t\t<a href=\"https:\/\/ceim.cl\/en\/ingeniumlab-sigue-avanzando-ceim-presenta-desafios-estrategicos-a-estudiantes-de-la-universidad-de-antofagasta\/\" class=\"post-thumbnail-rollover layzr-bg layzr-bg\" ><img decoding=\"async\" class=\"iso-lazy-load preload-me iso-lazy-load aspect\" src=\"data:image\/svg+xml,%3Csvg%20xmlns%3D&#39;http%3A%2F%2Fwww.w3.org%2F2000%2Fsvg&#39;%20viewBox%3D&#39;0%200%20768%20768&#39;%2F%3E\" data-src=\"https:\/\/ceim.cl\/wp-content\/uploads\/2025\/05\/Imagen-de-WhatsApp-2025-05-27-a-las-17.50.57_d017c56e-scaled-768x768.jpg\" data-srcset=\"https:\/\/ceim.cl\/wp-content\/uploads\/2025\/05\/Imagen-de-WhatsApp-2025-05-27-a-las-17.50.57_d017c56e-scaled-768x768.jpg 768w, https:\/\/ceim.cl\/wp-content\/uploads\/2025\/05\/Imagen-de-WhatsApp-2025-05-27-a-las-17.50.57_d017c56e-scaled-1152x1152.jpg 1152w\" loading=\"eager\" style=\"--ratio: 768 \/ 768\" sizes=\"(max-width: 768px) 100vw, 768px\" alt=\"\" title=\"Imagen de WhatsApp 2025-05-27 a las 17.50.57_d017c56e\" width=\"768\" height=\"768\"  \/><\/a>\t<\/div>\n<\/div>\n\n\n<div class=\"post-entry-content\">\n\n\t<h3 class=\"entry-title\">\n\t\t<a href=\"https:\/\/ceim.cl\/en\/ingeniumlab-sigue-avanzando-ceim-presenta-desafios-estrategicos-a-estudiantes-de-la-universidad-de-antofagasta\/\" title=\"Ingeniumlab sigue avanzando: CEIM presenta desaf\u00edos estrat\u00e9gicos a estudiantes de la Universidad de Antofagasta\" rel=\"bookmark\">Ingeniumlab sigue avanzando: CEIM presenta desaf\u00edos estrat\u00e9gicos a estudiantes de la Universidad de Antofagasta<\/a>\n\t<\/h3>\n\n\t\n\t<div class=\"entry-excerpt\"><p>La iniciativa de innovaci\u00f3n abierta busca conectar a estudiantes con desaf\u00edos de la industria regional, permiti\u00e9ndoles generar soluciones. En el&hellip;<\/p>\n<\/div>\n\t\n<a href=\"https:\/\/ceim.cl\/en\/ingeniumlab-sigue-avanzando-ceim-presenta-desafios-estrategicos-a-estudiantes-de-la-universidad-de-antofagasta\/\" class=\"dt-btn-s dt-btn post-details details-type-btn\" aria-label=\"Read more about Ingeniumlab sigue avanzando: CEIM presenta desaf\u00edos estrat\u00e9gicos a estudiantes de la Universidad de Antofagasta\">Read more<i class=\"dt-icon-the7-arrow-03\" aria-hidden=\"true\"><\/i><\/a>\n\n<\/div><\/article><\/div><div class=\"hidden wf-cell\" data-post-id=\"39236\" data-date=\"2025-05-27T12:56:28-04:00\" data-name=\"CEIM da inicio a su primer Programa de Aprendices en Miner\u00eda Subterr\u00e1nea para Minera Candelaria\"><article class=\"post project-odd visible post-39236 type-post status-publish format-standard has-post-thumbnail hentry category-capacitacion-empresas category-noticias category-noticias-destacadas category-noticias2 category-principal-home tag-capacitacion tag-electricidad tag-expomin tag-industrial tag-industrias tag-mineria-2 category-283 category-1 category-73 category-99 category-275\" data-name=\"CEIM da inicio a su primer Programa de Aprendices en Miner\u00eda Subterr\u00e1nea para Minera Candelaria\" data-date=\"2025-05-27T12:56:28-04:00\">\n\n<div class=\"post-thumbnail-wrap\">\n\t<div class=\"post-thumbnail\">\n\t\t\n\t\t\n\t\t<a href=\"https:\/\/ceim.cl\/en\/ceim-da-inicio-a-su-primer-programa-de-aprendices-en-mineria-subterranea-para-minera-candelaria\/\" class=\"post-thumbnail-rollover layzr-bg layzr-bg\" ><img decoding=\"async\" class=\"iso-lazy-load preload-me iso-lazy-load aspect\" src=\"data:image\/svg+xml,%3Csvg%20xmlns%3D&#39;http%3A%2F%2Fwww.w3.org%2F2000%2Fsvg&#39;%20viewBox%3D&#39;0%200%20768%20768&#39;%2F%3E\" data-src=\"https:\/\/ceim.cl\/wp-content\/uploads\/2025\/05\/IMG_20250522_112347-scaled-768x768.jpg\" data-srcset=\"https:\/\/ceim.cl\/wp-content\/uploads\/2025\/05\/IMG_20250522_112347-scaled-768x768.jpg 768w, https:\/\/ceim.cl\/wp-content\/uploads\/2025\/05\/IMG_20250522_112347-scaled-1152x1152.jpg 1152w\" loading=\"eager\" style=\"--ratio: 768 \/ 768\" sizes=\"(max-width: 768px) 100vw, 768px\" alt=\"\" title=\"IMG_20250522_112347\" width=\"768\" height=\"768\"  \/><\/a>\t<\/div>\n<\/div>\n\n\n<div class=\"post-entry-content\">\n\n\t<h3 class=\"entry-title\">\n\t\t<a href=\"https:\/\/ceim.cl\/en\/ceim-da-inicio-a-su-primer-programa-de-aprendices-en-mineria-subterranea-para-minera-candelaria\/\" title=\"CEIM da inicio a su primer Programa de Aprendices en Miner\u00eda Subterr\u00e1nea para Minera Candelaria\" rel=\"bookmark\">CEIM da inicio a su primer Programa de Aprendices en Miner\u00eda Subterr\u00e1nea para Minera Candelaria<\/a>\n\t<\/h3>\n\n\t\n\t<div class=\"entry-excerpt\"><p>Iniciativa marca un hito para CEIM fortaleciendo su rol como socio estrat\u00e9gico de la industria minera Con una ceremonia de&hellip;<\/p>\n<\/div>\n\t\n<a href=\"https:\/\/ceim.cl\/en\/ceim-da-inicio-a-su-primer-programa-de-aprendices-en-mineria-subterranea-para-minera-candelaria\/\" class=\"dt-btn-s dt-btn post-details details-type-btn\" aria-label=\"Read more about CEIM da inicio a su primer Programa de Aprendices en Miner\u00eda Subterr\u00e1nea para Minera Candelaria\">Read more<i class=\"dt-icon-the7-arrow-03\" aria-hidden=\"true\"><\/i><\/a>\n\n<\/div><\/article><\/div><div class=\"hidden wf-cell\" data-post-id=\"36031\" data-date=\"2025-04-15T10:36:05-04:00\" data-name=\"Nos vamos a Tierra Amarilla: CEIM ejecuta Formaci\u00f3n de Aprendices para Minera Candelaria\"><article class=\"post project-odd visible post-36031 type-post status-publish format-standard has-post-thumbnail hentry category-capacitacion-empresas category-noticias category-noticias-destacadas category-noticias2 category-principal-home tag-calificacion tag-camion tag-ceim tag-iquique tag-laserena tag-mineria-2 tag-salamanca tag-santiago tag-soldadura category-283 category-1 category-73 category-99 category-275\" data-name=\"Nos vamos a Tierra Amarilla: CEIM ejecuta Formaci\u00f3n de Aprendices para Minera Candelaria\" data-date=\"2025-04-15T10:36:05-04:00\">\n\n<div class=\"post-thumbnail-wrap\">\n\t<div class=\"post-thumbnail\">\n\t\t\n\t\t\n\t\t<a href=\"https:\/\/ceim.cl\/en\/nos-vamos-a-tierra-amarilla-ceim-ejecuta-el-formacion-de-aprendices-para-minera-candelaria\/\" class=\"post-thumbnail-rollover layzr-bg layzr-bg\" ><img decoding=\"async\" class=\"iso-lazy-load preload-me iso-lazy-load aspect\" src=\"data:image\/svg+xml,%3Csvg%20xmlns%3D&#39;http%3A%2F%2Fwww.w3.org%2F2000%2Fsvg&#39;%20viewBox%3D&#39;0%200%20721%20721&#39;%2F%3E\" data-src=\"https:\/\/ceim.cl\/wp-content\/uploads\/2025\/04\/ProgramadeAprendices-Minera-Candelaria-2025-1-721x721.jpg\" data-srcset=\"https:\/\/ceim.cl\/wp-content\/uploads\/2025\/04\/ProgramadeAprendices-Minera-Candelaria-2025-1-721x721.jpg 721w\" loading=\"eager\" style=\"--ratio: 721 \/ 721\" sizes=\"(max-width: 721px) 100vw, 721px\" alt=\"\" title=\"ProgramadeAprendices-Minera-Candelaria-2025\" width=\"721\" height=\"721\"  \/><\/a>\t<\/div>\n<\/div>\n\n\n<div class=\"post-entry-content\">\n\n\t<h3 class=\"entry-title\">\n\t\t<a href=\"https:\/\/ceim.cl\/en\/nos-vamos-a-tierra-amarilla-ceim-ejecuta-el-formacion-de-aprendices-para-minera-candelaria\/\" title=\"Nos vamos a Tierra Amarilla: CEIM ejecuta Formaci\u00f3n de Aprendices para Minera Candelaria\" rel=\"bookmark\">Nos vamos a Tierra Amarilla: CEIM ejecuta Formaci\u00f3n de Aprendices para Minera Candelaria<\/a>\n\t<\/h3>\n\n\t\n\t<div class=\"entry-excerpt\"><p>24 personas participar\u00e1n en el programa T\u00e9cnicas de Operaci\u00f3n de Cami\u00f3n de Extracci\u00f3n, con foco en la equidad de g\u00e9nero&hellip;<\/p>\n<\/div>\n\t\n<a href=\"https:\/\/ceim.cl\/en\/nos-vamos-a-tierra-amarilla-ceim-ejecuta-el-formacion-de-aprendices-para-minera-candelaria\/\" class=\"dt-btn-s dt-btn post-details details-type-btn\" aria-label=\"Read more about Nos vamos a Tierra Amarilla: CEIM ejecuta Formaci\u00f3n de Aprendices para Minera Candelaria\">Read more<i class=\"dt-icon-the7-arrow-03\" aria-hidden=\"true\"><\/i><\/a>\n\n<\/div><\/article><\/div><div class=\"hidden wf-cell\" data-post-id=\"35860\" data-date=\"2025-04-04T16:15:34-03:00\" data-name=\"Estudiantes del Liceo Instituto del Mar visitaron Sede Iquique\"><article class=\"post project-odd visible post-35860 type-post status-publish format-standard has-post-thumbnail hentry category-capacitacion-empresas category-conecta-ceim category-escuela-de-oficios-industriales category-noticias category-noticias-destacadas category-noticias2 category-principal-conecta category-principal-home tag-calificacion tag-camion tag-ceim tag-iquique tag-laserena tag-mineria-2 tag-salamanca tag-santiago tag-soldadura category-283 category-289 category-284 category-1 category-73 category-99 category-290 category-275\" data-name=\"Estudiantes del Liceo Instituto del Mar visitaron Sede Iquique\" data-date=\"2025-04-04T16:15:34-03:00\">\n\n<div class=\"post-thumbnail-wrap\">\n\t<div class=\"post-thumbnail\">\n\t\t\n\t\t\n\t\t<a href=\"https:\/\/ceim.cl\/en\/estudiantes-del-liceo-instituto-del-mar-visitaron-sede-iquique\/\" class=\"post-thumbnail-rollover layzr-bg layzr-bg\" ><img decoding=\"async\" class=\"iso-lazy-load preload-me iso-lazy-load aspect\" src=\"data:image\/svg+xml,%3Csvg%20xmlns%3D&#39;http%3A%2F%2Fwww.w3.org%2F2000%2Fsvg&#39;%20viewBox%3D&#39;0%200%20768%20768&#39;%2F%3E\" data-src=\"https:\/\/ceim.cl\/wp-content\/uploads\/2025\/04\/DSCN0599-scaled-768x768.jpg\" data-srcset=\"https:\/\/ceim.cl\/wp-content\/uploads\/2025\/04\/DSCN0599-scaled-768x768.jpg 768w, https:\/\/ceim.cl\/wp-content\/uploads\/2025\/04\/DSCN0599-scaled-1152x1152.jpg 1152w\" loading=\"eager\" style=\"--ratio: 768 \/ 768\" sizes=\"(max-width: 768px) 100vw, 768px\" alt=\"\" title=\"DSCN0599\" width=\"768\" height=\"768\"  \/><\/a>\t<\/div>\n<\/div>\n\n\n<div class=\"post-entry-content\">\n\n\t<h3 class=\"entry-title\">\n\t\t<a href=\"https:\/\/ceim.cl\/en\/estudiantes-del-liceo-instituto-del-mar-visitaron-sede-iquique\/\" title=\"Estudiantes del Liceo Instituto del Mar visitaron Sede Iquique\" rel=\"bookmark\">Estudiantes del Liceo Instituto del Mar visitaron Sede Iquique<\/a>\n\t<\/h3>\n\n\t\n\t<div class=\"entry-excerpt\"><p>Estudiantes de mec\u00e1nica industrial interactuaron con diversas tecnolog\u00edas que son utilizadas por CEIM en sus procesos instruccionales. Con el objetivo&hellip;<\/p>\n<\/div>\n\t\n<a href=\"https:\/\/ceim.cl\/en\/estudiantes-del-liceo-instituto-del-mar-visitaron-sede-iquique\/\" class=\"dt-btn-s dt-btn post-details details-type-btn\" aria-label=\"Read more about Estudiantes del Liceo Instituto del Mar visitaron Sede Iquique\">Read more<i class=\"dt-icon-the7-arrow-03\" aria-hidden=\"true\"><\/i><\/a>\n\n<\/div><\/article><\/div><div class=\"hidden wf-cell\" data-post-id=\"35820\" data-date=\"2025-04-02T10:58:37-03:00\" data-name=\"CEIM inicia su primer programa abierto a la comunidad en Iquique\"><article class=\"post project-odd visible post-35820 type-post status-publish format-standard has-post-thumbnail hentry category-capacitacion-empresas category-conecta-ceim category-escuela-de-oficios-industriales category-noticias category-noticias-destacadas category-noticias2 category-principal-conecta category-principal-home tag-calificacion tag-camion tag-ceim tag-iquique tag-laserena tag-mineria-2 tag-salamanca tag-santiago tag-soldadura category-283 category-289 category-284 category-1 category-73 category-99 category-290 category-275\" data-name=\"CEIM inicia su primer programa abierto a la comunidad en Iquique\" data-date=\"2025-04-02T10:58:37-03:00\">\n\n<div class=\"post-thumbnail-wrap\">\n\t<div class=\"post-thumbnail\">\n\t\t\n\t\t\n\t\t<a href=\"https:\/\/ceim.cl\/en\/ceim-inicia-su-primer-programa-abierto-a-la-comunidad-en-iquique\/\" class=\"post-thumbnail-rollover layzr-bg layzr-bg\" ><img decoding=\"async\" class=\"iso-lazy-load preload-me iso-lazy-load aspect\" src=\"data:image\/svg+xml,%3Csvg%20xmlns%3D&#39;http%3A%2F%2Fwww.w3.org%2F2000%2Fsvg&#39;%20viewBox%3D&#39;0%200%20768%20768&#39;%2F%3E\" data-src=\"https:\/\/ceim.cl\/wp-content\/uploads\/2025\/04\/1743510922037-scaled-768x768.jpg\" data-srcset=\"https:\/\/ceim.cl\/wp-content\/uploads\/2025\/04\/1743510922037-scaled-768x768.jpg 768w, https:\/\/ceim.cl\/wp-content\/uploads\/2025\/04\/1743510922037-scaled-1152x1152.jpg 1152w\" loading=\"eager\" style=\"--ratio: 768 \/ 768\" sizes=\"(max-width: 768px) 100vw, 768px\" alt=\"\" title=\"1743510922037\" width=\"768\" height=\"768\"  \/><\/a>\t<\/div>\n<\/div>\n\n\n<div class=\"post-entry-content\">\n\n\t<h3 class=\"entry-title\">\n\t\t<a href=\"https:\/\/ceim.cl\/en\/ceim-inicia-su-primer-programa-abierto-a-la-comunidad-en-iquique\/\" title=\"CEIM inicia su primer programa abierto a la comunidad en Iquique\" rel=\"bookmark\">CEIM inicia su primer programa abierto a la comunidad en Iquique<\/a>\n\t<\/h3>\n\n\t\n\t<div class=\"entry-excerpt\"><p>Abriendo nuevas oportunidades de capacitaci\u00f3n para la comunidad. Con el inicio del programa Mantenimiento El\u00e9ctrico Instrumentista, el Centro de Entrenamiento&hellip;<\/p>\n<\/div>\n\t\n<a href=\"https:\/\/ceim.cl\/en\/ceim-inicia-su-primer-programa-abierto-a-la-comunidad-en-iquique\/\" class=\"dt-btn-s dt-btn post-details details-type-btn\" aria-label=\"Read more about CEIM inicia su primer programa abierto a la comunidad en Iquique\">Read more<i class=\"dt-icon-the7-arrow-03\" aria-hidden=\"true\"><\/i><\/a>\n\n<\/div><\/article><\/div><div class=\"hidden wf-cell\" data-post-id=\"35817\" data-date=\"2025-04-02T09:52:03-03:00\" data-name=\"CEIM impulsa la empleabilidad de sus egresados con plataforma digital Conecta\"><article class=\"post project-odd visible post-35817 type-post status-publish format-standard has-post-thumbnail hentry category-capacitacion-empresas category-conecta-ceim category-escuela-de-oficios-industriales category-noticias category-noticias-destacadas category-noticias2 category-principal-conecta category-principal-home tag-calificacion tag-camion tag-ceim tag-iquique tag-laserena tag-mineria-2 tag-salamanca tag-santiago tag-soldadura category-283 category-289 category-284 category-1 category-73 category-99 category-290 category-275\" data-name=\"CEIM impulsa la empleabilidad de sus egresados con plataforma digital Conecta\" data-date=\"2025-04-02T09:52:03-03:00\">\n\n<div class=\"post-thumbnail-wrap\">\n\t<div class=\"post-thumbnail\">\n\t\t\n\t\t\n\t\t<a href=\"https:\/\/ceim.cl\/en\/ceim-impulsa-la-empleabilidad-de-sus-egresados-con-plataforma-digital-conecta\/\" class=\"post-thumbnail-rollover layzr-bg layzr-bg\" ><img decoding=\"async\" class=\"iso-lazy-load preload-me iso-lazy-load aspect\" src=\"data:image\/svg+xml,%3Csvg%20xmlns%3D&#39;http%3A%2F%2Fwww.w3.org%2F2000%2Fsvg&#39;%20viewBox%3D&#39;0%200%20768%20768&#39;%2F%3E\" data-src=\"https:\/\/ceim.cl\/wp-content\/uploads\/2025\/03\/Mantenimiento-mecanico-base-equipos-fijos-scaled-768x768.jpg\" data-srcset=\"https:\/\/ceim.cl\/wp-content\/uploads\/2025\/03\/Mantenimiento-mecanico-base-equipos-fijos-scaled-768x768.jpg 768w, https:\/\/ceim.cl\/wp-content\/uploads\/2025\/03\/Mantenimiento-mecanico-base-equipos-fijos-scaled-1152x1152.jpg 1152w\" loading=\"eager\" style=\"--ratio: 768 \/ 768\" sizes=\"(max-width: 768px) 100vw, 768px\" alt=\"\" title=\"Mantenimiento mec\u00e1nico base equipos fijos\" width=\"768\" height=\"768\"  \/><\/a>\t<\/div>\n<\/div>\n\n\n<div class=\"post-entry-content\">\n\n\t<h3 class=\"entry-title\">\n\t\t<a href=\"https:\/\/ceim.cl\/en\/ceim-impulsa-la-empleabilidad-de-sus-egresados-con-plataforma-digital-conecta\/\" title=\"CEIM impulsa la empleabilidad de sus egresados con plataforma digital Conecta\" rel=\"bookmark\">CEIM impulsa la empleabilidad de sus egresados con plataforma digital Conecta<\/a>\n\t<\/h3>\n\n\t\n\t<div class=\"entry-excerpt\"><p>La herramienta ya cuenta con m\u00e1s de 700 egresados registrados y cerca de 50 empresas que buscan talento t\u00e9cnico calificado.&hellip;<\/p>\n<\/div>\n\t\n<a href=\"https:\/\/ceim.cl\/en\/ceim-impulsa-la-empleabilidad-de-sus-egresados-con-plataforma-digital-conecta\/\" class=\"dt-btn-s dt-btn post-details details-type-btn\" aria-label=\"Read more about CEIM impulsa la empleabilidad de sus egresados con plataforma digital Conecta\">Read more<i class=\"dt-icon-the7-arrow-03\" aria-hidden=\"true\"><\/i><\/a>\n\n<\/div><\/article><\/div><div class=\"hidden wf-cell\" data-post-id=\"35801\" data-date=\"2025-04-01T16:15:59-03:00\" data-name=\"CEIM ampl\u00eda su oferta a nivel nacional con cursos cortos para impulsar el desarrollo laboral en oficios clave\"><article class=\"post project-odd visible post-35801 type-post status-publish format-standard has-post-thumbnail hentry category-capacitacion-empresas category-noticias category-noticias-destacadas category-noticias2 category-principal-home tag-calificacion tag-camion tag-ceim tag-iquique tag-laserena tag-mineria-2 tag-salamanca tag-santiago tag-soldadura category-283 category-1 category-73 category-99 category-275\" data-name=\"CEIM ampl\u00eda su oferta a nivel nacional con cursos cortos para impulsar el desarrollo laboral en oficios clave\" data-date=\"2025-04-01T16:15:59-03:00\">\n\n<div class=\"post-thumbnail-wrap\">\n\t<div class=\"post-thumbnail\">\n\t\t\n\t\t\n\t\t<a href=\"https:\/\/ceim.cl\/en\/ceim-amplia-su-oferta-a-nivel-nacional-con-cursos-cortos-para-impulsar-el-desarrollo-laboral-en-oficios-clave\/\" class=\"post-thumbnail-rollover layzr-bg layzr-bg\" ><img decoding=\"async\" class=\"iso-lazy-load preload-me iso-lazy-load aspect\" src=\"data:image\/svg+xml,%3Csvg%20xmlns%3D&#39;http%3A%2F%2Fwww.w3.org%2F2000%2Fsvg&#39;%20viewBox%3D&#39;0%200%20768%20768&#39;%2F%3E\" data-src=\"https:\/\/ceim.cl\/wp-content\/uploads\/2025\/04\/Alza-persona-768x768.jpeg\" data-srcset=\"https:\/\/ceim.cl\/wp-content\/uploads\/2025\/04\/Alza-persona-768x768.jpeg 768w, https:\/\/ceim.cl\/wp-content\/uploads\/2025\/04\/Alza-persona-960x960.jpeg 960w\" loading=\"eager\" style=\"--ratio: 768 \/ 768\" sizes=\"(max-width: 768px) 100vw, 768px\" alt=\"\" title=\"Alza persona\" width=\"768\" height=\"768\"  \/><\/a>\t<\/div>\n<\/div>\n\n\n<div class=\"post-entry-content\">\n\n\t<h3 class=\"entry-title\">\n\t\t<a href=\"https:\/\/ceim.cl\/en\/ceim-amplia-su-oferta-a-nivel-nacional-con-cursos-cortos-para-impulsar-el-desarrollo-laboral-en-oficios-clave\/\" title=\"CEIM ampl\u00eda su oferta a nivel nacional con cursos cortos para impulsar el desarrollo laboral en oficios clave\" rel=\"bookmark\">CEIM ampl\u00eda su oferta a nivel nacional con cursos cortos para impulsar el desarrollo laboral en oficios clave<\/a>\n\t<\/h3>\n\n\t\n\t<div class=\"entry-excerpt\"><p>Est\u00e1n dise\u00f1ados para ser accesibles, sin necesidad de experiencia previa, permitiendo que m\u00e1s personas ingresen o se reconviertan a oficios&hellip;<\/p>\n<\/div>\n\t\n<a href=\"https:\/\/ceim.cl\/en\/ceim-amplia-su-oferta-a-nivel-nacional-con-cursos-cortos-para-impulsar-el-desarrollo-laboral-en-oficios-clave\/\" class=\"dt-btn-s dt-btn post-details details-type-btn\" aria-label=\"Read more about CEIM ampl\u00eda su oferta a nivel nacional con cursos cortos para impulsar el desarrollo laboral en oficios clave\">Read more<i class=\"dt-icon-the7-arrow-03\" aria-hidden=\"true\"><\/i><\/a>\n\n<\/div><\/article><\/div><div class=\"hidden wf-cell\" data-post-id=\"35005\" data-date=\"2025-01-14T09:22:44-03:00\" data-name=\"CEIM fue reconocido por su aporte a la industria minera durante el 2024\"><article class=\"post project-odd visible post-35005 type-post status-publish format-standard has-post-thumbnail hentry category-capacitacion-empresas category-conecta-ceim category-escuela-de-oficios-industriales category-noticias category-noticias-destacadas category-noticias2 category-principal-conecta category-principal-home tag-antofagasta tag-ceim tag-industria tag-mineria tag-soldadura category-283 category-289 category-284 category-1 category-73 category-99 category-290 category-275\" data-name=\"CEIM fue reconocido por su aporte a la industria minera durante el 2024\" data-date=\"2025-01-14T09:22:44-03:00\">\n\n<div class=\"post-thumbnail-wrap\">\n\t<div class=\"post-thumbnail\">\n\t\t\n\t\t\n\t\t<a href=\"https:\/\/ceim.cl\/en\/ceim-fue-reconocido-por-su-aporte-a-la-industria-minera-durante-el-2024\/\" class=\"post-thumbnail-rollover layzr-bg layzr-bg\" ><img decoding=\"async\" class=\"iso-lazy-load preload-me iso-lazy-load aspect\" src=\"data:image\/svg+xml,%3Csvg%20xmlns%3D&#39;http%3A%2F%2Fwww.w3.org%2F2000%2Fsvg&#39;%20viewBox%3D&#39;0%200%20768%20768&#39;%2F%3E\" data-src=\"https:\/\/ceim.cl\/wp-content\/uploads\/2025\/01\/WhatsApp-Image-2025-01-10-at-1.13.31-PM-768x768.jpeg\" data-srcset=\"https:\/\/ceim.cl\/wp-content\/uploads\/2025\/01\/WhatsApp-Image-2025-01-10-at-1.13.31-PM-768x768.jpeg 768w, https:\/\/ceim.cl\/wp-content\/uploads\/2025\/01\/WhatsApp-Image-2025-01-10-at-1.13.31-PM-1066x1066.jpeg 1066w\" loading=\"eager\" style=\"--ratio: 768 \/ 768\" sizes=\"(max-width: 768px) 100vw, 768px\" alt=\"\" title=\"WhatsApp Image 2025-01-10 at 1.13.31 PM\" width=\"768\" height=\"768\"  \/><\/a>\t<\/div>\n<\/div>\n\n\n<div class=\"post-entry-content\">\n\n\t<h3 class=\"entry-title\">\n\t\t<a href=\"https:\/\/ceim.cl\/en\/ceim-fue-reconocido-por-su-aporte-a-la-industria-minera-durante-el-2024\/\" title=\"CEIM fue reconocido por su aporte a la industria minera durante el 2024\" rel=\"bookmark\">CEIM fue reconocido por su aporte a la industria minera durante el 2024<\/a>\n\t<\/h3>\n\n\t\n\t<div class=\"entry-excerpt\"><p>Distinci\u00f3n otorgada por CCM-Eleva refuerza el compromiso del Centro de Entrenamiento Industrial y Minero el desarrollo de personas para los&hellip;<\/p>\n<\/div>\n\t\n<a href=\"https:\/\/ceim.cl\/en\/ceim-fue-reconocido-por-su-aporte-a-la-industria-minera-durante-el-2024\/\" class=\"dt-btn-s dt-btn post-details details-type-btn\" aria-label=\"Read more about CEIM fue reconocido por su aporte a la industria minera durante el 2024\">Read more<i class=\"dt-icon-the7-arrow-03\" aria-hidden=\"true\"><\/i><\/a>\n\n<\/div><\/article><\/div><div class=\"hidden wf-cell\" data-post-id=\"34999\" data-date=\"2025-01-13T17:51:09-03:00\" data-name=\"CEIM participa en taller de an\u00e1lisis e identificaci\u00f3n de capacitaciones emergentes para la industria del H2V\"><article class=\"post project-odd visible post-34999 type-post status-publish format-standard has-post-thumbnail hentry category-capacitacion-empresas category-conecta-ceim category-escuela-de-oficios-industriales category-noticias category-noticias-destacadas category-noticias2 category-principal-conecta category-principal-home tag-antofagasta tag-ceim tag-industria tag-mineria tag-soldadura category-283 category-289 category-284 category-1 category-73 category-99 category-290 category-275\" data-name=\"CEIM participa en taller de an\u00e1lisis e identificaci\u00f3n de capacitaciones emergentes para la industria del H2V\" data-date=\"2025-01-13T17:51:09-03:00\">\n\n<div class=\"post-thumbnail-wrap\">\n\t<div class=\"post-thumbnail\">\n\t\t\n\t\t\n\t\t<a href=\"https:\/\/ceim.cl\/en\/ceim-participa-en-taller-de-analisis-e-identificacion-de-capacitaciones-emergentes-para-la-industria-del-h2v\/\" class=\"post-thumbnail-rollover layzr-bg layzr-bg\" ><img decoding=\"async\" class=\"iso-lazy-load preload-me iso-lazy-load aspect\" src=\"data:image\/svg+xml,%3Csvg%20xmlns%3D&#39;http%3A%2F%2Fwww.w3.org%2F2000%2Fsvg&#39;%20viewBox%3D&#39;0%200%20768%20768&#39;%2F%3E\" data-src=\"https:\/\/ceim.cl\/wp-content\/uploads\/2025\/01\/WhatsApp-Image-2025-01-13-at-3.26.46-PM-1-768x768.jpeg\" data-srcset=\"https:\/\/ceim.cl\/wp-content\/uploads\/2025\/01\/WhatsApp-Image-2025-01-13-at-3.26.46-PM-1-768x768.jpeg 768w, https:\/\/ceim.cl\/wp-content\/uploads\/2025\/01\/WhatsApp-Image-2025-01-13-at-3.26.46-PM-1-900x900.jpeg 900w\" loading=\"eager\" style=\"--ratio: 768 \/ 768\" sizes=\"(max-width: 768px) 100vw, 768px\" alt=\"\" title=\"WhatsApp Image 2025-01-13 at 3.26.46 PM (1)\" width=\"768\" height=\"768\"  \/><\/a>\t<\/div>\n<\/div>\n\n\n<div class=\"post-entry-content\">\n\n\t<h3 class=\"entry-title\">\n\t\t<a href=\"https:\/\/ceim.cl\/en\/ceim-participa-en-taller-de-analisis-e-identificacion-de-capacitaciones-emergentes-para-la-industria-del-h2v\/\" title=\"CEIM participa en taller de an\u00e1lisis e identificaci\u00f3n de capacitaciones emergentes para la industria del H2V\" rel=\"bookmark\">CEIM participa en taller de an\u00e1lisis e identificaci\u00f3n de capacitaciones emergentes para la industria del H2V<\/a>\n\t<\/h3>\n\n\t\n\t<div class=\"entry-excerpt\"><p>La iniciativa impulsada por AHK Chile (C\u00e1mara Alemana), tiene como principal objetivo identificar oportunidades de mejora en el desarrollo de&hellip;<\/p>\n<\/div>\n\t\n<a href=\"https:\/\/ceim.cl\/en\/ceim-participa-en-taller-de-analisis-e-identificacion-de-capacitaciones-emergentes-para-la-industria-del-h2v\/\" class=\"dt-btn-s dt-btn post-details details-type-btn\" aria-label=\"Read more about CEIM participa en taller de an\u00e1lisis e identificaci\u00f3n de capacitaciones emergentes para la industria del H2V\">Read more<i class=\"dt-icon-the7-arrow-03\" aria-hidden=\"true\"><\/i><\/a>\n\n<\/div><\/article><\/div><div class=\"hidden wf-cell\" data-post-id=\"34982\" data-date=\"2025-01-09T12:22:37-03:00\" data-name=\"Modernas herramientas de Milwaukee llegan a CEIM\"><article class=\"post project-odd visible post-34982 type-post status-publish format-standard has-post-thumbnail hentry category-capacitacion-empresas category-conecta-ceim category-escuela-de-oficios-industriales category-noticias category-noticias-destacadas category-noticias2 category-principal-conecta category-principal-home tag-antofagasta tag-ceim tag-industria tag-mineria-2 tag-soldadura category-283 category-289 category-284 category-1 category-73 category-99 category-290 category-275\" data-name=\"Modernas herramientas de Milwaukee llegan a CEIM\" data-date=\"2025-01-09T12:22:37-03:00\">\n\n<div class=\"post-thumbnail-wrap\">\n\t<div class=\"post-thumbnail\">\n\t\t\n\t\t\n\t\t<a href=\"https:\/\/ceim.cl\/en\/modernas-herramientas-de-milwaukee-llegan-a-ceim\/\" class=\"post-thumbnail-rollover layzr-bg layzr-bg\" ><img decoding=\"async\" class=\"iso-lazy-load preload-me iso-lazy-load aspect\" src=\"data:image\/svg+xml,%3Csvg%20xmlns%3D&#39;http%3A%2F%2Fwww.w3.org%2F2000%2Fsvg&#39;%20viewBox%3D&#39;0%200%20768%20768&#39;%2F%3E\" data-src=\"https:\/\/ceim.cl\/wp-content\/uploads\/2025\/01\/WhatsApp-Image-2025-01-09-at-11.59.29-768x768.jpeg\" data-srcset=\"https:\/\/ceim.cl\/wp-content\/uploads\/2025\/01\/WhatsApp-Image-2025-01-09-at-11.59.29-768x768.jpeg 768w, https:\/\/ceim.cl\/wp-content\/uploads\/2025\/01\/WhatsApp-Image-2025-01-09-at-11.59.29-1152x1152.jpeg 1152w\" loading=\"eager\" style=\"--ratio: 768 \/ 768\" sizes=\"(max-width: 768px) 100vw, 768px\" alt=\"\" title=\"WhatsApp Image 2025-01-09 at 11.59.29\" width=\"768\" height=\"768\"  \/><\/a>\t<\/div>\n<\/div>\n\n\n<div class=\"post-entry-content\">\n\n\t<h3 class=\"entry-title\">\n\t\t<a href=\"https:\/\/ceim.cl\/en\/modernas-herramientas-de-milwaukee-llegan-a-ceim\/\" title=\"Modernas herramientas de Milwaukee llegan a CEIM\" rel=\"bookmark\">Modernas herramientas de Milwaukee llegan a CEIM<\/a>\n\t<\/h3>\n\n\t\n\t<div class=\"entry-excerpt\"><p>Con la llegada de m\u00e1s de 300 herramientas, el convenio que fue firmado y anunciado durante 2024 concret\u00f3 sus primeras&hellip;<\/p>\n<\/div>\n\t\n<a href=\"https:\/\/ceim.cl\/en\/modernas-herramientas-de-milwaukee-llegan-a-ceim\/\" class=\"dt-btn-s dt-btn post-details details-type-btn\" aria-label=\"Read more about Modernas herramientas de Milwaukee llegan a CEIM\">Read more<i class=\"dt-icon-the7-arrow-03\" aria-hidden=\"true\"><\/i><\/a>\n\n<\/div><\/article><\/div><div class=\"hidden wf-cell\" data-post-id=\"34965\" data-date=\"2024-12-23T10:41:44-03:00\" data-name=\"Albemarle finaliza en CEIM Programa de Aprendices 2024 reafirmando su compromiso con el territorio\"><article class=\"post project-odd visible post-34965 type-post status-publish format-standard has-post-thumbnail hentry category-capacitacion-empresas category-noticias category-noticias-destacadas category-noticias2 category-principal-home tag-antofagasta tag-ceim tag-industria tag-litio tag-mineria category-283 category-1 category-73 category-99 category-275\" data-name=\"Albemarle finaliza en CEIM Programa de Aprendices 2024 reafirmando su compromiso con el territorio\" data-date=\"2024-12-23T10:41:44-03:00\">\n\n<div class=\"post-thumbnail-wrap\">\n\t<div class=\"post-thumbnail\">\n\t\t\n\t\t\n\t\t<a href=\"https:\/\/ceim.cl\/en\/albemarle-finaliza-en-ceim-programa-de-aprendices-2024-reafirmando-su-compromiso-con-el-territorio\/\" class=\"post-thumbnail-rollover layzr-bg layzr-bg\" ><img decoding=\"async\" class=\"iso-lazy-load preload-me iso-lazy-load aspect\" src=\"data:image\/svg+xml,%3Csvg%20xmlns%3D&#39;http%3A%2F%2Fwww.w3.org%2F2000%2Fsvg&#39;%20viewBox%3D&#39;0%200%20768%20768&#39;%2F%3E\" data-src=\"https:\/\/ceim.cl\/wp-content\/uploads\/2024\/12\/WhatsApp-Image-2024-12-23-at-10.31.35-AM-1-768x768.jpeg\" data-srcset=\"https:\/\/ceim.cl\/wp-content\/uploads\/2024\/12\/WhatsApp-Image-2024-12-23-at-10.31.35-AM-1-768x768.jpeg 768w, https:\/\/ceim.cl\/wp-content\/uploads\/2024\/12\/WhatsApp-Image-2024-12-23-at-10.31.35-AM-1-1066x1066.jpeg 1066w\" loading=\"eager\" style=\"--ratio: 768 \/ 768\" sizes=\"(max-width: 768px) 100vw, 768px\" alt=\"\" title=\"WhatsApp Image 2024-12-23 at 10.31.35 AM (1)\" width=\"768\" height=\"768\"  \/><\/a>\t<\/div>\n<\/div>\n\n\n<div class=\"post-entry-content\">\n\n\t<h3 class=\"entry-title\">\n\t\t<a href=\"https:\/\/ceim.cl\/en\/albemarle-finaliza-en-ceim-programa-de-aprendices-2024-reafirmando-su-compromiso-con-el-territorio\/\" title=\"Albemarle finaliza en CEIM Programa de Aprendices 2024 reafirmando su compromiso con el territorio\" rel=\"bookmark\">Albemarle finaliza en CEIM Programa de Aprendices 2024 reafirmando su compromiso con el territorio<\/a>\n\t<\/h3>\n\n\t\n\t<div class=\"entry-excerpt\"><p>La cuarta edici\u00f3n de la iniciativa cont\u00f3 con 15 j\u00f3venes formados en operaci\u00f3n de planta de litio, con un enfoque&hellip;<\/p>\n<\/div>\n\t\n<a href=\"https:\/\/ceim.cl\/en\/albemarle-finaliza-en-ceim-programa-de-aprendices-2024-reafirmando-su-compromiso-con-el-territorio\/\" class=\"dt-btn-s dt-btn post-details details-type-btn\" aria-label=\"Read more about Albemarle finaliza en CEIM Programa de Aprendices 2024 reafirmando su compromiso con el territorio\">Read more<i class=\"dt-icon-the7-arrow-03\" aria-hidden=\"true\"><\/i><\/a>\n\n<\/div><\/article><\/div><div class=\"hidden wf-cell\" data-post-id=\"34946\" data-date=\"2024-12-19T15:55:18-03:00\" data-name=\"28 trabajadoras de la planta Las A\u00f1a\u00f1ucas de Codelco Salvador ser\u00e1n capacitadas por CEIM\"><article class=\"post project-odd visible post-34946 type-post status-publish format-standard has-post-thumbnail hentry category-capacitacion-empresas category-noticias category-noticias-destacadas category-noticias2 category-principal-home tag-antofagasta tag-ceim tag-industria tag-mineria category-283 category-1 category-73 category-99 category-275\" data-name=\"28 trabajadoras de la planta Las A\u00f1a\u00f1ucas de Codelco Salvador ser\u00e1n capacitadas por CEIM\" data-date=\"2024-12-19T15:55:18-03:00\">\n\n<div class=\"post-thumbnail-wrap\">\n\t<div class=\"post-thumbnail\">\n\t\t\n\t\t\n\t\t<a href=\"https:\/\/ceim.cl\/en\/28-trabajadoras-de-la-planta-las-ananucas-de-codelco-salvador-seran-capacitadas-por-ceim\/\" class=\"post-thumbnail-rollover layzr-bg layzr-bg\" ><img decoding=\"async\" class=\"iso-lazy-load preload-me iso-lazy-load aspect\" src=\"data:image\/svg+xml,%3Csvg%20xmlns%3D&#39;http%3A%2F%2Fwww.w3.org%2F2000%2Fsvg&#39;%20viewBox%3D&#39;0%200%20719%20719&#39;%2F%3E\" data-src=\"https:\/\/ceim.cl\/wp-content\/uploads\/2024\/12\/WhatsApp-Image-2024-12-19-at-15.53.37-719x719.jpeg\" data-srcset=\"https:\/\/ceim.cl\/wp-content\/uploads\/2024\/12\/WhatsApp-Image-2024-12-19-at-15.53.37-719x719.jpeg 719w\" loading=\"eager\" style=\"--ratio: 719 \/ 719\" sizes=\"(max-width: 719px) 100vw, 719px\" alt=\"\" title=\"WhatsApp Image 2024-12-19 at 15.53.37\" width=\"719\" height=\"719\"  \/><\/a>\t<\/div>\n<\/div>\n\n\n<div class=\"post-entry-content\">\n\n\t<h3 class=\"entry-title\">\n\t\t<a href=\"https:\/\/ceim.cl\/en\/28-trabajadoras-de-la-planta-las-ananucas-de-codelco-salvador-seran-capacitadas-por-ceim\/\" title=\"28 trabajadoras de la planta Las A\u00f1a\u00f1ucas de Codelco Salvador ser\u00e1n capacitadas por CEIM\" rel=\"bookmark\">28 trabajadoras de la planta Las A\u00f1a\u00f1ucas de Codelco Salvador ser\u00e1n capacitadas por CEIM<\/a>\n\t<\/h3>\n\n\t\n\t<div class=\"entry-excerpt\"><p>Durante el proceso formativo, las participantes conocer\u00e1n en detalle los distintos procesos que se desarrollan en la divisi\u00f3n, para luego,&hellip;<\/p>\n<\/div>\n\t\n<a href=\"https:\/\/ceim.cl\/en\/28-trabajadoras-de-la-planta-las-ananucas-de-codelco-salvador-seran-capacitadas-por-ceim\/\" class=\"dt-btn-s dt-btn post-details details-type-btn\" aria-label=\"Read more about 28 trabajadoras de la planta Las A\u00f1a\u00f1ucas de Codelco Salvador ser\u00e1n capacitadas por CEIM\">Read more<i class=\"dt-icon-the7-arrow-03\" aria-hidden=\"true\"><\/i><\/a>\n\n<\/div><\/article><\/div><div class=\"hidden wf-cell\" data-post-id=\"34939\" data-date=\"2024-12-19T15:45:17-03:00\" data-name=\"M\u00e1s 2 mil estudiantes de la Regi\u00f3n de Antofagasta participaron en la tercera versi\u00f3n del programa de educaci\u00f3n tecnol\u00f3gica C\u00f3digo Futuro\"><article class=\"post project-odd visible post-34939 type-post status-publish format-standard has-post-thumbnail hentry category-capacitacion-empresas category-escuela-de-oficios-industriales category-noticias category-noticias-destacadas category-noticias2 category-principal-home tag-antofagasta tag-ceim tag-industria tag-mineria-2 category-283 category-284 category-1 category-73 category-99 category-275\" data-name=\"M\u00e1s 2 mil estudiantes de la Regi\u00f3n de Antofagasta participaron en la tercera versi\u00f3n del programa de educaci\u00f3n tecnol\u00f3gica C\u00f3digo Futuro\" data-date=\"2024-12-19T15:45:17-03:00\">\n\n<div class=\"post-thumbnail-wrap\">\n\t<div class=\"post-thumbnail\">\n\t\t\n\t\t\n\t\t<a href=\"https:\/\/ceim.cl\/en\/mas-2-mil-estudiantes-de-la-region-de-antofagasta-participaron-en-la-tercera-version-del-programa-de-educacion-tecnologica-codigo-futuro\/\" class=\"post-thumbnail-rollover layzr-bg layzr-bg\" ><img decoding=\"async\" class=\"iso-lazy-load preload-me iso-lazy-load aspect\" src=\"data:image\/svg+xml,%3Csvg%20xmlns%3D&#39;http%3A%2F%2Fwww.w3.org%2F2000%2Fsvg&#39;%20viewBox%3D&#39;0%200%20768%20768&#39;%2F%3E\" data-src=\"https:\/\/ceim.cl\/wp-content\/uploads\/2024\/12\/WhatsApp-Image-2024-12-16-at-15.04.19-2-scaled-768x768.jpeg\" data-srcset=\"https:\/\/ceim.cl\/wp-content\/uploads\/2024\/12\/WhatsApp-Image-2024-12-16-at-15.04.19-2-scaled-768x768.jpeg 768w, https:\/\/ceim.cl\/wp-content\/uploads\/2024\/12\/WhatsApp-Image-2024-12-16-at-15.04.19-2-scaled-1152x1152.jpeg 1152w\" loading=\"eager\" style=\"--ratio: 768 \/ 768\" sizes=\"(max-width: 768px) 100vw, 768px\" alt=\"\" title=\"WhatsApp Image 2024-12-16 at 15.04.19 (2)\" width=\"768\" height=\"768\"  \/><\/a>\t<\/div>\n<\/div>\n\n\n<div class=\"post-entry-content\">\n\n\t<h3 class=\"entry-title\">\n\t\t<a href=\"https:\/\/ceim.cl\/en\/mas-2-mil-estudiantes-de-la-region-de-antofagasta-participaron-en-la-tercera-version-del-programa-de-educacion-tecnologica-codigo-futuro\/\" title=\"M\u00e1s 2 mil estudiantes de la Regi\u00f3n de Antofagasta participaron en la tercera versi\u00f3n del programa de educaci\u00f3n tecnol\u00f3gica C\u00f3digo Futuro\" rel=\"bookmark\">M\u00e1s 2 mil estudiantes de la Regi\u00f3n de Antofagasta participaron en la tercera versi\u00f3n del programa de educaci\u00f3n tecnol\u00f3gica C\u00f3digo Futuro<\/a>\n\t<\/h3>\n\n\t\n\t<div class=\"entry-excerpt\"><p>Desde su inicio en 2022, 6 mil estudiantes de tercero y cuarto medio de siete liceos t\u00e9cnico-profesionales han sido capacitados&hellip;<\/p>\n<\/div>\n\t\n<a href=\"https:\/\/ceim.cl\/en\/mas-2-mil-estudiantes-de-la-region-de-antofagasta-participaron-en-la-tercera-version-del-programa-de-educacion-tecnologica-codigo-futuro\/\" class=\"dt-btn-s dt-btn post-details details-type-btn\" aria-label=\"Read more about M\u00e1s 2 mil estudiantes de la Regi\u00f3n de Antofagasta participaron en la tercera versi\u00f3n del programa de educaci\u00f3n tecnol\u00f3gica C\u00f3digo Futuro\">Read more<i class=\"dt-icon-the7-arrow-03\" aria-hidden=\"true\"><\/i><\/a>\n\n<\/div><\/article><\/div><div class=\"hidden wf-cell\" data-post-id=\"34901\" data-date=\"2024-12-13T11:15:55-03:00\" data-name=\"Ministra Aurora Williams destac\u00f3 el impulso en la formaci\u00f3n minera que desarrolla CEIM Tarapac\u00e1\"><article class=\"post project-odd visible post-34901 type-post status-publish format-standard has-post-thumbnail hentry category-capacitacion-empresas category-noticias category-noticias-destacadas category-noticias2 category-principal-home tag-antofagasta tag-ceim tag-h2v tag-industria tag-mineria-2 category-283 category-1 category-73 category-99 category-275\" data-name=\"Ministra Aurora Williams destac\u00f3 el impulso en la formaci\u00f3n minera que desarrolla CEIM Tarapac\u00e1\" data-date=\"2024-12-13T11:15:55-03:00\">\n\n<div class=\"post-thumbnail-wrap\">\n\t<div class=\"post-thumbnail\">\n\t\t\n\t\t\n\t\t<a href=\"https:\/\/ceim.cl\/en\/ministra-aurora-williams-destaco-el-impulso-en-la-formacion-minera-que-desarrolla-ceim-tarapaca\/\" class=\"post-thumbnail-rollover layzr-bg layzr-bg\" ><img decoding=\"async\" class=\"iso-lazy-load preload-me iso-lazy-load aspect\" src=\"data:image\/svg+xml,%3Csvg%20xmlns%3D&#39;http%3A%2F%2Fwww.w3.org%2F2000%2Fsvg&#39;%20viewBox%3D&#39;0%200%20768%20768&#39;%2F%3E\" data-src=\"https:\/\/ceim.cl\/wp-content\/uploads\/2024\/12\/WhatsApp-Image-2024-12-13-at-10.50.57-768x768.jpeg\" data-srcset=\"https:\/\/ceim.cl\/wp-content\/uploads\/2024\/12\/WhatsApp-Image-2024-12-13-at-10.50.57-768x768.jpeg 768w, https:\/\/ceim.cl\/wp-content\/uploads\/2024\/12\/WhatsApp-Image-2024-12-13-at-10.50.57-961x961.jpeg 961w\" loading=\"eager\" style=\"--ratio: 768 \/ 768\" sizes=\"(max-width: 768px) 100vw, 768px\" alt=\"\" title=\"WhatsApp Image 2024-12-13 at 10.50.57\" width=\"768\" height=\"768\"  \/><\/a>\t<\/div>\n<\/div>\n\n\n<div class=\"post-entry-content\">\n\n\t<h3 class=\"entry-title\">\n\t\t<a href=\"https:\/\/ceim.cl\/en\/ministra-aurora-williams-destaco-el-impulso-en-la-formacion-minera-que-desarrolla-ceim-tarapaca\/\" title=\"Ministra Aurora Williams destac\u00f3 el impulso en la formaci\u00f3n minera que desarrolla CEIM Tarapac\u00e1\" rel=\"bookmark\">Ministra Aurora Williams destac\u00f3 el impulso en la formaci\u00f3n minera que desarrolla CEIM Tarapac\u00e1<\/a>\n\t<\/h3>\n\n\t\n\t<div class=\"entry-excerpt\"><p>En su visita al CEIM de Iquique, la ministra de Miner\u00eda, Aurora Williams, destac\u00f3 la importancia de formar capital humano&hellip;<\/p>\n<\/div>\n\t\n<a href=\"https:\/\/ceim.cl\/en\/ministra-aurora-williams-destaco-el-impulso-en-la-formacion-minera-que-desarrolla-ceim-tarapaca\/\" class=\"dt-btn-s dt-btn post-details details-type-btn\" aria-label=\"Read more about Ministra Aurora Williams destac\u00f3 el impulso en la formaci\u00f3n minera que desarrolla CEIM Tarapac\u00e1\">Read more<i class=\"dt-icon-the7-arrow-03\" aria-hidden=\"true\"><\/i><\/a>\n\n<\/div><\/article><\/div><div class=\"hidden wf-cell\" data-post-id=\"34894\" data-date=\"2024-12-13T10:49:08-03:00\" data-name=\"Nuevos talentos de Teck Quebrada Blanca iniciar\u00e1n entrenamiento en CEIM\"><article class=\"post project-odd visible post-34894 type-post status-publish format-standard has-post-thumbnail hentry category-capacitacion-empresas category-noticias category-noticias-destacadas category-noticias2 category-principal-home tag-antofagasta tag-ceim tag-h2v tag-industria tag-mineria-2 category-283 category-1 category-73 category-99 category-275\" data-name=\"Nuevos talentos de Teck Quebrada Blanca iniciar\u00e1n entrenamiento en CEIM\" data-date=\"2024-12-13T10:49:08-03:00\">\n\n<div class=\"post-thumbnail-wrap\">\n\t<div class=\"post-thumbnail\">\n\t\t\n\t\t\n\t\t<a href=\"https:\/\/ceim.cl\/en\/nuevos-talentos-de-teck-quebrada-blanca-iniciaran-entrenamiento-en-ceim\/\" class=\"post-thumbnail-rollover layzr-bg layzr-bg\" ><img decoding=\"async\" class=\"iso-lazy-load preload-me iso-lazy-load aspect\" src=\"data:image\/svg+xml,%3Csvg%20xmlns%3D&#39;http%3A%2F%2Fwww.w3.org%2F2000%2Fsvg&#39;%20viewBox%3D&#39;0%200%20768%20768&#39;%2F%3E\" data-src=\"https:\/\/ceim.cl\/wp-content\/uploads\/2024\/12\/Seremi-de-Mineria-Wladimir-Astudillo-en-la-entrega-de-cascos-1-scaled-768x768.jpg\" data-srcset=\"https:\/\/ceim.cl\/wp-content\/uploads\/2024\/12\/Seremi-de-Mineria-Wladimir-Astudillo-en-la-entrega-de-cascos-1-scaled-768x768.jpg 768w, https:\/\/ceim.cl\/wp-content\/uploads\/2024\/12\/Seremi-de-Mineria-Wladimir-Astudillo-en-la-entrega-de-cascos-1-scaled-1152x1152.jpg 1152w\" loading=\"eager\" style=\"--ratio: 768 \/ 768\" sizes=\"(max-width: 768px) 100vw, 768px\" alt=\"\" title=\"Seremi de Miner\u00eda Wladimir Astudillo en la entrega de cascos\" width=\"768\" height=\"768\"  \/><\/a>\t<\/div>\n<\/div>\n\n\n<div class=\"post-entry-content\">\n\n\t<h3 class=\"entry-title\">\n\t\t<a href=\"https:\/\/ceim.cl\/en\/nuevos-talentos-de-teck-quebrada-blanca-iniciaran-entrenamiento-en-ceim\/\" title=\"Nuevos talentos de Teck Quebrada Blanca iniciar\u00e1n entrenamiento en CEIM\" rel=\"bookmark\">Nuevos talentos de Teck Quebrada Blanca iniciar\u00e1n entrenamiento en CEIM<\/a>\n\t<\/h3>\n\n\t\n\t<div class=\"entry-excerpt\"><p>J\u00f3venes de la Regi\u00f3n de Tarapac\u00e1 fueron seleccionados por la compa\u00f1\u00eda para participar del Programa de Entrenamiento en Mantenimiento y&hellip;<\/p>\n<\/div>\n\t\n<a href=\"https:\/\/ceim.cl\/en\/nuevos-talentos-de-teck-quebrada-blanca-iniciaran-entrenamiento-en-ceim\/\" class=\"dt-btn-s dt-btn post-details details-type-btn\" aria-label=\"Read more about Nuevos talentos de Teck Quebrada Blanca iniciar\u00e1n entrenamiento en CEIM\">Read more<i class=\"dt-icon-the7-arrow-03\" aria-hidden=\"true\"><\/i><\/a>\n\n<\/div><\/article><\/div><div class=\"hidden wf-cell\" data-post-id=\"34619\" data-date=\"2024-10-10T13:20:54-03:00\" data-name=\"En CEIM Sede Salamanca dimos inicio al Programa de Cargadores de Tiro de ENAEX\"><article class=\"post project-odd visible post-34619 type-post status-publish format-standard has-post-thumbnail hentry category-capacitacion-empresas category-noticias category-noticias-destacadas category-noticias2 category-principal-home tag-antofagasta tag-ceim tag-h2v tag-industria tag-mineria-2 category-283 category-1 category-73 category-99 category-275\" data-name=\"En CEIM Sede Salamanca dimos inicio al Programa de Cargadores de Tiro de ENAEX\" data-date=\"2024-10-10T13:20:54-03:00\">\n\n<div class=\"post-thumbnail-wrap\">\n\t<div class=\"post-thumbnail\">\n\t\t\n\t\t\n\t\t<a href=\"https:\/\/ceim.cl\/en\/en-ceim-sede-salamanca-dimos-inicio-al-programa-de-cargadores-de-tiro-de-enaex\/\" class=\"post-thumbnail-rollover layzr-bg layzr-bg\" ><img decoding=\"async\" class=\"iso-lazy-load preload-me iso-lazy-load aspect\" src=\"data:image\/svg+xml,%3Csvg%20xmlns%3D&#39;http%3A%2F%2Fwww.w3.org%2F2000%2Fsvg&#39;%20viewBox%3D&#39;0%200%20768%20768&#39;%2F%3E\" data-src=\"https:\/\/ceim.cl\/wp-content\/uploads\/2024\/10\/WhatsApp-Image-2024-10-10-at-13.08.07-3-1-768x768.jpeg\" data-srcset=\"https:\/\/ceim.cl\/wp-content\/uploads\/2024\/10\/WhatsApp-Image-2024-10-10-at-13.08.07-3-1-768x768.jpeg 768w, https:\/\/ceim.cl\/wp-content\/uploads\/2024\/10\/WhatsApp-Image-2024-10-10-at-13.08.07-3-1-1066x1066.jpeg 1066w\" loading=\"eager\" style=\"--ratio: 768 \/ 768\" sizes=\"(max-width: 768px) 100vw, 768px\" alt=\"\" title=\"WhatsApp Image 2024-10-10 at 13.08.07 (3)\" width=\"768\" height=\"768\"  \/><\/a>\t<\/div>\n<\/div>\n\n\n<div class=\"post-entry-content\">\n\n\t<h3 class=\"entry-title\">\n\t\t<a href=\"https:\/\/ceim.cl\/en\/en-ceim-sede-salamanca-dimos-inicio-al-programa-de-cargadores-de-tiro-de-enaex\/\" title=\"En CEIM Sede Salamanca dimos inicio al Programa de Cargadores de Tiro de ENAEX\" rel=\"bookmark\">En CEIM Sede Salamanca dimos inicio al Programa de Cargadores de Tiro de ENAEX<\/a>\n\t<\/h3>\n\n\t\n\t<div class=\"entry-excerpt\"><p>10 seleccionados, 8 mujeres y 2 hombres, ser\u00e1n parte de este programa que se desarrollar\u00e1 por primera vez en la&hellip;<\/p>\n<\/div>\n\t\n<a href=\"https:\/\/ceim.cl\/en\/en-ceim-sede-salamanca-dimos-inicio-al-programa-de-cargadores-de-tiro-de-enaex\/\" class=\"dt-btn-s dt-btn post-details details-type-btn\" aria-label=\"Read more about En CEIM Sede Salamanca dimos inicio al Programa de Cargadores de Tiro de ENAEX\">Read more<i class=\"dt-icon-the7-arrow-03\" aria-hidden=\"true\"><\/i><\/a>\n\n<\/div><\/article><\/div><div class=\"hidden wf-cell\" data-post-id=\"34605\" data-date=\"2024-10-07T17:16:50-03:00\" data-name=\"Alianza con SAAM Terminals: Portuarios de Iquique y San Antonio ser\u00e1n capacitados por CEIM\"><article class=\"post project-odd visible post-34605 type-post status-publish format-standard has-post-thumbnail hentry category-capacitacion-empresas category-noticias category-noticias-destacadas category-noticias2 category-principal-home tag-antofagasta tag-ceim tag-industria tag-mineria-2 category-283 category-1 category-73 category-99 category-275\" data-name=\"Alianza con SAAM Terminals: Portuarios de Iquique y San Antonio ser\u00e1n capacitados por CEIM\" data-date=\"2024-10-07T17:16:50-03:00\">\n\n<div class=\"post-thumbnail-wrap\">\n\t<div class=\"post-thumbnail\">\n\t\t\n\t\t\n\t\t<a href=\"https:\/\/ceim.cl\/en\/alianza-con-saam-terminals-portuarios-de-iquique-y-san-antonio-seran-capacitados-por-ceim\/\" class=\"post-thumbnail-rollover layzr-bg layzr-bg\" ><img decoding=\"async\" class=\"iso-lazy-load preload-me iso-lazy-load aspect\" src=\"data:image\/svg+xml,%3Csvg%20xmlns%3D&#39;http%3A%2F%2Fwww.w3.org%2F2000%2Fsvg&#39;%20viewBox%3D&#39;0%200%20768%20768&#39;%2F%3E\" data-src=\"https:\/\/ceim.cl\/wp-content\/uploads\/2024\/10\/STI_SAAM-Terminals-1-1-768x768.jpg\" data-srcset=\"https:\/\/ceim.cl\/wp-content\/uploads\/2024\/10\/STI_SAAM-Terminals-1-1-768x768.jpg 768w, https:\/\/ceim.cl\/wp-content\/uploads\/2024\/10\/STI_SAAM-Terminals-1-1-1152x1152.jpg 1152w\" loading=\"eager\" style=\"--ratio: 768 \/ 768\" sizes=\"(max-width: 768px) 100vw, 768px\" alt=\"\" title=\"STI_SAAM Terminals\" width=\"768\" height=\"768\"  \/><\/a>\t<\/div>\n<\/div>\n\n\n<div class=\"post-entry-content\">\n\n\t<h3 class=\"entry-title\">\n\t\t<a href=\"https:\/\/ceim.cl\/en\/alianza-con-saam-terminals-portuarios-de-iquique-y-san-antonio-seran-capacitados-por-ceim\/\" title=\"Alianza con SAAM Terminals: Portuarios de Iquique y San Antonio ser\u00e1n capacitados por CEIM\" rel=\"bookmark\">Alianza con SAAM Terminals: Portuarios de Iquique y San Antonio ser\u00e1n capacitados por CEIM<\/a>\n\t<\/h3>\n\n\t\n\t<div class=\"entry-excerpt\"><p>Esta colaboraci\u00f3n refuerza el desarrollo de capital humano especializado y responde a las necesidades del sector CEIM consolid\u00f3 una alianza&hellip;<\/p>\n<\/div>\n\t\n<a href=\"https:\/\/ceim.cl\/en\/alianza-con-saam-terminals-portuarios-de-iquique-y-san-antonio-seran-capacitados-por-ceim\/\" class=\"dt-btn-s dt-btn post-details details-type-btn\" aria-label=\"Read more about Alianza con SAAM Terminals: Portuarios de Iquique y San Antonio ser\u00e1n capacitados por CEIM\">Read more<i class=\"dt-icon-the7-arrow-03\" aria-hidden=\"true\"><\/i><\/a>\n\n<\/div><\/article><\/div><div class=\"hidden wf-cell\" data-post-id=\"34600\" data-date=\"2024-10-04T14:30:08-03:00\" data-name=\"Spence-BHP inicia en CEIM Programa Mantenimiento Mina para 15 estudiantes de Sierra Gorda\"><article class=\"post project-odd visible post-34600 type-post status-publish format-standard has-post-thumbnail hentry category-capacitacion-empresas category-noticias category-noticias-destacadas category-noticias2 category-principal-home tag-antofagasta tag-ceim tag-industria tag-mineria category-283 category-1 category-73 category-99 category-275\" data-name=\"Spence-BHP inicia en CEIM Programa Mantenimiento Mina para 15 estudiantes de Sierra Gorda\" data-date=\"2024-10-04T14:30:08-03:00\">\n\n<div class=\"post-thumbnail-wrap\">\n\t<div class=\"post-thumbnail\">\n\t\t\n\t\t\n\t\t<a href=\"https:\/\/ceim.cl\/en\/spence-bhp-inicia-en-ceim-programa-mantenimiento-mina-para-15-estudiantes-de-sierra-gorda\/\" class=\"post-thumbnail-rollover layzr-bg layzr-bg\" ><img decoding=\"async\" class=\"iso-lazy-load preload-me iso-lazy-load aspect\" src=\"data:image\/svg+xml,%3Csvg%20xmlns%3D&#39;http%3A%2F%2Fwww.w3.org%2F2000%2Fsvg&#39;%20viewBox%3D&#39;0%200%20768%20768&#39;%2F%3E\" data-src=\"https:\/\/ceim.cl\/wp-content\/uploads\/2024\/10\/3-768x768.jpg\" data-srcset=\"https:\/\/ceim.cl\/wp-content\/uploads\/2024\/10\/3-768x768.jpg 768w, https:\/\/ceim.cl\/wp-content\/uploads\/2024\/10\/3-1152x1152.jpg 1152w\" loading=\"eager\" style=\"--ratio: 768 \/ 768\" sizes=\"(max-width: 768px) 100vw, 768px\" alt=\"\" title=\"3\" width=\"768\" height=\"768\"  \/><\/a>\t<\/div>\n<\/div>\n\n\n<div class=\"post-entry-content\">\n\n\t<h3 class=\"entry-title\">\n\t\t<a href=\"https:\/\/ceim.cl\/en\/spence-bhp-inicia-en-ceim-programa-mantenimiento-mina-para-15-estudiantes-de-sierra-gorda\/\" title=\"Spence-BHP inicia en CEIM Programa Mantenimiento Mina para 15 estudiantes de Sierra Gorda\" rel=\"bookmark\">Spence-BHP inicia en CEIM Programa Mantenimiento Mina para 15 estudiantes de Sierra Gorda<\/a>\n\t<\/h3>\n\n\t\n\t<div class=\"entry-excerpt\"><p>Programa tendr\u00e1 una duraci\u00f3n de 352 horas pedag\u00f3gicas y entregar\u00e1 herramientas para el futuro laboral de estos participantes.&nbsp; Minera Spence-BHP&hellip;<\/p>\n<\/div>\n\t\n<a href=\"https:\/\/ceim.cl\/en\/spence-bhp-inicia-en-ceim-programa-mantenimiento-mina-para-15-estudiantes-de-sierra-gorda\/\" class=\"dt-btn-s dt-btn post-details details-type-btn\" aria-label=\"Read more about Spence-BHP inicia en CEIM Programa Mantenimiento Mina para 15 estudiantes de Sierra Gorda\">Read more<i class=\"dt-icon-the7-arrow-03\" aria-hidden=\"true\"><\/i><\/a>\n\n<\/div><\/article><\/div><div class=\"hidden wf-cell\" data-post-id=\"34536\" data-date=\"2024-09-02T15:51:52-04:00\" data-name=\"Nos fuimos a Rancagua; CEIM particip\u00f3 en ExpoMiner\u00eda Sur 2024\"><article class=\"post project-odd visible post-34536 type-post status-publish format-standard has-post-thumbnail hentry category-capacitacion-empresas category-ceimas category-noticias category-noticias-destacadas category-noticias2 category-principal-home tag-antofagasta tag-ceim tag-industria tag-mineria-2 category-283 category-282 category-1 category-73 category-99 category-275\" data-name=\"Nos fuimos a Rancagua; CEIM particip\u00f3 en ExpoMiner\u00eda Sur 2024\" data-date=\"2024-09-02T15:51:52-04:00\">\n\n<div class=\"post-thumbnail-wrap\">\n\t<div class=\"post-thumbnail\">\n\t\t\n\t\t\n\t\t<a href=\"https:\/\/ceim.cl\/en\/nos-fuimos-a-rancagua-ceim-participo-en-expomineria-sur-2024\/\" class=\"post-thumbnail-rollover layzr-bg layzr-bg\" ><img decoding=\"async\" class=\"iso-lazy-load preload-me iso-lazy-load aspect\" src=\"data:image\/svg+xml,%3Csvg%20xmlns%3D&#39;http%3A%2F%2Fwww.w3.org%2F2000%2Fsvg&#39;%20viewBox%3D&#39;0%200%20768%20768&#39;%2F%3E\" data-src=\"https:\/\/ceim.cl\/wp-content\/uploads\/2024\/09\/WhatsApp-Image-2024-09-02-at-15.43.10-768x768.jpeg\" data-srcset=\"https:\/\/ceim.cl\/wp-content\/uploads\/2024\/09\/WhatsApp-Image-2024-09-02-at-15.43.10-768x768.jpeg 768w, https:\/\/ceim.cl\/wp-content\/uploads\/2024\/09\/WhatsApp-Image-2024-09-02-at-15.43.10-1152x1152.jpeg 1152w\" loading=\"eager\" style=\"--ratio: 768 \/ 768\" sizes=\"(max-width: 768px) 100vw, 768px\" alt=\"\" title=\"WhatsApp Image 2024-09-02 at 15.43.10\" width=\"768\" height=\"768\"  \/><\/a>\t<\/div>\n<\/div>\n\n\n<div class=\"post-entry-content\">\n\n\t<h3 class=\"entry-title\">\n\t\t<a href=\"https:\/\/ceim.cl\/en\/nos-fuimos-a-rancagua-ceim-participo-en-expomineria-sur-2024\/\" title=\"Nos fuimos a Rancagua; CEIM particip\u00f3 en ExpoMiner\u00eda Sur 2024\" rel=\"bookmark\">Nos fuimos a Rancagua; CEIM particip\u00f3 en ExpoMiner\u00eda Sur 2024<\/a>\n\t<\/h3>\n\n\t\n\t<div class=\"entry-excerpt\"><p>Evento tuvo lugar los d\u00edas 27, 28 y 29 de agosto en el emblem\u00e1tico Estadio El Teniente de Rancagua. El&hellip;<\/p>\n<\/div>\n\t\n<a href=\"https:\/\/ceim.cl\/en\/nos-fuimos-a-rancagua-ceim-participo-en-expomineria-sur-2024\/\" class=\"dt-btn-s dt-btn post-details details-type-btn\" aria-label=\"Read more about Nos fuimos a Rancagua; CEIM particip\u00f3 en ExpoMiner\u00eda Sur 2024\">Read more<i class=\"dt-icon-the7-arrow-03\" aria-hidden=\"true\"><\/i><\/a>\n\n<\/div><\/article><\/div><div class=\"hidden wf-cell\" data-post-id=\"34396\" data-date=\"2024-08-23T21:27:19-04:00\" data-name=\"CEIM recibe premio CORESEMIN en cena de la Asociaci\u00f3n de Industriales 2024\"><article class=\"post project-odd visible post-34396 type-post status-publish format-standard has-post-thumbnail hentry category-capacitacion-empresas category-noticias category-noticias-destacadas category-noticias2 category-principal-home tag-antofagasta tag-ceim tag-industria tag-mineria-2 category-283 category-1 category-73 category-99 category-275\" data-name=\"CEIM recibe premio CORESEMIN en cena de la Asociaci\u00f3n de Industriales 2024\" data-date=\"2024-08-23T21:27:19-04:00\">\n\n<div class=\"post-thumbnail-wrap\">\n\t<div class=\"post-thumbnail\">\n\t\t\n\t\t\n\t\t<a href=\"https:\/\/ceim.cl\/en\/ceim-participo-en-tradicional-cena-de-la-aia-y-recibio-premio-coresemin-2024\/\" class=\"post-thumbnail-rollover layzr-bg layzr-bg\" ><img decoding=\"async\" class=\"iso-lazy-load preload-me iso-lazy-load aspect\" src=\"data:image\/svg+xml,%3Csvg%20xmlns%3D&#39;http%3A%2F%2Fwww.w3.org%2F2000%2Fsvg&#39;%20viewBox%3D&#39;0%200%20768%20768&#39;%2F%3E\" data-src=\"https:\/\/ceim.cl\/wp-content\/uploads\/2024\/08\/WhatsApp-Image-2024-08-23-at-4.56.10-PM-scaled-768x768.jpg\" data-srcset=\"https:\/\/ceim.cl\/wp-content\/uploads\/2024\/08\/WhatsApp-Image-2024-08-23-at-4.56.10-PM-scaled-768x768.jpg 768w, https:\/\/ceim.cl\/wp-content\/uploads\/2024\/08\/WhatsApp-Image-2024-08-23-at-4.56.10-PM-scaled-1152x1152.jpg 1152w\" loading=\"eager\" style=\"--ratio: 768 \/ 768\" sizes=\"(max-width: 768px) 100vw, 768px\" alt=\"\" title=\"WhatsApp Image 2024-08-23 at 4.56.10 PM\" width=\"768\" height=\"768\"  \/><\/a>\t<\/div>\n<\/div>\n\n\n<div class=\"post-entry-content\">\n\n\t<h3 class=\"entry-title\">\n\t\t<a href=\"https:\/\/ceim.cl\/en\/ceim-participo-en-tradicional-cena-de-la-aia-y-recibio-premio-coresemin-2024\/\" title=\"CEIM recibe premio CORESEMIN en cena de la Asociaci\u00f3n de Industriales 2024\" rel=\"bookmark\">CEIM recibe premio CORESEMIN en cena de la Asociaci\u00f3n de Industriales 2024<\/a>\n\t<\/h3>\n\n\t\n\t<div class=\"entry-excerpt\"><p>La Asociaci\u00f3n de Industriales de Antofagasta celebr\u00f3 sus 80 a\u00f1os de existencia reconociendo la gesti\u00f3n, aporte social y tecnol\u00f3gico de&hellip;<\/p>\n<\/div>\n\t\n<a href=\"https:\/\/ceim.cl\/en\/ceim-participo-en-tradicional-cena-de-la-aia-y-recibio-premio-coresemin-2024\/\" class=\"dt-btn-s dt-btn post-details details-type-btn\" aria-label=\"Read more about CEIM recibe premio CORESEMIN en cena de la Asociaci\u00f3n de Industriales 2024\">Read more<i class=\"dt-icon-the7-arrow-03\" aria-hidden=\"true\"><\/i><\/a>\n\n<\/div><\/article><\/div><div class=\"hidden wf-cell\" data-post-id=\"34382\" data-date=\"2024-08-23T21:19:37-04:00\" data-name=\"CEIM firma importante convenio de colaboraci\u00f3n con empresa norteamericana Milwaukee\"><article class=\"post project-odd visible post-34382 type-post status-publish format-standard has-post-thumbnail hentry category-capacitacion-empresas category-noticias category-noticias-destacadas category-noticias2 category-principal-home tag-antofagasta tag-ceim tag-industria tag-mineria-2 category-283 category-1 category-73 category-99 category-275\" data-name=\"CEIM firma importante convenio de colaboraci\u00f3n con empresa norteamericana Milwaukee\" data-date=\"2024-08-23T21:19:37-04:00\">\n\n<div class=\"post-thumbnail-wrap\">\n\t<div class=\"post-thumbnail\">\n\t\t\n\t\t\n\t\t<a href=\"https:\/\/ceim.cl\/en\/ceim-y-milwaukee-firman-convenio-de-colaboracion\/\" class=\"post-thumbnail-rollover layzr-bg layzr-bg\" ><img decoding=\"async\" class=\"iso-lazy-load preload-me iso-lazy-load aspect\" src=\"data:image\/svg+xml,%3Csvg%20xmlns%3D&#39;http%3A%2F%2Fwww.w3.org%2F2000%2Fsvg&#39;%20viewBox%3D&#39;0%200%20768%20768&#39;%2F%3E\" data-src=\"https:\/\/ceim.cl\/wp-content\/uploads\/2024\/08\/WhatsApp-Image-2024-08-23-at-12.29.55-1-768x768.jpeg\" data-srcset=\"https:\/\/ceim.cl\/wp-content\/uploads\/2024\/08\/WhatsApp-Image-2024-08-23-at-12.29.55-1-768x768.jpeg 768w, https:\/\/ceim.cl\/wp-content\/uploads\/2024\/08\/WhatsApp-Image-2024-08-23-at-12.29.55-1-901x901.jpeg 901w\" loading=\"eager\" style=\"--ratio: 768 \/ 768\" sizes=\"(max-width: 768px) 100vw, 768px\" alt=\"\" title=\"WhatsApp Image 2024-08-23 at 12.29.55 (1)\" width=\"768\" height=\"768\"  \/><\/a>\t<\/div>\n<\/div>\n\n\n<div class=\"post-entry-content\">\n\n\t<h3 class=\"entry-title\">\n\t\t<a href=\"https:\/\/ceim.cl\/en\/ceim-y-milwaukee-firman-convenio-de-colaboracion\/\" title=\"CEIM firma importante convenio de colaboraci\u00f3n con empresa norteamericana Milwaukee\" rel=\"bookmark\">CEIM firma importante convenio de colaboraci\u00f3n con empresa norteamericana Milwaukee<\/a>\n\t<\/h3>\n\n\t\n\t<div class=\"entry-excerpt\"><p>Representantes de la fabricante l\u00edder en la industria de herramientas el\u00e9ctricas, visitaron las dependencias del CEIM, donde recorrieron sus instalaciones&hellip;<\/p>\n<\/div>\n\t\n<a href=\"https:\/\/ceim.cl\/en\/ceim-y-milwaukee-firman-convenio-de-colaboracion\/\" class=\"dt-btn-s dt-btn post-details details-type-btn\" aria-label=\"Read more about CEIM firma importante convenio de colaboraci\u00f3n con empresa norteamericana Milwaukee\">Read more<i class=\"dt-icon-the7-arrow-03\" aria-hidden=\"true\"><\/i><\/a>\n\n<\/div><\/article><\/div><div class=\"hidden wf-cell\" data-post-id=\"34370\" data-date=\"2024-08-23T20:46:21-04:00\" data-name=\"Becados del Centro de Reinserci\u00f3n Social de Antofagasta concluyen con \u00e9xito programa Rigger CEIM\"><article class=\"post project-odd visible post-34370 type-post status-publish format-standard has-post-thumbnail hentry category-capacitacion-empresas category-noticias category-noticias-destacadas category-noticias2 category-principal-home tag-antofagasta tag-ceim tag-industria tag-mineria-2 category-283 category-1 category-73 category-99 category-275\" data-name=\"Becados del Centro de Reinserci\u00f3n Social de Antofagasta concluyen con \u00e9xito programa Rigger CEIM\" data-date=\"2024-08-23T20:46:21-04:00\">\n\n<div class=\"post-thumbnail-wrap\">\n\t<div class=\"post-thumbnail\">\n\t\t\n\t\t\n\t\t<a href=\"https:\/\/ceim.cl\/en\/becados-del-centro-de-reinsercion-social-de-antofagasta-concluyen-con-exito-programa-rigger-ceim\/\" class=\"post-thumbnail-rollover layzr-bg layzr-bg\" ><img decoding=\"async\" class=\"iso-lazy-load preload-me iso-lazy-load aspect\" src=\"data:image\/svg+xml,%3Csvg%20xmlns%3D&#39;http%3A%2F%2Fwww.w3.org%2F2000%2Fsvg&#39;%20viewBox%3D&#39;0%200%20563%20563&#39;%2F%3E\" data-src=\"https:\/\/ceim.cl\/wp-content\/uploads\/2024\/08\/DSC01660-563x563.jpg\" data-srcset=\"https:\/\/ceim.cl\/wp-content\/uploads\/2024\/08\/DSC01660-563x563.jpg 563w\" loading=\"eager\" style=\"--ratio: 563 \/ 563\" sizes=\"(max-width: 563px) 100vw, 563px\" alt=\"\" title=\"DSC01660\" width=\"563\" height=\"563\"  \/><\/a>\t<\/div>\n<\/div>\n\n\n<div class=\"post-entry-content\">\n\n\t<h3 class=\"entry-title\">\n\t\t<a href=\"https:\/\/ceim.cl\/en\/becados-del-centro-de-reinsercion-social-de-antofagasta-concluyen-con-exito-programa-rigger-ceim\/\" title=\"Becados del Centro de Reinserci\u00f3n Social de Antofagasta concluyen con \u00e9xito programa Rigger CEIM\" rel=\"bookmark\">Becados del Centro de Reinserci\u00f3n Social de Antofagasta concluyen con \u00e9xito programa Rigger CEIM<\/a>\n\t<\/h3>\n\n\t\n\t<div class=\"entry-excerpt\"><p>La iniciativa solidar\u00eda impulsada por CEIM tiene como objetivo mejorar las condiciones de empleabilidad y contribuir a la inserci\u00f3n laboral&hellip;<\/p>\n<\/div>\n\t\n<a href=\"https:\/\/ceim.cl\/en\/becados-del-centro-de-reinsercion-social-de-antofagasta-concluyen-con-exito-programa-rigger-ceim\/\" class=\"dt-btn-s dt-btn post-details details-type-btn\" aria-label=\"Read more about Becados del Centro de Reinserci\u00f3n Social de Antofagasta concluyen con \u00e9xito programa Rigger CEIM\">Read more<i class=\"dt-icon-the7-arrow-03\" aria-hidden=\"true\"><\/i><\/a>\n\n<\/div><\/article><\/div><div class=\"hidden wf-cell\" data-post-id=\"34326\" data-date=\"2024-08-19T15:59:38-04:00\" data-name=\"Albermarle inicia nueva versi\u00f3n del Programa Aprendices Operaci\u00f3n Planta Litio en CEIM\"><article class=\"post project-odd visible post-34326 type-post status-publish format-standard has-post-thumbnail hentry category-capacitacion-empresas category-noticias category-noticias-destacadas category-noticias2 category-principal-home tag-antofagasta tag-ceim tag-industria tag-mineria-2 category-283 category-1 category-73 category-99 category-275\" data-name=\"Albermarle inicia nueva versi\u00f3n del Programa Aprendices Operaci\u00f3n Planta Litio en CEIM\" data-date=\"2024-08-19T15:59:38-04:00\">\n\n<div class=\"post-thumbnail-wrap\">\n\t<div class=\"post-thumbnail\">\n\t\t\n\t\t\n\t\t<a href=\"https:\/\/ceim.cl\/en\/albermarle-inicia-nueva-version-del-programa-aprendices-operacion-planta-litio\/\" class=\"post-thumbnail-rollover layzr-bg layzr-bg\" ><img decoding=\"async\" class=\"iso-lazy-load preload-me iso-lazy-load aspect\" src=\"data:image\/svg+xml,%3Csvg%20xmlns%3D&#39;http%3A%2F%2Fwww.w3.org%2F2000%2Fsvg&#39;%20viewBox%3D&#39;0%200%20563%20563&#39;%2F%3E\" data-src=\"https:\/\/ceim.cl\/wp-content\/uploads\/2024\/08\/DSC01286-563x563.jpg\" data-srcset=\"https:\/\/ceim.cl\/wp-content\/uploads\/2024\/08\/DSC01286-563x563.jpg 563w\" loading=\"eager\" style=\"--ratio: 563 \/ 563\" sizes=\"(max-width: 563px) 100vw, 563px\" alt=\"\" title=\"DSC01286\" width=\"563\" height=\"563\"  \/><\/a>\t<\/div>\n<\/div>\n\n\n<div class=\"post-entry-content\">\n\n\t<h3 class=\"entry-title\">\n\t\t<a href=\"https:\/\/ceim.cl\/en\/albermarle-inicia-nueva-version-del-programa-aprendices-operacion-planta-litio\/\" title=\"Albermarle inicia nueva versi\u00f3n del Programa Aprendices Operaci\u00f3n Planta Litio en CEIM\" rel=\"bookmark\">Albermarle inicia nueva versi\u00f3n del Programa Aprendices Operaci\u00f3n Planta Litio en CEIM<\/a>\n\t<\/h3>\n\n\t\n\t<div class=\"entry-excerpt\"><p>Iniciativa ejecutada por cuarto a\u00f1o consecutivo en CEIM busca ofrecer oportunidades laborales a j\u00f3venes de las comunidades ind\u00edgenas de Socaire,&hellip;<\/p>\n<\/div>\n\t\n<a href=\"https:\/\/ceim.cl\/en\/albermarle-inicia-nueva-version-del-programa-aprendices-operacion-planta-litio\/\" class=\"dt-btn-s dt-btn post-details details-type-btn\" aria-label=\"Read more about Albermarle inicia nueva versi\u00f3n del Programa Aprendices Operaci\u00f3n Planta Litio en CEIM\">Read more<i class=\"dt-icon-the7-arrow-03\" aria-hidden=\"true\"><\/i><\/a>\n\n<\/div><\/article><\/div><div class=\"hidden wf-cell\" data-post-id=\"33880\" data-date=\"2024-07-02T15:12:28-04:00\" data-name=\"Trabajadores de SAAM Terminals visitaron las dependencias de CEIM Antofagasta\"><article class=\"post project-odd visible post-33880 type-post status-publish format-standard has-post-thumbnail hentry category-capacitacion-empresas category-noticias category-noticias-destacadas category-noticias2 category-principal-home tag-antofagasta tag-ceim tag-industria tag-mineria category-283 category-1 category-73 category-99 category-275\" data-name=\"Trabajadores de SAAM Terminals visitaron las dependencias de CEIM Antofagasta\" data-date=\"2024-07-02T15:12:28-04:00\">\n\n<div class=\"post-thumbnail-wrap\">\n\t<div class=\"post-thumbnail\">\n\t\t\n\t\t\n\t\t<a href=\"https:\/\/ceim.cl\/en\/trabajadores-de-saam-terminals-visitaron-las-dependencias-de-ceim-antofagasta\/\" class=\"post-thumbnail-rollover layzr-bg layzr-bg\" ><img decoding=\"async\" class=\"iso-lazy-load preload-me iso-lazy-load aspect\" src=\"data:image\/svg+xml,%3Csvg%20xmlns%3D&#39;http%3A%2F%2Fwww.w3.org%2F2000%2Fsvg&#39;%20viewBox%3D&#39;0%200%20768%20768&#39;%2F%3E\" data-src=\"https:\/\/ceim.cl\/wp-content\/uploads\/2024\/07\/8-min-768x768.jpg\" data-srcset=\"https:\/\/ceim.cl\/wp-content\/uploads\/2024\/07\/8-min-768x768.jpg 768w, https:\/\/ceim.cl\/wp-content\/uploads\/2024\/07\/8-min-1152x1152.jpg 1152w\" loading=\"eager\" style=\"--ratio: 768 \/ 768\" sizes=\"(max-width: 768px) 100vw, 768px\" alt=\"\" title=\"8-min\" width=\"768\" height=\"768\"  \/><\/a>\t<\/div>\n<\/div>\n\n\n<div class=\"post-entry-content\">\n\n\t<h3 class=\"entry-title\">\n\t\t<a href=\"https:\/\/ceim.cl\/en\/trabajadores-de-saam-terminals-visitaron-las-dependencias-de-ceim-antofagasta\/\" title=\"Trabajadores de SAAM Terminals visitaron las dependencias de CEIM Antofagasta\" rel=\"bookmark\">Trabajadores de SAAM Terminals visitaron las dependencias de CEIM Antofagasta<\/a>\n\t<\/h3>\n\n\t\n\t<div class=\"entry-excerpt\"><p>Fueron 125 los operadores(as) de servicios portuarios del pa\u00eds, quienes recorrieron las instalaciones del Centro de Entrenamiento Industrial y Minero,&hellip;<\/p>\n<\/div>\n\t\n<a href=\"https:\/\/ceim.cl\/en\/trabajadores-de-saam-terminals-visitaron-las-dependencias-de-ceim-antofagasta\/\" class=\"dt-btn-s dt-btn post-details details-type-btn\" aria-label=\"Read more about Trabajadores de SAAM Terminals visitaron las dependencias de CEIM Antofagasta\">Read more<i class=\"dt-icon-the7-arrow-03\" aria-hidden=\"true\"><\/i><\/a>\n\n<\/div><\/article><\/div><div class=\"hidden wf-cell\" data-post-id=\"33570\" data-date=\"2024-04-30T08:38:42-04:00\" data-name=\"En miras a la miner\u00eda 4.0 : CEIM analiz\u00f3 el uso de herramientas tecnol\u00f3gicas \u2013 digitales STEM de establecimientos educacionales\"><article class=\"post project-odd visible post-33570 type-post status-publish format-standard has-post-thumbnail hentry category-capacitacion-empresas category-conecta-ceim category-escuela-de-oficios-industriales category-noticias category-noticias-destacadas category-noticias2 category-principal-conecta category-principal-home tag-aprendices tag-ceim tag-entrenamiento tag-industria tag-mineria-2 tag-mujeres category-283 category-289 category-284 category-1 category-73 category-99 category-290 category-275\" data-name=\"En miras a la miner\u00eda 4.0 : CEIM analiz\u00f3 el uso de herramientas tecnol\u00f3gicas \u2013 digitales STEM de establecimientos educacionales\" data-date=\"2024-04-30T08:38:42-04:00\">\n\n<div class=\"post-thumbnail-wrap\">\n\t<div class=\"post-thumbnail\">\n\t\t\n\t\t\n\t\t<a href=\"https:\/\/ceim.cl\/en\/en-miras-a-la-mineria-4-0-ceim-analizo-el-uso-de-herramientas-tecnologicas-digitales-stem-de-establecimientos-educacionales\/\" class=\"post-thumbnail-rollover layzr-bg layzr-bg\" ><img decoding=\"async\" class=\"iso-lazy-load preload-me iso-lazy-load aspect\" src=\"data:image\/svg+xml,%3Csvg%20xmlns%3D&#39;http%3A%2F%2Fwww.w3.org%2F2000%2Fsvg&#39;%20viewBox%3D&#39;0%200%20449%20449&#39;%2F%3E\" data-src=\"https:\/\/ceim.cl\/wp-content\/uploads\/2024\/04\/impusla1-449x449.jpg\" data-srcset=\"https:\/\/ceim.cl\/wp-content\/uploads\/2024\/04\/impusla1-449x449.jpg 449w\" loading=\"eager\" style=\"--ratio: 449 \/ 449\" sizes=\"(max-width: 449px) 100vw, 449px\" alt=\"\" title=\"impusla1\" width=\"449\" height=\"449\"  \/><\/a>\t<\/div>\n<\/div>\n\n\n<div class=\"post-entry-content\">\n\n\t<h3 class=\"entry-title\">\n\t\t<a href=\"https:\/\/ceim.cl\/en\/en-miras-a-la-mineria-4-0-ceim-analizo-el-uso-de-herramientas-tecnologicas-digitales-stem-de-establecimientos-educacionales\/\" title=\"En miras a la miner\u00eda 4.0 : CEIM analiz\u00f3 el uso de herramientas tecnol\u00f3gicas \u2013 digitales STEM de establecimientos educacionales\" rel=\"bookmark\">En miras a la miner\u00eda 4.0 : CEIM analiz\u00f3 el uso de herramientas tecnol\u00f3gicas \u2013 digitales STEM de establecimientos educacionales<\/a>\n\t<\/h3>\n\n\t\n\t<div class=\"entry-excerpt\"><p>Estudio desarrollado para Impulsa 4.0 permiti\u00f3 identificar, analizar las fortalezas y oportunidades de mejora en las habilidades y competencias de&hellip;<\/p>\n<\/div>\n\t\n<a href=\"https:\/\/ceim.cl\/en\/en-miras-a-la-mineria-4-0-ceim-analizo-el-uso-de-herramientas-tecnologicas-digitales-stem-de-establecimientos-educacionales\/\" class=\"dt-btn-s dt-btn post-details details-type-btn\" aria-label=\"Read more about En miras a la miner\u00eda 4.0 : CEIM analiz\u00f3 el uso de herramientas tecnol\u00f3gicas \u2013 digitales STEM de establecimientos educacionales\">Read more<i class=\"dt-icon-the7-arrow-03\" aria-hidden=\"true\"><\/i><\/a>\n\n<\/div><\/article><\/div><div class=\"hidden wf-cell\" data-post-id=\"33403\" data-date=\"2024-03-14T09:18:05-03:00\" data-name=\"En CEIM 75 mujeres culminan su proceso formativo como operadoras y mantenedoras en el marco del Programa \u201cMineras\u201d de Escondida-BHP\"><article class=\"post project-odd visible post-33403 type-post status-publish format-standard has-post-thumbnail hentry category-capacitacion-empresas category-norma-3262 category-noticias category-noticias-destacadas tag-aprendices tag-ceim tag-entrenamiento tag-industria tag-mineria tag-mujeres category-283 category-285 category-1 category-73\" data-name=\"En CEIM 75 mujeres culminan su proceso formativo como operadoras y mantenedoras en el marco del Programa \u201cMineras\u201d de Escondida-BHP\" data-date=\"2024-03-14T09:18:05-03:00\">\n\n<div class=\"post-thumbnail-wrap\">\n\t<div class=\"post-thumbnail\">\n\t\t\n\t\t\n\t\t<a href=\"https:\/\/ceim.cl\/en\/en-ceim-75-mujeres-culminan-su-proceso-formativo-como-operadoras-y-mantenedoras-en-el-marco-del-programa-mineras-de-escondida-bhp\/\" class=\"post-thumbnail-rollover layzr-bg layzr-bg\" ><img decoding=\"async\" class=\"iso-lazy-load preload-me iso-lazy-load aspect\" src=\"data:image\/svg+xml,%3Csvg%20xmlns%3D&#39;http%3A%2F%2Fwww.w3.org%2F2000%2Fsvg&#39;%20viewBox%3D&#39;0%200%20768%20768&#39;%2F%3E\" data-src=\"https:\/\/ceim.cl\/wp-content\/uploads\/2024\/03\/Grupo-4-Pano-6-scaled-768x768.jpg\" data-srcset=\"https:\/\/ceim.cl\/wp-content\/uploads\/2024\/03\/Grupo-4-Pano-6-scaled-768x768.jpg 768w, https:\/\/ceim.cl\/wp-content\/uploads\/2024\/03\/Grupo-4-Pano-6-scaled-1094x1094.jpg 1094w\" loading=\"eager\" style=\"--ratio: 768 \/ 768\" sizes=\"(max-width: 768px) 100vw, 768px\" alt=\"\" title=\"Grupo-4-Pano-6\" width=\"768\" height=\"768\"  \/><\/a>\t<\/div>\n<\/div>\n\n\n<div class=\"post-entry-content\">\n\n\t<h3 class=\"entry-title\">\n\t\t<a href=\"https:\/\/ceim.cl\/en\/en-ceim-75-mujeres-culminan-su-proceso-formativo-como-operadoras-y-mantenedoras-en-el-marco-del-programa-mineras-de-escondida-bhp\/\" title=\"En CEIM 75 mujeres culminan su proceso formativo como operadoras y mantenedoras en el marco del Programa \u201cMineras\u201d de Escondida-BHP\" rel=\"bookmark\">En CEIM 75 mujeres culminan su proceso formativo como operadoras y mantenedoras en el marco del Programa \u201cMineras\u201d de Escondida-BHP<\/a>\n\t<\/h3>\n\n\t\n\t<div class=\"entry-excerpt\"><p>M\u00e1s de 700 mujeres han sido capacitadas desde el 2017, quienes se han incorporado al rubro minero, esta iniciativa de&hellip;<\/p>\n<\/div>\n\t\n<a href=\"https:\/\/ceim.cl\/en\/en-ceim-75-mujeres-culminan-su-proceso-formativo-como-operadoras-y-mantenedoras-en-el-marco-del-programa-mineras-de-escondida-bhp\/\" class=\"dt-btn-s dt-btn post-details details-type-btn\" aria-label=\"Read more about En CEIM 75 mujeres culminan su proceso formativo como operadoras y mantenedoras en el marco del Programa \u201cMineras\u201d de Escondida-BHP\">Read more<i class=\"dt-icon-the7-arrow-03\" aria-hidden=\"true\"><\/i><\/a>\n\n<\/div><\/article><\/div><div class=\"hidden wf-cell\" data-post-id=\"33086\" data-date=\"2024-01-08T10:07:31-03:00\" data-name=\"CEIM culmin\u00f3 con \u00e9xito el Programa de Aprendices en Divisi\u00f3n Codelco Salvador\"><article class=\"post project-odd visible post-33086 type-post status-publish format-standard has-post-thumbnail hentry category-capacitacion-empresas category-norma-3262 category-noticias category-noticias-destacadas category-principal-home tag-antofagasta tag-entrenamiento tag-industria tag-mineria tag-tecnologia category-283 category-285 category-1 category-73 category-275\" data-name=\"CEIM culmin\u00f3 con \u00e9xito el Programa de Aprendices en Divisi\u00f3n Codelco Salvador\" data-date=\"2024-01-08T10:07:31-03:00\">\n\n<div class=\"post-thumbnail-wrap\">\n\t<div class=\"post-thumbnail\">\n\t\t\n\t\t\n\t\t<a href=\"https:\/\/ceim.cl\/en\/ceim-culmino-con-exito-el-programa-de-aprendices-en-division-codelco-salvador\/\" class=\"post-thumbnail-rollover layzr-bg layzr-bg\" ><img decoding=\"async\" class=\"iso-lazy-load preload-me iso-lazy-load aspect\" src=\"data:image\/svg+xml,%3Csvg%20xmlns%3D&#39;http%3A%2F%2Fwww.w3.org%2F2000%2Fsvg&#39;%20viewBox%3D&#39;0%200%20768%20768&#39;%2F%3E\" data-src=\"https:\/\/ceim.cl\/wp-content\/uploads\/2024\/01\/1-scaled-768x768.jpg\" data-srcset=\"https:\/\/ceim.cl\/wp-content\/uploads\/2024\/01\/1-scaled-768x768.jpg 768w, https:\/\/ceim.cl\/wp-content\/uploads\/2024\/01\/1-scaled-1152x1152.jpg 1152w\" loading=\"eager\" style=\"--ratio: 768 \/ 768\" sizes=\"(max-width: 768px) 100vw, 768px\" alt=\"\" title=\"1\" width=\"768\" height=\"768\"  \/><\/a>\t<\/div>\n<\/div>\n\n\n<div class=\"post-entry-content\">\n\n\t<h3 class=\"entry-title\">\n\t\t<a href=\"https:\/\/ceim.cl\/en\/ceim-culmino-con-exito-el-programa-de-aprendices-en-division-codelco-salvador\/\" title=\"CEIM culmin\u00f3 con \u00e9xito el Programa de Aprendices en Divisi\u00f3n Codelco Salvador\" rel=\"bookmark\">CEIM culmin\u00f3 con \u00e9xito el Programa de Aprendices en Divisi\u00f3n Codelco Salvador<\/a>\n\t<\/h3>\n\n\t\n\t<div class=\"entry-excerpt\"><p>Fueron 600 horas pedag\u00f3gicas distribuidas en 3 programas formativos, destinados a 60 mujeres sin experiencia en el mundo minero. El&hellip;<\/p>\n<\/div>\n\t\n<a href=\"https:\/\/ceim.cl\/en\/ceim-culmino-con-exito-el-programa-de-aprendices-en-division-codelco-salvador\/\" class=\"dt-btn-s dt-btn post-details details-type-btn\" aria-label=\"Read more about CEIM culmin\u00f3 con \u00e9xito el Programa de Aprendices en Divisi\u00f3n Codelco Salvador\">Read more<i class=\"dt-icon-the7-arrow-03\" aria-hidden=\"true\"><\/i><\/a>\n\n<\/div><\/article><\/div><div class=\"hidden wf-cell\" data-post-id=\"33080\" data-date=\"2024-01-04T15:52:15-03:00\" data-name=\"Usuarios del Centro de Reinserci\u00f3n Social de Antofagasta concluyen con \u00e9xito programas formativos en CEIM\"><article class=\"post project-odd visible post-33080 type-post status-publish format-standard has-post-thumbnail hentry category-capacitacion-empresas category-noticias category-noticias-destacadas category-principal-home tag-antofagasta tag-entrenamiento tag-industria tag-mineria-2 tag-tecnologia category-283 category-1 category-73 category-275\" data-name=\"Usuarios del Centro de Reinserci\u00f3n Social de Antofagasta concluyen con \u00e9xito programas formativos en CEIM\" data-date=\"2024-01-04T15:52:15-03:00\">\n\n<div class=\"post-thumbnail-wrap\">\n\t<div class=\"post-thumbnail\">\n\t\t\n\t\t\n\t\t<a href=\"https:\/\/ceim.cl\/en\/usuarios-del-centro-de-reinsercion-social-de-antofagasta-concluyen-con-exito-programas-formativos-en-ceim\/\" class=\"post-thumbnail-rollover layzr-bg layzr-bg\" ><img decoding=\"async\" class=\"iso-lazy-load preload-me iso-lazy-load aspect\" src=\"data:image\/svg+xml,%3Csvg%20xmlns%3D&#39;http%3A%2F%2Fwww.w3.org%2F2000%2Fsvg&#39;%20viewBox%3D&#39;0%200%20768%20768&#39;%2F%3E\" data-src=\"https:\/\/ceim.cl\/wp-content\/uploads\/2024\/01\/d9771a5b-6bf5-49ea-97ea-9b401ea957e3-768x768.jpg\" data-srcset=\"https:\/\/ceim.cl\/wp-content\/uploads\/2024\/01\/d9771a5b-6bf5-49ea-97ea-9b401ea957e3-768x768.jpg 768w, https:\/\/ceim.cl\/wp-content\/uploads\/2024\/01\/d9771a5b-6bf5-49ea-97ea-9b401ea957e3-1152x1152.jpg 1152w\" loading=\"eager\" style=\"--ratio: 768 \/ 768\" sizes=\"(max-width: 768px) 100vw, 768px\" alt=\"\" title=\"d9771a5b-6bf5-49ea-97ea-9b401ea957e3\" width=\"768\" height=\"768\"  \/><\/a>\t<\/div>\n<\/div>\n\n\n<div class=\"post-entry-content\">\n\n\t<h3 class=\"entry-title\">\n\t\t<a href=\"https:\/\/ceim.cl\/en\/usuarios-del-centro-de-reinsercion-social-de-antofagasta-concluyen-con-exito-programas-formativos-en-ceim\/\" title=\"Usuarios del Centro de Reinserci\u00f3n Social de Antofagasta concluyen con \u00e9xito programas formativos en CEIM\" rel=\"bookmark\">Usuarios del Centro de Reinserci\u00f3n Social de Antofagasta concluyen con \u00e9xito programas formativos en CEIM<\/a>\n\t<\/h3>\n\n\t\n\t<div class=\"entry-excerpt\"><p>Iniciativa lleva m\u00e1s de 15 a\u00f1os ejecut\u00e1ndose y apunta a la empleabilidad, la reinserci\u00f3n social y a reducir la reincidencia&hellip;<\/p>\n<\/div>\n\t\n<a href=\"https:\/\/ceim.cl\/en\/usuarios-del-centro-de-reinsercion-social-de-antofagasta-concluyen-con-exito-programas-formativos-en-ceim\/\" class=\"dt-btn-s dt-btn post-details details-type-btn\" aria-label=\"Read more about Usuarios del Centro de Reinserci\u00f3n Social de Antofagasta concluyen con \u00e9xito programas formativos en CEIM\">Read more<i class=\"dt-icon-the7-arrow-03\" aria-hidden=\"true\"><\/i><\/a>\n\n<\/div><\/article><\/div><div class=\"hidden wf-cell\" data-post-id=\"32561\" data-date=\"2023-07-13T15:53:19-04:00\" data-name=\"CEIM recibe a 13\u00b0 generaci\u00f3n de &quot;Mineras&quot; de Escondida | BHP\"><article class=\"post project-odd visible post-32561 type-post status-publish format-standard has-post-thumbnail hentry category-capacitacion-empresas category-noticias category-noticias-destacadas category-principal-home tag-ceim tag-industria tag-mineria category-283 category-1 category-73 category-275\" data-name=\"CEIM recibe a 13\u00b0 generaci\u00f3n de &#8220;Mineras&#8221; de Escondida | BHP\" data-date=\"2023-07-13T15:53:19-04:00\">\n\n<div class=\"post-thumbnail-wrap\">\n\t<div class=\"post-thumbnail\">\n\t\t\n\t\t\n\t\t<a href=\"https:\/\/ceim.cl\/en\/ceim-le-da-la-bienvenida-a-las-13-generacion-de-mineras-de-escondida-bhp\/\" class=\"post-thumbnail-rollover layzr-bg layzr-bg\" ><img decoding=\"async\" class=\"iso-lazy-load preload-me iso-lazy-load aspect\" src=\"data:image\/svg+xml,%3Csvg%20xmlns%3D&#39;http%3A%2F%2Fwww.w3.org%2F2000%2Fsvg&#39;%20viewBox%3D&#39;0%200%20768%20768&#39;%2F%3E\" data-src=\"https:\/\/ceim.cl\/wp-content\/uploads\/2023\/07\/Inicio-Programa-Mineras-27-scaled-768x768.jpg\" data-srcset=\"https:\/\/ceim.cl\/wp-content\/uploads\/2023\/07\/Inicio-Programa-Mineras-27-scaled-768x768.jpg 768w, https:\/\/ceim.cl\/wp-content\/uploads\/2023\/07\/Inicio-Programa-Mineras-27-scaled-1152x1152.jpg 1152w\" loading=\"eager\" style=\"--ratio: 768 \/ 768\" sizes=\"(max-width: 768px) 100vw, 768px\" alt=\"\" title=\"Inicio-Programa-Mineras-27\" width=\"768\" height=\"768\"  \/><\/a>\t<\/div>\n<\/div>\n\n\n<div class=\"post-entry-content\">\n\n\t<h3 class=\"entry-title\">\n\t\t<a href=\"https:\/\/ceim.cl\/en\/ceim-le-da-la-bienvenida-a-las-13-generacion-de-mineras-de-escondida-bhp\/\" title=\"CEIM recibe a 13\u00b0 generaci\u00f3n de &#8220;Mineras&#8221; de Escondida | BHP\" rel=\"bookmark\">CEIM recibe a 13\u00b0 generaci\u00f3n de &#8220;Mineras&#8221; de Escondida | BHP<\/a>\n\t<\/h3>\n\n\t\n\t<div class=\"entry-excerpt\"><p>Son 180 mujeres que integrar\u00e1n este programa de formaci\u00f3n, el que este a\u00f1o incluy\u00f3 el acompa\u00f1amiento de una nutricionista para&hellip;<\/p>\n<\/div>\n\t\n<a href=\"https:\/\/ceim.cl\/en\/ceim-le-da-la-bienvenida-a-las-13-generacion-de-mineras-de-escondida-bhp\/\" class=\"dt-btn-s dt-btn post-details details-type-btn\" aria-label=\"Read more about CEIM recibe a 13\u00b0 generaci\u00f3n de &#8220;Mineras&#8221; de Escondida | BHP\">Read more<i class=\"dt-icon-the7-arrow-03\" aria-hidden=\"true\"><\/i><\/a>\n\n<\/div><\/article><\/div><div class=\"hidden wf-cell\" data-post-id=\"32515\" data-date=\"2023-07-12T11:47:26-04:00\" data-name=\"CEIM y CEIMas obtienen Sello Iguala Conciliaci\u00f3n por el Ministerio de la Mujer y Equidad de G\u00e9nero\"><article class=\"post project-odd visible post-32515 type-post status-publish format-standard has-post-thumbnail hentry category-3d category-capacitacion-empresas category-ceimas category-escuela-de-oficios-industriales category-norma-3262 category-noticias category-noticias-destacadas category-principal-home tag-ceim tag-industria tag-mineria category-286 category-283 category-282 category-284 category-285 category-1 category-73 category-275\" data-name=\"CEIM y CEIMas obtienen Sello Iguala Conciliaci\u00f3n por el Ministerio de la Mujer y Equidad de G\u00e9nero\" data-date=\"2023-07-12T11:47:26-04:00\">\n\n<div class=\"post-thumbnail-wrap\">\n\t<div class=\"post-thumbnail\">\n\t\t\n\t\t\n\t\t<a href=\"https:\/\/ceim.cl\/en\/ceim-y-ceimas-obtienen-sello-iguala-conciliacion-por-el-ministerio-de-la-mujer-y-equidad-de-genero\/\" class=\"post-thumbnail-rollover layzr-bg layzr-bg\" ><img decoding=\"async\" class=\"iso-lazy-load preload-me iso-lazy-load aspect\" src=\"data:image\/svg+xml,%3Csvg%20xmlns%3D&#39;http%3A%2F%2Fwww.w3.org%2F2000%2Fsvg&#39;%20viewBox%3D&#39;0%200%20768%20768&#39;%2F%3E\" data-src=\"https:\/\/ceim.cl\/wp-content\/uploads\/2023\/07\/WhatsApp-Image-2023-07-12-at-11.44.48-6-768x768.jpeg\" data-srcset=\"https:\/\/ceim.cl\/wp-content\/uploads\/2023\/07\/WhatsApp-Image-2023-07-12-at-11.44.48-6-768x768.jpeg 768w, https:\/\/ceim.cl\/wp-content\/uploads\/2023\/07\/WhatsApp-Image-2023-07-12-at-11.44.48-6-901x901.jpeg 901w\" loading=\"eager\" style=\"--ratio: 768 \/ 768\" sizes=\"(max-width: 768px) 100vw, 768px\" alt=\"\" title=\"WhatsApp-Image-2023-07-12-at-11.44.48-6\" width=\"768\" height=\"768\"  \/><\/a>\t<\/div>\n<\/div>\n\n\n<div class=\"post-entry-content\">\n\n\t<h3 class=\"entry-title\">\n\t\t<a href=\"https:\/\/ceim.cl\/en\/ceim-y-ceimas-obtienen-sello-iguala-conciliacion-por-el-ministerio-de-la-mujer-y-equidad-de-genero\/\" title=\"CEIM y CEIMas obtienen Sello Iguala Conciliaci\u00f3n por el Ministerio de la Mujer y Equidad de G\u00e9nero\" rel=\"bookmark\">CEIM y CEIMas obtienen Sello Iguala Conciliaci\u00f3n por el Ministerio de la Mujer y Equidad de G\u00e9nero<\/a>\n\t<\/h3>\n\n\t\n\t<div class=\"entry-excerpt\"><p>A fines del 2021, ambas organizaciones comenzaron a trabajar materias igualdad de g\u00e9nero y conciliaci\u00f3n de la vida personal, laboral,&hellip;<\/p>\n<\/div>\n\t\n<a href=\"https:\/\/ceim.cl\/en\/ceim-y-ceimas-obtienen-sello-iguala-conciliacion-por-el-ministerio-de-la-mujer-y-equidad-de-genero\/\" class=\"dt-btn-s dt-btn post-details details-type-btn\" aria-label=\"Read more about CEIM y CEIMas obtienen Sello Iguala Conciliaci\u00f3n por el Ministerio de la Mujer y Equidad de G\u00e9nero\">Read more<i class=\"dt-icon-the7-arrow-03\" aria-hidden=\"true\"><\/i><\/a>\n\n<\/div><\/article><\/div><div class=\"hidden wf-cell\" data-post-id=\"32499\" data-date=\"2023-07-06T17:27:17-04:00\" data-name=\"CEIM inicia ciclo de conferencias con el taller \u201cPedagog\u00edas del Poder\u201d dictado por el acad\u00e9mico Alberto Mayol\"><article class=\"post project-odd visible post-32499 type-post status-publish format-standard has-post-thumbnail hentry category-capacitacion-empresas category-ceimas category-noticias category-noticias-destacadas category-principal-home tag-ceim tag-industria tag-mineria category-283 category-282 category-1 category-73 category-275\" data-name=\"CEIM inicia ciclo de conferencias con el taller \u201cPedagog\u00edas del Poder\u201d dictado por el acad\u00e9mico Alberto Mayol\" data-date=\"2023-07-06T17:27:17-04:00\">\n\n<div class=\"post-thumbnail-wrap\">\n\t<div class=\"post-thumbnail\">\n\t\t\n\t\t\n\t\t<a href=\"https:\/\/ceim.cl\/en\/ceim-inicia-ciclo-de-conferencias-con-el-taller-pedagogias-del-poder-dictado-por-el-academico-alberto-mayol\/\" class=\"post-thumbnail-rollover layzr-bg layzr-bg\" ><img decoding=\"async\" class=\"iso-lazy-load preload-me iso-lazy-load aspect\" src=\"data:image\/svg+xml,%3Csvg%20xmlns%3D&#39;http%3A%2F%2Fwww.w3.org%2F2000%2Fsvg&#39;%20viewBox%3D&#39;0%200%20768%20768&#39;%2F%3E\" data-src=\"https:\/\/ceim.cl\/wp-content\/uploads\/2023\/07\/WhatsApp-Image-2023-07-06-at-17.23.14-9-768x768.jpeg\" data-srcset=\"https:\/\/ceim.cl\/wp-content\/uploads\/2023\/07\/WhatsApp-Image-2023-07-06-at-17.23.14-9-768x768.jpeg 768w, https:\/\/ceim.cl\/wp-content\/uploads\/2023\/07\/WhatsApp-Image-2023-07-06-at-17.23.14-9-901x901.jpeg 901w\" loading=\"eager\" style=\"--ratio: 768 \/ 768\" sizes=\"(max-width: 768px) 100vw, 768px\" alt=\"\" title=\"WhatsApp-Image-2023-07-06-at-17.23.14-9\" width=\"768\" height=\"768\"  \/><\/a>\t<\/div>\n<\/div>\n\n\n<div class=\"post-entry-content\">\n\n\t<h3 class=\"entry-title\">\n\t\t<a href=\"https:\/\/ceim.cl\/en\/ceim-inicia-ciclo-de-conferencias-con-el-taller-pedagogias-del-poder-dictado-por-el-academico-alberto-mayol\/\" title=\"CEIM inicia ciclo de conferencias con el taller \u201cPedagog\u00edas del Poder\u201d dictado por el acad\u00e9mico Alberto Mayol\" rel=\"bookmark\">CEIM inicia ciclo de conferencias con el taller \u201cPedagog\u00edas del Poder\u201d dictado por el acad\u00e9mico Alberto Mayol<\/a>\n\t<\/h3>\n\n\t\n\t<div class=\"entry-excerpt\"><p>El encuentro cont\u00f3 con la participaci\u00f3n de directivos de empresas vinculadas a la industria minera, quienes pudieron reflexionar sobre la&hellip;<\/p>\n<\/div>\n\t\n<a href=\"https:\/\/ceim.cl\/en\/ceim-inicia-ciclo-de-conferencias-con-el-taller-pedagogias-del-poder-dictado-por-el-academico-alberto-mayol\/\" class=\"dt-btn-s dt-btn post-details details-type-btn\" aria-label=\"Read more about CEIM inicia ciclo de conferencias con el taller \u201cPedagog\u00edas del Poder\u201d dictado por el acad\u00e9mico Alberto Mayol\">Read more<i class=\"dt-icon-the7-arrow-03\" aria-hidden=\"true\"><\/i><\/a>\n\n<\/div><\/article><\/div><div class=\"hidden wf-cell\" data-post-id=\"32346\" data-date=\"2023-05-29T12:06:35-04:00\" data-name=\"CEIM un paso adelante; Incorporamos tecnolog\u00eda blockchain a  las certificaciones de oficios industriales\"><article class=\"post project-odd visible post-32346 type-post status-publish format-standard has-post-thumbnail hentry category-capacitacion-empresas category-escuela-de-oficios-industriales category-noticias category-noticias-destacadas category-principal-home tag-ceim tag-industria tag-mineria category-283 category-284 category-1 category-73 category-275\" data-name=\"CEIM un paso adelante; Incorporamos tecnolog\u00eda blockchain a  las certificaciones de oficios industriales\" data-date=\"2023-05-29T12:06:35-04:00\">\n\n<div class=\"post-thumbnail-wrap\">\n\t<div class=\"post-thumbnail\">\n\t\t\n\t\t\n\t\t<a href=\"https:\/\/ceim.cl\/en\/certificados-inteligentes-con-tecnologia-blockchain-llegan-a-ceim-para-dar-valor-a-sus-certificaciones\/\" class=\"post-thumbnail-rollover layzr-bg layzr-bg\" ><img decoding=\"async\" class=\"iso-lazy-load preload-me iso-lazy-load aspect\" src=\"data:image\/svg+xml,%3Csvg%20xmlns%3D&#39;http%3A%2F%2Fwww.w3.org%2F2000%2Fsvg&#39;%20viewBox%3D&#39;0%200%20768%20768&#39;%2F%3E\" data-src=\"https:\/\/ceim.cl\/wp-content\/uploads\/2023\/05\/WhatsApp-Image-2023-05-29-at-12.04.56-768x768.jpeg\" data-srcset=\"https:\/\/ceim.cl\/wp-content\/uploads\/2023\/05\/WhatsApp-Image-2023-05-29-at-12.04.56-768x768.jpeg 768w, https:\/\/ceim.cl\/wp-content\/uploads\/2023\/05\/WhatsApp-Image-2023-05-29-at-12.04.56-1066x1066.jpeg 1066w\" loading=\"eager\" style=\"--ratio: 768 \/ 768\" sizes=\"(max-width: 768px) 100vw, 768px\" alt=\"\" title=\"WhatsApp Image 2023-05-29 at 12.04.56\" width=\"768\" height=\"768\"  \/><\/a>\t<\/div>\n<\/div>\n\n\n<div class=\"post-entry-content\">\n\n\t<h3 class=\"entry-title\">\n\t\t<a href=\"https:\/\/ceim.cl\/en\/certificados-inteligentes-con-tecnologia-blockchain-llegan-a-ceim-para-dar-valor-a-sus-certificaciones\/\" title=\"CEIM un paso adelante; Incorporamos tecnolog\u00eda blockchain a  las certificaciones de oficios industriales\" rel=\"bookmark\">CEIM un paso adelante; Incorporamos tecnolog\u00eda blockchain a  las certificaciones de oficios industriales<\/a>\n\t<\/h3>\n\n\t\n\t<div class=\"entry-excerpt\"><p>Esta tecnolog\u00eda pionera entrega mayor seguridad en la documentaci\u00f3n y una visualizaci\u00f3n integral del programa que curs\u00f3 en CEIM Durante&hellip;<\/p>\n<\/div>\n\t\n<a href=\"https:\/\/ceim.cl\/en\/certificados-inteligentes-con-tecnologia-blockchain-llegan-a-ceim-para-dar-valor-a-sus-certificaciones\/\" class=\"dt-btn-s dt-btn post-details details-type-btn\" aria-label=\"Read more about CEIM un paso adelante; Incorporamos tecnolog\u00eda blockchain a  las certificaciones de oficios industriales\">Read more<i class=\"dt-icon-the7-arrow-03\" aria-hidden=\"true\"><\/i><\/a>\n\n<\/div><\/article><\/div><div class=\"hidden wf-cell\" data-post-id=\"32308\" data-date=\"2023-05-22T17:01:11-04:00\" data-name=\"Escondida | BHP certific\u00f3 a 120 mujeres como operadoras y mantenedoras, triplicando el promedio nacional de participaci\u00f3n femenina\"><article class=\"post project-odd visible post-32308 type-post status-publish format-standard has-post-thumbnail hentry category-capacitacion-empresas category-noticias category-noticias-destacadas category-principal-home tag-ceim tag-industria tag-mineria category-283 category-1 category-73 category-275\" data-name=\"Escondida | BHP certific\u00f3 a 120 mujeres como operadoras y mantenedoras, triplicando el promedio nacional de participaci\u00f3n femenina\" data-date=\"2023-05-22T17:01:11-04:00\">\n\n<div class=\"post-thumbnail-wrap\">\n\t<div class=\"post-thumbnail\">\n\t\t\n\t\t\n\t\t<a href=\"https:\/\/ceim.cl\/en\/escondida-bhp-certifico-a-120-mujeres-como-operadoras-y-mantenedoras-triplicando-el-promedio-nacional-de-participacion-femenina\/\" class=\"post-thumbnail-rollover layzr-bg layzr-bg\" ><img decoding=\"async\" class=\"iso-lazy-load preload-me iso-lazy-load aspect\" src=\"data:image\/svg+xml,%3Csvg%20xmlns%3D&#39;http%3A%2F%2Fwww.w3.org%2F2000%2Fsvg&#39;%20viewBox%3D&#39;0%200%20768%20768&#39;%2F%3E\" data-src=\"https:\/\/ceim.cl\/wp-content\/uploads\/2023\/05\/Mineras-34-scaled-768x768.jpg\" data-srcset=\"https:\/\/ceim.cl\/wp-content\/uploads\/2023\/05\/Mineras-34-scaled-768x768.jpg 768w, https:\/\/ceim.cl\/wp-content\/uploads\/2023\/05\/Mineras-34-scaled-871x871.jpg 871w\" loading=\"eager\" style=\"--ratio: 768 \/ 768\" sizes=\"(max-width: 768px) 100vw, 768px\" alt=\"\" title=\"Mineras-34\" width=\"768\" height=\"768\"  \/><\/a>\t<\/div>\n<\/div>\n\n\n<div class=\"post-entry-content\">\n\n\t<h3 class=\"entry-title\">\n\t\t<a href=\"https:\/\/ceim.cl\/en\/escondida-bhp-certifico-a-120-mujeres-como-operadoras-y-mantenedoras-triplicando-el-promedio-nacional-de-participacion-femenina\/\" title=\"Escondida | BHP certific\u00f3 a 120 mujeres como operadoras y mantenedoras, triplicando el promedio nacional de participaci\u00f3n femenina\" rel=\"bookmark\">Escondida | BHP certific\u00f3 a 120 mujeres como operadoras y mantenedoras, triplicando el promedio nacional de participaci\u00f3n femenina<\/a>\n\t<\/h3>\n\n\t\n\t<div class=\"entry-excerpt\"><p>El programa formativo \u201cMineras\u201d, ha capacitado a m\u00e1s de 450 especialistas para ser parte de la industria en los \u00faltimos&hellip;<\/p>\n<\/div>\n\t\n<a href=\"https:\/\/ceim.cl\/en\/escondida-bhp-certifico-a-120-mujeres-como-operadoras-y-mantenedoras-triplicando-el-promedio-nacional-de-participacion-femenina\/\" class=\"dt-btn-s dt-btn post-details details-type-btn\" aria-label=\"Read more about Escondida | BHP certific\u00f3 a 120 mujeres como operadoras y mantenedoras, triplicando el promedio nacional de participaci\u00f3n femenina\">Read more<i class=\"dt-icon-the7-arrow-03\" aria-hidden=\"true\"><\/i><\/a>\n\n<\/div><\/article><\/div><div class=\"hidden wf-cell\" data-post-id=\"32142\" data-date=\"2023-05-02T10:57:53-04:00\" data-name=\"Maqueta interactiva del proceso minero se luce en el lanzamiento del Programa STEM+G\u00c9NERO de Escondida BHP y Lab4U\"><article class=\"post project-odd visible post-32142 type-post status-publish format-standard has-post-thumbnail hentry category-capacitacion-empresas category-noticias category-noticias-destacadas category-principal-home tag-ceim tag-industria tag-mineria category-283 category-1 category-73 category-275\" data-name=\"Maqueta interactiva del proceso minero se luce en el lanzamiento del Programa STEM+G\u00c9NERO de Escondida BHP y Lab4U\" data-date=\"2023-05-02T10:57:53-04:00\">\n\n<div class=\"post-thumbnail-wrap\">\n\t<div class=\"post-thumbnail\">\n\t\t\n\t\t\n\t\t<a href=\"https:\/\/ceim.cl\/en\/escondida-bhp-y-lab4u-lanzan-nuevo-ciclo-de-programa-stemgenero\/\" class=\"post-thumbnail-rollover layzr-bg layzr-bg\" ><img decoding=\"async\" class=\"iso-lazy-load preload-me iso-lazy-load aspect\" src=\"data:image\/svg+xml,%3Csvg%20xmlns%3D&#39;http%3A%2F%2Fwww.w3.org%2F2000%2Fsvg&#39;%20viewBox%3D&#39;0%200%20768%20768&#39;%2F%3E\" data-src=\"https:\/\/ceim.cl\/wp-content\/uploads\/2023\/05\/WhatsApp-Image-2023-05-02-at-10.37.14-768x768.jpeg\" data-srcset=\"https:\/\/ceim.cl\/wp-content\/uploads\/2023\/05\/WhatsApp-Image-2023-05-02-at-10.37.14-768x768.jpeg 768w, https:\/\/ceim.cl\/wp-content\/uploads\/2023\/05\/WhatsApp-Image-2023-05-02-at-10.37.14-1068x1068.jpeg 1068w\" loading=\"eager\" style=\"--ratio: 768 \/ 768\" sizes=\"(max-width: 768px) 100vw, 768px\" alt=\"\" title=\"WhatsApp-Image-2023-05-02-at-10.37.14\" width=\"768\" height=\"768\"  \/><\/a>\t<\/div>\n<\/div>\n\n\n<div class=\"post-entry-content\">\n\n\t<h3 class=\"entry-title\">\n\t\t<a href=\"https:\/\/ceim.cl\/en\/escondida-bhp-y-lab4u-lanzan-nuevo-ciclo-de-programa-stemgenero\/\" title=\"Maqueta interactiva del proceso minero se luce en el lanzamiento del Programa STEM+G\u00c9NERO de Escondida BHP y Lab4U\" rel=\"bookmark\">Maqueta interactiva del proceso minero se luce en el lanzamiento del Programa STEM+G\u00c9NERO de Escondida BHP y Lab4U<\/a>\n\t<\/h3>\n\n\t\n\t<div class=\"entry-excerpt\"><p>CEIM fue el lugar escogido para dar inicio a la segunda versi\u00f3n de este programa el cual ha duplicado su&hellip;<\/p>\n<\/div>\n\t\n<a href=\"https:\/\/ceim.cl\/en\/escondida-bhp-y-lab4u-lanzan-nuevo-ciclo-de-programa-stemgenero\/\" class=\"dt-btn-s dt-btn post-details details-type-btn\" aria-label=\"Read more about Maqueta interactiva del proceso minero se luce en el lanzamiento del Programa STEM+G\u00c9NERO de Escondida BHP y Lab4U\">Read more<i class=\"dt-icon-the7-arrow-03\" aria-hidden=\"true\"><\/i><\/a>\n\n<\/div><\/article><\/div><div class=\"hidden wf-cell\" data-post-id=\"32135\" data-date=\"2023-04-18T12:29:55-04:00\" data-name=\"\u00a1Nos vamos a la Expomin! CEIM y CEIMas estar\u00e1n presente en importante encuentro de la miner\u00eda mundial\"><article class=\"post project-odd visible post-32135 type-post status-publish format-standard has-post-thumbnail hentry category-capacitacion-empresas category-ceimas category-escuela-de-oficios-industriales category-noticias category-noticias-destacadas category-principal-home tag-ceim tag-industria tag-mineria category-283 category-282 category-284 category-1 category-73 category-275\" data-name=\"\u00a1Nos vamos a la Expomin! CEIM y CEIMas estar\u00e1n presente en importante encuentro de la miner\u00eda mundial\" data-date=\"2023-04-18T12:29:55-04:00\">\n\n<div class=\"post-thumbnail-wrap\">\n\t<div class=\"post-thumbnail\">\n\t\t\n\t\t\n\t\t<a href=\"https:\/\/ceim.cl\/en\/nos-vamos-a-la-expomin-ceim-y-ceimas-estaran-presente-en-importante-encuentro-de-la-mineria-mundial\/\" class=\"post-thumbnail-rollover layzr-bg layzr-bg\" ><img decoding=\"async\" class=\"iso-lazy-load preload-me iso-lazy-load aspect\" src=\"data:image\/svg+xml,%3Csvg%20xmlns%3D&#39;http%3A%2F%2Fwww.w3.org%2F2000%2Fsvg&#39;%20viewBox%3D&#39;0%200%20768%20768&#39;%2F%3E\" data-src=\"https:\/\/ceim.cl\/wp-content\/uploads\/2023\/04\/7cafaea5-f472-4b1b-a839-6b6c4d5faf4c-768x768.jpg\" data-srcset=\"https:\/\/ceim.cl\/wp-content\/uploads\/2023\/04\/7cafaea5-f472-4b1b-a839-6b6c4d5faf4c-768x768.jpg 768w, https:\/\/ceim.cl\/wp-content\/uploads\/2023\/04\/7cafaea5-f472-4b1b-a839-6b6c4d5faf4c-1152x1152.jpg 1152w\" loading=\"eager\" style=\"--ratio: 768 \/ 768\" sizes=\"(max-width: 768px) 100vw, 768px\" alt=\"\" title=\"7cafaea5-f472-4b1b-a839-6b6c4d5faf4c\" width=\"768\" height=\"768\"  \/><\/a>\t<\/div>\n<\/div>\n\n\n<div class=\"post-entry-content\">\n\n\t<h3 class=\"entry-title\">\n\t\t<a href=\"https:\/\/ceim.cl\/en\/nos-vamos-a-la-expomin-ceim-y-ceimas-estaran-presente-en-importante-encuentro-de-la-mineria-mundial\/\" title=\"\u00a1Nos vamos a la Expomin! CEIM y CEIMas estar\u00e1n presente en importante encuentro de la miner\u00eda mundial\" rel=\"bookmark\">\u00a1Nos vamos a la Expomin! CEIM y CEIMas estar\u00e1n presente en importante encuentro de la miner\u00eda mundial<\/a>\n\t<\/h3>\n\n\t\n\t<div class=\"entry-excerpt\"><p>La actividad que se realizar\u00e1 del 24 al 27 de abril en el espacio Fisa Santiago, contar\u00e1 con m\u00e1s de&hellip;<\/p>\n<\/div>\n\t\n<a href=\"https:\/\/ceim.cl\/en\/nos-vamos-a-la-expomin-ceim-y-ceimas-estaran-presente-en-importante-encuentro-de-la-mineria-mundial\/\" class=\"dt-btn-s dt-btn post-details details-type-btn\" aria-label=\"Read more about \u00a1Nos vamos a la Expomin! CEIM y CEIMas estar\u00e1n presente en importante encuentro de la miner\u00eda mundial\">Read more<i class=\"dt-icon-the7-arrow-03\" aria-hidden=\"true\"><\/i><\/a>\n\n<\/div><\/article><\/div><div class=\"hidden wf-cell\" data-post-id=\"32120\" data-date=\"2023-04-18T10:23:36-04:00\" data-name=\"CEIM destaca entre las 10 instituciones m\u00e1s confiables de la Regi\u00f3n de Antofagasta seg\u00fan la Encuesta Bar\u00f3metro 2023\"><article class=\"post project-odd visible post-32120 type-post status-publish format-standard has-post-thumbnail hentry category-3d category-capacitacion-empresas category-ceimas category-escuela-de-oficios-industriales category-noticias category-noticias-destacadas category-principal-home tag-ceim tag-industria tag-mineria category-286 category-283 category-282 category-284 category-1 category-73 category-275\" data-name=\"CEIM destaca entre las 10 instituciones m\u00e1s confiables de la Regi\u00f3n de Antofagasta seg\u00fan la Encuesta Bar\u00f3metro 2023\" data-date=\"2023-04-18T10:23:36-04:00\">\n\n<div class=\"post-thumbnail-wrap\">\n\t<div class=\"post-thumbnail\">\n\t\t\n\t\t\n\t\t<a href=\"https:\/\/ceim.cl\/en\/ceim-destaca-entre-las-10-instituciones-mas-confiables-de-la-region-de-antofagasta-segun-la-encuesta-barometro-2023\/\" class=\"post-thumbnail-rollover layzr-bg layzr-bg\" ><img decoding=\"async\" class=\"iso-lazy-load preload-me iso-lazy-load aspect\" src=\"data:image\/svg+xml,%3Csvg%20xmlns%3D&#39;http%3A%2F%2Fwww.w3.org%2F2000%2Fsvg&#39;%20viewBox%3D&#39;0%200%20768%20768&#39;%2F%3E\" data-src=\"https:\/\/ceim.cl\/wp-content\/uploads\/2023\/04\/WhatsApp-Image-2023-04-18-at-10.19.58-768x768.jpeg\" data-srcset=\"https:\/\/ceim.cl\/wp-content\/uploads\/2023\/04\/WhatsApp-Image-2023-04-18-at-10.19.58-768x768.jpeg 768w, https:\/\/ceim.cl\/wp-content\/uploads\/2023\/04\/WhatsApp-Image-2023-04-18-at-10.19.58-1066x1066.jpeg 1066w\" loading=\"eager\" style=\"--ratio: 768 \/ 768\" sizes=\"(max-width: 768px) 100vw, 768px\" alt=\"\" title=\"WhatsApp Image 2023-04-18 at 10.19.58\" width=\"768\" height=\"768\"  \/><\/a>\t<\/div>\n<\/div>\n\n\n<div class=\"post-entry-content\">\n\n\t<h3 class=\"entry-title\">\n\t\t<a href=\"https:\/\/ceim.cl\/en\/ceim-destaca-entre-las-10-instituciones-mas-confiables-de-la-region-de-antofagasta-segun-la-encuesta-barometro-2023\/\" title=\"CEIM destaca entre las 10 instituciones m\u00e1s confiables de la Regi\u00f3n de Antofagasta seg\u00fan la Encuesta Bar\u00f3metro 2023\" rel=\"bookmark\">CEIM destaca entre las 10 instituciones m\u00e1s confiables de la Regi\u00f3n de Antofagasta seg\u00fan la Encuesta Bar\u00f3metro 2023<\/a>\n\t<\/h3>\n\n\t\n\t<div class=\"entry-excerpt\"><p>Los resultados fueron presentados mediante un encuentro realizado en las dependencias de El Mercurio Antofagasta, instancia en la que adem\u00e1s&hellip;<\/p>\n<\/div>\n\t\n<a href=\"https:\/\/ceim.cl\/en\/ceim-destaca-entre-las-10-instituciones-mas-confiables-de-la-region-de-antofagasta-segun-la-encuesta-barometro-2023\/\" class=\"dt-btn-s dt-btn post-details details-type-btn\" aria-label=\"Read more about CEIM destaca entre las 10 instituciones m\u00e1s confiables de la Regi\u00f3n de Antofagasta seg\u00fan la Encuesta Bar\u00f3metro 2023\">Read more<i class=\"dt-icon-the7-arrow-03\" aria-hidden=\"true\"><\/i><\/a>\n\n<\/div><\/article><\/div><div class=\"hidden wf-cell\" data-post-id=\"32060\" data-date=\"2023-03-31T11:49:00-03:00\" data-name=\"Programa \u201cMineras\u201d de Escondida | BHP impulsa la igualdad de g\u00e9nero con ceremonia de egreso de 31 mujeres como mantenedoras mec\u00e1nicas\"><article class=\"post project-odd visible post-32060 type-post status-publish format-standard has-post-thumbnail hentry category-capacitacion-empresas category-noticias category-noticias-destacadas category-principal-home tag-ceim tag-industria tag-mineria category-283 category-1 category-73 category-275\" data-name=\"Programa \u201cMineras\u201d de Escondida | BHP impulsa la igualdad de g\u00e9nero con ceremonia de egreso de 31 mujeres como mantenedoras mec\u00e1nicas\" data-date=\"2023-03-31T11:49:00-03:00\">\n\n<div class=\"post-thumbnail-wrap\">\n\t<div class=\"post-thumbnail\">\n\t\t\n\t\t\n\t\t<a href=\"https:\/\/ceim.cl\/en\/programa-mineras-de-escondida-bhp-impulsa-la-igualdad-de-genero-con-ceremonia-de-egreso-de-31-mujeres-como-mantenedoras-mecanicas\/\" class=\"post-thumbnail-rollover layzr-bg layzr-bg\" ><img decoding=\"async\" class=\"iso-lazy-load preload-me iso-lazy-load aspect\" src=\"data:image\/svg+xml,%3Csvg%20xmlns%3D&#39;http%3A%2F%2Fwww.w3.org%2F2000%2Fsvg&#39;%20viewBox%3D&#39;0%200%20768%20768&#39;%2F%3E\" data-src=\"https:\/\/ceim.cl\/wp-content\/uploads\/2023\/03\/WhatsApp-Image-2023-03-31-at-11.01.29-1-768x768.jpeg\" data-srcset=\"https:\/\/ceim.cl\/wp-content\/uploads\/2023\/03\/WhatsApp-Image-2023-03-31-at-11.01.29-1-768x768.jpeg 768w, https:\/\/ceim.cl\/wp-content\/uploads\/2023\/03\/WhatsApp-Image-2023-03-31-at-11.01.29-1-859x859.jpeg 859w\" loading=\"eager\" style=\"--ratio: 768 \/ 768\" sizes=\"(max-width: 768px) 100vw, 768px\" alt=\"\" title=\"WhatsApp Image 2023-03-31 at 11.01.29 (1)\" width=\"768\" height=\"768\"  \/><\/a>\t<\/div>\n<\/div>\n\n\n<div class=\"post-entry-content\">\n\n\t<h3 class=\"entry-title\">\n\t\t<a href=\"https:\/\/ceim.cl\/en\/programa-mineras-de-escondida-bhp-impulsa-la-igualdad-de-genero-con-ceremonia-de-egreso-de-31-mujeres-como-mantenedoras-mecanicas\/\" title=\"Programa \u201cMineras\u201d de Escondida | BHP impulsa la igualdad de g\u00e9nero con ceremonia de egreso de 31 mujeres como mantenedoras mec\u00e1nicas\" rel=\"bookmark\">Programa \u201cMineras\u201d de Escondida | BHP impulsa la igualdad de g\u00e9nero con ceremonia de egreso de 31 mujeres como mantenedoras mec\u00e1nicas<\/a>\n\t<\/h3>\n\n\t\n\t<div class=\"entry-excerpt\"><p>El programa es desarrollado en conjunto con el Centro de Entrenamiento Industrial y Minero, CEIM, como parte de las acciones&hellip;<\/p>\n<\/div>\n\t\n<a href=\"https:\/\/ceim.cl\/en\/programa-mineras-de-escondida-bhp-impulsa-la-igualdad-de-genero-con-ceremonia-de-egreso-de-31-mujeres-como-mantenedoras-mecanicas\/\" class=\"dt-btn-s dt-btn post-details details-type-btn\" aria-label=\"Read more about Programa \u201cMineras\u201d de Escondida | BHP impulsa la igualdad de g\u00e9nero con ceremonia de egreso de 31 mujeres como mantenedoras mec\u00e1nicas\">Read more<i class=\"dt-icon-the7-arrow-03\" aria-hidden=\"true\"><\/i><\/a>\n\n<\/div><\/article><\/div><div class=\"hidden wf-cell\" data-post-id=\"31943\" data-date=\"2023-02-10T13:35:45-03:00\" data-name=\"CEIM y CEIMas obtienen certificaci\u00f3n de Sistema Gesti\u00f3n de Igualdad de G\u00e9nero y Conciliaci\u00f3n de la Vida Laboral, Familiar y Personal\"><article class=\"post project-odd visible post-31943 type-post status-publish format-standard has-post-thumbnail hentry category-capacitacion-empresas category-escuela-de-oficios-industriales category-norma-3262 category-noticias category-noticias-destacadas category-principal-home tag-ceim tag-industria tag-mineria category-283 category-284 category-285 category-1 category-73 category-275\" data-name=\"CEIM y CEIMas obtienen certificaci\u00f3n de Sistema Gesti\u00f3n de Igualdad de G\u00e9nero y Conciliaci\u00f3n de la Vida Laboral, Familiar y Personal\" data-date=\"2023-02-10T13:35:45-03:00\">\n\n<div class=\"post-thumbnail-wrap\">\n\t<div class=\"post-thumbnail\">\n\t\t\n\t\t\n\t\t<a href=\"https:\/\/ceim.cl\/en\/ceim-y-ceimas-obtienen-certificacion-de-sistema-gestion-de-igualdad-de-genero-y-conciliacion-de-la-vida-laboral-familiar-y-personal\/\" class=\"post-thumbnail-rollover layzr-bg layzr-bg\" ><img decoding=\"async\" class=\"iso-lazy-load preload-me iso-lazy-load aspect\" src=\"data:image\/svg+xml,%3Csvg%20xmlns%3D&#39;http%3A%2F%2Fwww.w3.org%2F2000%2Fsvg&#39;%20viewBox%3D&#39;0%200%20768%20768&#39;%2F%3E\" data-src=\"https:\/\/ceim.cl\/wp-content\/uploads\/2023\/02\/WhatsApp-Image-2023-02-10-at-13.30.14-5-768x768.jpeg\" data-srcset=\"https:\/\/ceim.cl\/wp-content\/uploads\/2023\/02\/WhatsApp-Image-2023-02-10-at-13.30.14-5-768x768.jpeg 768w, https:\/\/ceim.cl\/wp-content\/uploads\/2023\/02\/WhatsApp-Image-2023-02-10-at-13.30.14-5-901x901.jpeg 901w\" loading=\"eager\" style=\"--ratio: 768 \/ 768\" sizes=\"(max-width: 768px) 100vw, 768px\" alt=\"\" title=\"WhatsApp-Image-2023-02-10-at-13.30.14-5\" width=\"768\" height=\"768\"  \/><\/a>\t<\/div>\n<\/div>\n\n\n<div class=\"post-entry-content\">\n\n\t<h3 class=\"entry-title\">\n\t\t<a href=\"https:\/\/ceim.cl\/en\/ceim-y-ceimas-obtienen-certificacion-de-sistema-gestion-de-igualdad-de-genero-y-conciliacion-de-la-vida-laboral-familiar-y-personal\/\" title=\"CEIM y CEIMas obtienen certificaci\u00f3n de Sistema Gesti\u00f3n de Igualdad de G\u00e9nero y Conciliaci\u00f3n de la Vida Laboral, Familiar y Personal\" rel=\"bookmark\">CEIM y CEIMas obtienen certificaci\u00f3n de Sistema Gesti\u00f3n de Igualdad de G\u00e9nero y Conciliaci\u00f3n de la Vida Laboral, Familiar y Personal<\/a>\n\t<\/h3>\n\n\t\n\t<div class=\"entry-excerpt\"><p>Ambas instituciones obtuvieron la certificaci\u00f3n de la Nch 3262, en dicho proceso no se generaron no conformidades ni observaciones, lo&hellip;<\/p>\n<\/div>\n\t\n<a href=\"https:\/\/ceim.cl\/en\/ceim-y-ceimas-obtienen-certificacion-de-sistema-gestion-de-igualdad-de-genero-y-conciliacion-de-la-vida-laboral-familiar-y-personal\/\" class=\"dt-btn-s dt-btn post-details details-type-btn\" aria-label=\"Read more about CEIM y CEIMas obtienen certificaci\u00f3n de Sistema Gesti\u00f3n de Igualdad de G\u00e9nero y Conciliaci\u00f3n de la Vida Laboral, Familiar y Personal\">Read more<i class=\"dt-icon-the7-arrow-03\" aria-hidden=\"true\"><\/i><\/a>\n\n<\/div><\/article><\/div><div class=\"hidden wf-cell\" data-post-id=\"31915\" data-date=\"2023-02-03T16:36:04-03:00\" data-name=\"41 mujeres egresan como mantenedoras el\u00e9ctricas y operadoras planta gracias al programa \u201cMujeres\u201d de Escondida | BHP\"><article class=\"post project-odd visible post-31915 type-post status-publish format-standard has-post-thumbnail hentry category-capacitacion-empresas category-noticias category-noticias-destacadas category-principal-home tag-ceim tag-industria tag-mineria category-283 category-1 category-73 category-275\" data-name=\"41 mujeres egresan como mantenedoras el\u00e9ctricas y operadoras planta gracias al programa \u201cMujeres\u201d de Escondida | BHP\" data-date=\"2023-02-03T16:36:04-03:00\">\n\n<div class=\"post-thumbnail-wrap\">\n\t<div class=\"post-thumbnail\">\n\t\t\n\t\t\n\t\t<a href=\"https:\/\/ceim.cl\/en\/41-mujeres-egresan-como-mantenedoras-electricas-y-operadoras-planta-gracias-al-programa-mujeres-de-escondida-bhp\/\" class=\"post-thumbnail-rollover layzr-bg layzr-bg\" ><img decoding=\"async\" class=\"iso-lazy-load preload-me iso-lazy-load aspect\" src=\"data:image\/svg+xml,%3Csvg%20xmlns%3D&#39;http%3A%2F%2Fwww.w3.org%2F2000%2Fsvg&#39;%20viewBox%3D&#39;0%200%20768%20768&#39;%2F%3E\" data-src=\"https:\/\/ceim.cl\/wp-content\/uploads\/2023\/02\/WhatsApp-Image-2023-02-03-at-16.25.10-1-768x768.jpeg\" data-srcset=\"https:\/\/ceim.cl\/wp-content\/uploads\/2023\/02\/WhatsApp-Image-2023-02-03-at-16.25.10-1-768x768.jpeg 768w, https:\/\/ceim.cl\/wp-content\/uploads\/2023\/02\/WhatsApp-Image-2023-02-03-at-16.25.10-1-911x911.jpeg 911w\" loading=\"eager\" style=\"--ratio: 768 \/ 768\" sizes=\"(max-width: 768px) 100vw, 768px\" alt=\"\" title=\"WhatsApp-Image-2023-02-03-at-16.25.10-1\" width=\"768\" height=\"768\"  \/><\/a>\t<\/div>\n<\/div>\n\n\n<div class=\"post-entry-content\">\n\n\t<h3 class=\"entry-title\">\n\t\t<a href=\"https:\/\/ceim.cl\/en\/41-mujeres-egresan-como-mantenedoras-electricas-y-operadoras-planta-gracias-al-programa-mujeres-de-escondida-bhp\/\" title=\"41 mujeres egresan como mantenedoras el\u00e9ctricas y operadoras planta gracias al programa \u201cMujeres\u201d de Escondida | BHP\" rel=\"bookmark\">41 mujeres egresan como mantenedoras el\u00e9ctricas y operadoras planta gracias al programa \u201cMujeres\u201d de Escondida | BHP<\/a>\n\t<\/h3>\n\n\t\n\t<div class=\"entry-excerpt\"><p>En el camino hacia el balance de g\u00e9nero, esta iniciativa ya cuenta con ocho generaciones de egresadas, sumando un total&hellip;<\/p>\n<\/div>\n\t\n<a href=\"https:\/\/ceim.cl\/en\/41-mujeres-egresan-como-mantenedoras-electricas-y-operadoras-planta-gracias-al-programa-mujeres-de-escondida-bhp\/\" class=\"dt-btn-s dt-btn post-details details-type-btn\" aria-label=\"Read more about 41 mujeres egresan como mantenedoras el\u00e9ctricas y operadoras planta gracias al programa \u201cMujeres\u201d de Escondida | BHP\">Read more<i class=\"dt-icon-the7-arrow-03\" aria-hidden=\"true\"><\/i><\/a>\n\n<\/div><\/article><\/div><div class=\"hidden wf-cell\" data-post-id=\"31803\" data-date=\"2023-01-13T12:29:00-03:00\" data-name=\"Programa \u201cMujeres a la Carga\u201d de Lomas Bayas finaliza su proceso formativo en CEIM\"><article class=\"post project-odd visible post-31803 type-post status-publish format-standard has-post-thumbnail hentry category-capacitacion-empresas category-noticias category-noticias-destacadas category-principal-home tag-ceim tag-industria tag-mineria category-283 category-1 category-73 category-275\" data-name=\"Programa \u201cMujeres a la Carga\u201d de Lomas Bayas finaliza su proceso formativo en CEIM\" data-date=\"2023-01-13T12:29:00-03:00\">\n\n<div class=\"post-thumbnail-wrap\">\n\t<div class=\"post-thumbnail\">\n\t\t\n\t\t\n\t\t<a href=\"https:\/\/ceim.cl\/en\/programa-mujeres-a-la-carga-de-lomas-bayas-finaliza-su-proceso-formativo-en-ceim\/\" class=\"post-thumbnail-rollover layzr-bg layzr-bg\" ><img decoding=\"async\" class=\"iso-lazy-load preload-me iso-lazy-load aspect\" src=\"data:image\/svg+xml,%3Csvg%20xmlns%3D&#39;http%3A%2F%2Fwww.w3.org%2F2000%2Fsvg&#39;%20viewBox%3D&#39;0%200%20768%20768&#39;%2F%3E\" data-src=\"https:\/\/ceim.cl\/wp-content\/uploads\/2023\/01\/1-scaled-768x768.jpg\" data-srcset=\"https:\/\/ceim.cl\/wp-content\/uploads\/2023\/01\/1-scaled-768x768.jpg 768w, https:\/\/ceim.cl\/wp-content\/uploads\/2023\/01\/1-scaled-1152x1152.jpg 1152w\" loading=\"eager\" style=\"--ratio: 768 \/ 768\" sizes=\"(max-width: 768px) 100vw, 768px\" alt=\"\" title=\"1\" width=\"768\" height=\"768\"  \/><\/a>\t<\/div>\n<\/div>\n\n\n<div class=\"post-entry-content\">\n\n\t<h3 class=\"entry-title\">\n\t\t<a href=\"https:\/\/ceim.cl\/en\/programa-mujeres-a-la-carga-de-lomas-bayas-finaliza-su-proceso-formativo-en-ceim\/\" title=\"Programa \u201cMujeres a la Carga\u201d de Lomas Bayas finaliza su proceso formativo en CEIM\" rel=\"bookmark\">Programa \u201cMujeres a la Carga\u201d de Lomas Bayas finaliza su proceso formativo en CEIM<\/a>\n\t<\/h3>\n\n\t\n\t<div class=\"entry-excerpt\"><p>Mediante una ceremonia, se dio cierre a la sexta versi\u00f3n del programa liderado por la Compa\u00f1\u00eda Minera Lomas Bayas, iniciativa&hellip;<\/p>\n<\/div>\n\t\n<a href=\"https:\/\/ceim.cl\/en\/programa-mujeres-a-la-carga-de-lomas-bayas-finaliza-su-proceso-formativo-en-ceim\/\" class=\"dt-btn-s dt-btn post-details details-type-btn\" aria-label=\"Read more about Programa \u201cMujeres a la Carga\u201d de Lomas Bayas finaliza su proceso formativo en CEIM\">Read more<i class=\"dt-icon-the7-arrow-03\" aria-hidden=\"true\"><\/i><\/a>\n\n<\/div><\/article><\/div><div class=\"hidden wf-cell\" data-post-id=\"31778\" data-date=\"2022-12-29T15:13:23-03:00\" data-name=\"Usuarios del Centro de Reinserci\u00f3n Social de Antofagasta concluyen con \u00e9xito programa formativo en CEIM\"><article class=\"post project-odd visible post-31778 type-post status-publish format-standard has-post-thumbnail hentry category-capacitacion-empresas category-noticias category-noticias-destacadas category-principal-home tag-ceim tag-industria tag-mineria category-283 category-1 category-73 category-275\" data-name=\"Usuarios del Centro de Reinserci\u00f3n Social de Antofagasta concluyen con \u00e9xito programa formativo en CEIM\" data-date=\"2022-12-29T15:13:23-03:00\">\n\n<div class=\"post-thumbnail-wrap\">\n\t<div class=\"post-thumbnail\">\n\t\t\n\t\t\n\t\t<a href=\"https:\/\/ceim.cl\/en\/usuarios-del-centro-de-reinsercion-social-de-antofagasta-concluyen-con-exito-programa-formativo-en-ceim\/\" class=\"post-thumbnail-rollover layzr-bg layzr-bg\" ><img decoding=\"async\" class=\"iso-lazy-load preload-me iso-lazy-load aspect\" src=\"data:image\/svg+xml,%3Csvg%20xmlns%3D&#39;http%3A%2F%2Fwww.w3.org%2F2000%2Fsvg&#39;%20viewBox%3D&#39;0%200%20768%20768&#39;%2F%3E\" data-src=\"https:\/\/ceim.cl\/wp-content\/uploads\/2022\/12\/WhatsApp-Image-2022-12-29-at-15.03.09-1-768x768.jpeg\" data-srcset=\"https:\/\/ceim.cl\/wp-content\/uploads\/2022\/12\/WhatsApp-Image-2022-12-29-at-15.03.09-1-768x768.jpeg 768w, https:\/\/ceim.cl\/wp-content\/uploads\/2022\/12\/WhatsApp-Image-2022-12-29-at-15.03.09-1-1152x1152.jpeg 1152w\" loading=\"eager\" style=\"--ratio: 768 \/ 768\" sizes=\"(max-width: 768px) 100vw, 768px\" alt=\"\" title=\"WhatsApp-Image-2022-12-29-at-15.03.09-1\" width=\"768\" height=\"768\"  \/><\/a>\t<\/div>\n<\/div>\n\n\n<div class=\"post-entry-content\">\n\n\t<h3 class=\"entry-title\">\n\t\t<a href=\"https:\/\/ceim.cl\/en\/usuarios-del-centro-de-reinsercion-social-de-antofagasta-concluyen-con-exito-programa-formativo-en-ceim\/\" title=\"Usuarios del Centro de Reinserci\u00f3n Social de Antofagasta concluyen con \u00e9xito programa formativo en CEIM\" rel=\"bookmark\">Usuarios del Centro de Reinserci\u00f3n Social de Antofagasta concluyen con \u00e9xito programa formativo en CEIM<\/a>\n\t<\/h3>\n\n\t\n\t<div class=\"entry-excerpt\"><p>La capacitaci\u00f3n fue finalizada por el 100% de participantes insertos en el Programa de Intermediaci\u00f3n Laboral del CRS, en cuyo&hellip;<\/p>\n<\/div>\n\t\n<a href=\"https:\/\/ceim.cl\/en\/usuarios-del-centro-de-reinsercion-social-de-antofagasta-concluyen-con-exito-programa-formativo-en-ceim\/\" class=\"dt-btn-s dt-btn post-details details-type-btn\" aria-label=\"Read more about Usuarios del Centro de Reinserci\u00f3n Social de Antofagasta concluyen con \u00e9xito programa formativo en CEIM\">Read more<i class=\"dt-icon-the7-arrow-03\" aria-hidden=\"true\"><\/i><\/a>\n\n<\/div><\/article><\/div><div class=\"hidden wf-cell\" data-post-id=\"31561\" data-date=\"2022-11-17T18:49:20-03:00\" data-name=\"Escondida | BHP \u00a0inicia en CEIM programa formativo para Mantenedoras Trainee\"><article class=\"post project-odd visible post-31561 type-post status-publish format-standard has-post-thumbnail hentry category-capacitacion-empresas category-noticias category-noticias-destacadas category-principal-home tag-aprendices tag-ceim tag-entrenamiento tag-industria tag-mineria category-283 category-1 category-73 category-275\" data-name=\"Escondida | BHP \u00a0inicia en CEIM programa formativo para Mantenedoras Trainee\" data-date=\"2022-11-17T18:49:20-03:00\">\n\n<div class=\"post-thumbnail-wrap\">\n\t<div class=\"post-thumbnail\">\n\t\t\n\t\t\n\t\t<a href=\"https:\/\/ceim.cl\/en\/escondida-bhp-inicia-en-ceim-programa-formativo-para-mantenedoras-trainee\/\" class=\"post-thumbnail-rollover layzr-bg layzr-bg\" ><img decoding=\"async\" class=\"iso-lazy-load preload-me iso-lazy-load aspect\" src=\"data:image\/svg+xml,%3Csvg%20xmlns%3D&#39;http%3A%2F%2Fwww.w3.org%2F2000%2Fsvg&#39;%20viewBox%3D&#39;0%200%20768%20768&#39;%2F%3E\" data-src=\"https:\/\/ceim.cl\/wp-content\/uploads\/2022\/11\/1-1-scaled-768x768.jpg\" data-srcset=\"https:\/\/ceim.cl\/wp-content\/uploads\/2022\/11\/1-1-scaled-768x768.jpg 768w, https:\/\/ceim.cl\/wp-content\/uploads\/2022\/11\/1-1-scaled-1152x1152.jpg 1152w\" loading=\"eager\" style=\"--ratio: 768 \/ 768\" sizes=\"(max-width: 768px) 100vw, 768px\" alt=\"\" title=\"1-1\" width=\"768\" height=\"768\"  \/><\/a>\t<\/div>\n<\/div>\n\n\n<div class=\"post-entry-content\">\n\n\t<h3 class=\"entry-title\">\n\t\t<a href=\"https:\/\/ceim.cl\/en\/escondida-bhp-inicia-en-ceim-programa-formativo-para-mantenedoras-trainee\/\" title=\"Escondida | BHP \u00a0inicia en CEIM programa formativo para Mantenedoras Trainee\" rel=\"bookmark\">Escondida | BHP \u00a0inicia en CEIM programa formativo para Mantenedoras Trainee<\/a>\n\t<\/h3>\n\n\t\n\t<div class=\"entry-excerpt\"><p>El encuentro dio inicio al proceso de formaci\u00f3n que busca fomentar la participaci\u00f3n de las mujeres en la industria minera&hellip;<\/p>\n<\/div>\n\t\n<a href=\"https:\/\/ceim.cl\/en\/escondida-bhp-inicia-en-ceim-programa-formativo-para-mantenedoras-trainee\/\" class=\"dt-btn-s dt-btn post-details details-type-btn\" aria-label=\"Read more about Escondida | BHP \u00a0inicia en CEIM programa formativo para Mantenedoras Trainee\">Read more<i class=\"dt-icon-the7-arrow-03\" aria-hidden=\"true\"><\/i><\/a>\n\n<\/div><\/article><\/div><div class=\"hidden wf-cell\" data-post-id=\"30256\" data-date=\"2022-04-21T11:30:00-04:00\" data-name=\"Minera Lomas Bayas inicia su Primer Programa de Relevos 2022 con CEIM\"><article class=\"post project-odd visible post-30256 type-post status-publish format-standard has-post-thumbnail hentry category-capacitacion-empresas category-noticias tag-ceim tag-formacion tag-lomas tag-relevos category-283 category-1\" data-name=\"Minera Lomas Bayas inicia su Primer Programa de Relevos 2022 con CEIM\" data-date=\"2022-04-21T11:30:00-04:00\">\n\n<div class=\"post-thumbnail-wrap\">\n\t<div class=\"post-thumbnail\">\n\t\t\n\t\t\n\t\t<a href=\"https:\/\/ceim.cl\/en\/minera-lomas-bayas-inicia-su-primer-programa-de-relevos-2022-con-ceim\/\" class=\"post-thumbnail-rollover layzr-bg layzr-bg\" ><img decoding=\"async\" class=\"iso-lazy-load preload-me iso-lazy-load aspect\" src=\"data:image\/svg+xml,%3Csvg%20xmlns%3D&#39;http%3A%2F%2Fwww.w3.org%2F2000%2Fsvg&#39;%20viewBox%3D&#39;0%200%20748%20748&#39;%2F%3E\" data-src=\"https:\/\/ceim.cl\/wp-content\/uploads\/2022\/05\/WhatsApp-Image-2022-05-03-at-11.35.21-AM-748x748.jpeg\" data-srcset=\"https:\/\/ceim.cl\/wp-content\/uploads\/2022\/05\/WhatsApp-Image-2022-05-03-at-11.35.21-AM-748x748.jpeg 748w\" loading=\"eager\" style=\"--ratio: 748 \/ 748\" sizes=\"(max-width: 748px) 100vw, 748px\" alt=\"\" title=\"Relevos Lomas Bayas\" width=\"748\" height=\"748\"  \/><\/a>\t<\/div>\n<\/div>\n\n\n<div class=\"post-entry-content\">\n\n\t<h3 class=\"entry-title\">\n\t\t<a href=\"https:\/\/ceim.cl\/en\/minera-lomas-bayas-inicia-su-primer-programa-de-relevos-2022-con-ceim\/\" title=\"Minera Lomas Bayas inicia su Primer Programa de Relevos 2022 con CEIM\" rel=\"bookmark\">Minera Lomas Bayas inicia su Primer Programa de Relevos 2022 con CEIM<\/a>\n\t<\/h3>\n\n\t\n\t<div class=\"entry-excerpt\"><p>Un grupo de 15 trabajadores y trabajadoras provenientes \u00edntegramente de la Comuna de Sierra Gorda forman parte del Primer Programa&hellip;<\/p>\n<\/div>\n\t\n<a href=\"https:\/\/ceim.cl\/en\/minera-lomas-bayas-inicia-su-primer-programa-de-relevos-2022-con-ceim\/\" class=\"dt-btn-s dt-btn post-details details-type-btn\" aria-label=\"Read more about Minera Lomas Bayas inicia su Primer Programa de Relevos 2022 con CEIM\">Read more<i class=\"dt-icon-the7-arrow-03\" aria-hidden=\"true\"><\/i><\/a>\n\n<\/div><\/article><\/div><div class=\"hidden wf-cell\" data-post-id=\"30216\" data-date=\"2022-03-02T13:18:00-03:00\" data-name=\"87 Mujeres son parte de la nueva versi\u00f3n del Programa Mantenedoras y Operadoras Trainee de Escondida BHP\"><article class=\"post project-odd visible post-30216 type-post status-publish format-standard has-post-thumbnail hentry category-capacitacion-empresas category-noticias category-283 category-1\" data-name=\"87 Mujeres son parte de la nueva versi\u00f3n del Programa Mantenedoras y Operadoras Trainee de Escondida BHP\" data-date=\"2022-03-02T13:18:00-03:00\">\n\n<div class=\"post-thumbnail-wrap\">\n\t<div class=\"post-thumbnail\">\n\t\t\n\t\t\n\t\t<a href=\"https:\/\/ceim.cl\/en\/87-mujeres-son-parte-de-la-nueva-version-del-programa-mantenedoras-y-operadoras-trainee-de-escondida-bhp\/\" class=\"post-thumbnail-rollover layzr-bg layzr-bg\" ><img decoding=\"async\" class=\"iso-lazy-load preload-me iso-lazy-load aspect\" src=\"data:image\/svg+xml,%3Csvg%20xmlns%3D&#39;http%3A%2F%2Fwww.w3.org%2F2000%2Fsvg&#39;%20viewBox%3D&#39;0%200%20708%20708&#39;%2F%3E\" data-src=\"https:\/\/ceim.cl\/wp-content\/uploads\/2022\/03\/Programa-Trainee-MEL-2022-1-708x708.jpeg\" data-srcset=\"https:\/\/ceim.cl\/wp-content\/uploads\/2022\/03\/Programa-Trainee-MEL-2022-1-708x708.jpeg 708w\" loading=\"eager\" style=\"--ratio: 708 \/ 708\" sizes=\"(max-width: 708px) 100vw, 708px\" alt=\"\" title=\"Programa Trainee MEL 2022 (1)\" width=\"708\" height=\"708\"  \/><\/a>\t<\/div>\n<\/div>\n\n\n<div class=\"post-entry-content\">\n\n\t<h3 class=\"entry-title\">\n\t\t<a href=\"https:\/\/ceim.cl\/en\/87-mujeres-son-parte-de-la-nueva-version-del-programa-mantenedoras-y-operadoras-trainee-de-escondida-bhp\/\" title=\"87 Mujeres son parte de la nueva versi\u00f3n del Programa Mantenedoras y Operadoras Trainee de Escondida BHP\" rel=\"bookmark\">87 Mujeres son parte de la nueva versi\u00f3n del Programa Mantenedoras y Operadoras Trainee de Escondida BHP<\/a>\n\t<\/h3>\n\n\t\n\t<div class=\"entry-excerpt\"><p>Este a\u00f1o se realiza la cuarta versi\u00f3n del Programa Mantenedoras y Operadoras Trainee de Minera Escondida BHP, ejecutado por el&hellip;<\/p>\n<\/div>\n\t\n<a href=\"https:\/\/ceim.cl\/en\/87-mujeres-son-parte-de-la-nueva-version-del-programa-mantenedoras-y-operadoras-trainee-de-escondida-bhp\/\" class=\"dt-btn-s dt-btn post-details details-type-btn\" aria-label=\"Read more about 87 Mujeres son parte de la nueva versi\u00f3n del Programa Mantenedoras y Operadoras Trainee de Escondida BHP\">Read more<i class=\"dt-icon-the7-arrow-03\" aria-hidden=\"true\"><\/i><\/a>\n\n<\/div><\/article><\/div><div class=\"hidden wf-cell\" data-post-id=\"30132\" data-date=\"2021-12-20T11:41:00-03:00\" data-name=\"M\u00e1s de 40 mujeres se grad\u00faan del Programa de Formaci\u00f3n de Mantenedoras y  Operadoras de Escondida | BHP\"><article class=\"post project-odd visible post-30132 type-post status-publish format-standard has-post-thumbnail hentry category-capacitacion-empresas category-noticias tag-antofagasta tag-bhp tag-ceim tag-escondida tag-mantenedoras tag-mujeres tag-operadoras tag-programa tag-trainee category-283 category-1\" data-name=\"M\u00e1s de 40 mujeres se grad\u00faan del Programa de Formaci\u00f3n de Mantenedoras y  Operadoras de Escondida | BHP\" data-date=\"2021-12-20T11:41:00-03:00\">\n\n<div class=\"post-thumbnail-wrap\">\n\t<div class=\"post-thumbnail\">\n\t\t\n\t\t\n\t\t<a href=\"https:\/\/ceim.cl\/en\/mas-de-40-mujeres-se-graduan-del-programa-de-formacion-de-mantenedoras-y-operadoras-de-escondida-bhp\/\" class=\"post-thumbnail-rollover layzr-bg layzr-bg\" ><img decoding=\"async\" class=\"iso-lazy-load preload-me iso-lazy-load aspect\" src=\"data:image\/svg+xml,%3Csvg%20xmlns%3D&#39;http%3A%2F%2Fwww.w3.org%2F2000%2Fsvg&#39;%20viewBox%3D&#39;0%200%20768%20768&#39;%2F%3E\" data-src=\"https:\/\/ceim.cl\/wp-content\/uploads\/2021\/12\/DSC2095-scaled-768x768.jpg\" data-srcset=\"https:\/\/ceim.cl\/wp-content\/uploads\/2021\/12\/DSC2095-scaled-768x768.jpg 768w, https:\/\/ceim.cl\/wp-content\/uploads\/2021\/12\/DSC2095-scaled-1152x1152.jpg 1152w\" loading=\"eager\" style=\"--ratio: 768 \/ 768\" sizes=\"(max-width: 768px) 100vw, 768px\" alt=\"\" title=\"_DSC2095\" width=\"768\" height=\"768\"  \/><\/a>\t<\/div>\n<\/div>\n\n\n<div class=\"post-entry-content\">\n\n\t<h3 class=\"entry-title\">\n\t\t<a href=\"https:\/\/ceim.cl\/en\/mas-de-40-mujeres-se-graduan-del-programa-de-formacion-de-mantenedoras-y-operadoras-de-escondida-bhp\/\" title=\"M\u00e1s de 40 mujeres se grad\u00faan del Programa de Formaci\u00f3n de Mantenedoras y  Operadoras de Escondida | BHP\" rel=\"bookmark\">M\u00e1s de 40 mujeres se grad\u00faan del Programa de Formaci\u00f3n de Mantenedoras y  Operadoras de Escondida | BHP<\/a>\n\t<\/h3>\n\n\t\n\t<div class=\"entry-excerpt\"><p>Con \u00e9xito finaliz\u00f3 la tercera versi\u00f3n del Programa de Formaci\u00f3n de Mantenedoras yOperadoras de Escondida | BHP, que este a\u00f1o&hellip;<\/p>\n<\/div>\n\t\n<a href=\"https:\/\/ceim.cl\/en\/mas-de-40-mujeres-se-graduan-del-programa-de-formacion-de-mantenedoras-y-operadoras-de-escondida-bhp\/\" class=\"dt-btn-s dt-btn post-details details-type-btn\" aria-label=\"Read more about M\u00e1s de 40 mujeres se grad\u00faan del Programa de Formaci\u00f3n de Mantenedoras y  Operadoras de Escondida | BHP\">Read more<i class=\"dt-icon-the7-arrow-03\" aria-hidden=\"true\"><\/i><\/a>\n\n<\/div><\/article><\/div><div class=\"hidden wf-cell\" data-post-id=\"28543\" data-date=\"2021-10-21T21:01:15-03:00\" data-name=\"En ceremonia de entrega de certificados finaliz\u00f3 el Programa Inspectoras(es) de CEIM\"><article class=\"post project-odd visible post-28543 type-post status-publish format-standard has-post-thumbnail hentry category-capacitacion-empresas category-escuela-de-oficios-industriales category-noticias tag-antofagasta tag-aprendices tag-ceim tag-entrenamiento tag-inspectoras tag-inspectores tag-programa category-283 category-284 category-1\" data-name=\"En ceremonia de entrega de certificados finaliz\u00f3 el Programa Inspectoras(es) de CEIM\" data-date=\"2021-10-21T21:01:15-03:00\">\n\n<div class=\"post-thumbnail-wrap\">\n\t<div class=\"post-thumbnail\">\n\t\t\n\t\t\n\t\t<a href=\"https:\/\/ceim.cl\/en\/en-ceremonia-de-entrega-de-certificados-finalizo-el-programa-inspectorases-de-ceim\/\" class=\"post-thumbnail-rollover layzr-bg layzr-bg\" ><img decoding=\"async\" class=\"iso-lazy-load preload-me iso-lazy-load aspect\" src=\"data:image\/svg+xml,%3Csvg%20xmlns%3D&#39;http%3A%2F%2Fwww.w3.org%2F2000%2Fsvg&#39;%20viewBox%3D&#39;0%200%20768%20768&#39;%2F%3E\" data-src=\"https:\/\/ceim.cl\/wp-content\/uploads\/2021\/10\/WhatsApp-Image-2021-10-21-at-20.56.56-1-1-768x768.jpeg\" data-srcset=\"https:\/\/ceim.cl\/wp-content\/uploads\/2021\/10\/WhatsApp-Image-2021-10-21-at-20.56.56-1-1-768x768.jpeg 768w, https:\/\/ceim.cl\/wp-content\/uploads\/2021\/10\/WhatsApp-Image-2021-10-21-at-20.56.56-1-1-1152x1152.jpeg 1152w\" loading=\"eager\" style=\"--ratio: 768 \/ 768\" sizes=\"(max-width: 768px) 100vw, 768px\" alt=\"\" title=\"WhatsApp-Image-2021-10-21-at-20.56.56-1-1\" width=\"768\" height=\"768\"  \/><\/a>\t<\/div>\n<\/div>\n\n\n<div class=\"post-entry-content\">\n\n\t<h3 class=\"entry-title\">\n\t\t<a href=\"https:\/\/ceim.cl\/en\/en-ceremonia-de-entrega-de-certificados-finalizo-el-programa-inspectorases-de-ceim\/\" title=\"En ceremonia de entrega de certificados finaliz\u00f3 el Programa Inspectoras(es) de CEIM\" rel=\"bookmark\">En ceremonia de entrega de certificados finaliz\u00f3 el Programa Inspectoras(es) de CEIM<\/a>\n\t<\/h3>\n\n\t\n\t<div class=\"entry-excerpt\"><p>Cuatro mujeres y dos hombres recibieron sus certificados de Inspectoras e Inspectores en una ceremonia realizada por el Centro de&hellip;<\/p>\n<\/div>\n\t\n<a href=\"https:\/\/ceim.cl\/en\/en-ceremonia-de-entrega-de-certificados-finalizo-el-programa-inspectorases-de-ceim\/\" class=\"dt-btn-s dt-btn post-details details-type-btn\" aria-label=\"Read more about En ceremonia de entrega de certificados finaliz\u00f3 el Programa Inspectoras(es) de CEIM\">Read more<i class=\"dt-icon-the7-arrow-03\" aria-hidden=\"true\"><\/i><\/a>\n\n<\/div><\/article><\/div><div class=\"hidden wf-cell\" data-post-id=\"25470\" data-date=\"2021-08-13T16:57:21-04:00\" data-name=\"MEL inici\u00f3 una nueva versi\u00f3n de su Programa Mantenedoras y Operadoras Trainee en CEIM\"><article class=\"post project-odd visible post-25470 type-post status-publish format-standard has-post-thumbnail hentry category-capacitacion-empresas category-noticias category-283 category-1\" data-name=\"MEL inici\u00f3 una nueva versi\u00f3n de su Programa Mantenedoras y Operadoras Trainee en CEIM\" data-date=\"2021-08-13T16:57:21-04:00\">\n\n<div class=\"post-thumbnail-wrap\">\n\t<div class=\"post-thumbnail\">\n\t\t\n\t\t\n\t\t<a href=\"https:\/\/ceim.cl\/en\/mel-inicio-una-nueva-version-de-su-programa-mantenedoras-y-operadoras-trainee-en-ceim\/\" class=\"post-thumbnail-rollover layzr-bg layzr-bg\" ><img decoding=\"async\" class=\"iso-lazy-load preload-me iso-lazy-load aspect\" src=\"data:image\/svg+xml,%3Csvg%20xmlns%3D&#39;http%3A%2F%2Fwww.w3.org%2F2000%2Fsvg&#39;%20viewBox%3D&#39;0%200%20768%20768&#39;%2F%3E\" data-src=\"https:\/\/ceim.cl\/wp-content\/uploads\/2021\/08\/Programa-Aprendices-MEL-1-768x768.jpeg\" data-srcset=\"https:\/\/ceim.cl\/wp-content\/uploads\/2021\/08\/Programa-Aprendices-MEL-1-768x768.jpeg 768w, https:\/\/ceim.cl\/wp-content\/uploads\/2021\/08\/Programa-Aprendices-MEL-1-958x958.jpeg 958w\" loading=\"eager\" style=\"--ratio: 768 \/ 768\" sizes=\"(max-width: 768px) 100vw, 768px\" alt=\"\" title=\"Programa Aprendices MEL (1)\" width=\"768\" height=\"768\"  \/><\/a>\t<\/div>\n<\/div>\n\n\n<div class=\"post-entry-content\">\n\n\t<h3 class=\"entry-title\">\n\t\t<a href=\"https:\/\/ceim.cl\/en\/mel-inicio-una-nueva-version-de-su-programa-mantenedoras-y-operadoras-trainee-en-ceim\/\" title=\"MEL inici\u00f3 una nueva versi\u00f3n de su Programa Mantenedoras y Operadoras Trainee en CEIM\" rel=\"bookmark\">MEL inici\u00f3 una nueva versi\u00f3n de su Programa Mantenedoras y Operadoras Trainee en CEIM<\/a>\n\t<\/h3>\n\n\t\n\t<div class=\"entry-excerpt\"><p>50 mujeres de la regi\u00f3n de Antofagasta son parte de la tercera versi\u00f3n del Programa Mantenedoras y Operadoras Trainee de&hellip;<\/p>\n<\/div>\n\t\n<a href=\"https:\/\/ceim.cl\/en\/mel-inicio-una-nueva-version-de-su-programa-mantenedoras-y-operadoras-trainee-en-ceim\/\" class=\"dt-btn-s dt-btn post-details details-type-btn\" aria-label=\"Read more about MEL inici\u00f3 una nueva versi\u00f3n de su Programa Mantenedoras y Operadoras Trainee en CEIM\">Read more<i class=\"dt-icon-the7-arrow-03\" aria-hidden=\"true\"><\/i><\/a>\n\n<\/div><\/article><\/div><div class=\"hidden wf-cell\" data-post-id=\"25458\" data-date=\"2021-08-02T16:26:58-04:00\" data-name=\"J\u00f3venes comenzaron el programa Pre Contrato \u201cOperaci\u00f3n de Cami\u00f3n Alto Tonelaje\u201d de Mantos Copper\"><article class=\"post project-odd visible post-25458 type-post status-publish format-standard has-post-thumbnail hentry category-capacitacion-empresas category-noticias tag-aprendices tag-camion tag-ceim tag-entrenamiento tag-mantos tag-mujeres tag-operacion tag-trabajadores category-283 category-1\" data-name=\"J\u00f3venes comenzaron el programa Pre Contrato \u201cOperaci\u00f3n de Cami\u00f3n Alto Tonelaje\u201d de Mantos Copper\" data-date=\"2021-08-02T16:26:58-04:00\">\n\n<div class=\"post-thumbnail-wrap\">\n\t<div class=\"post-thumbnail\">\n\t\t\n\t\t\n\t\t<a href=\"https:\/\/ceim.cl\/en\/jovenes-comenzaron-el-programa-pre-contrato-operacion-de-camion-alto-tonelaje-de-mantos-copper\/\" class=\"post-thumbnail-rollover layzr-bg layzr-bg\" ><img decoding=\"async\" class=\"iso-lazy-load preload-me iso-lazy-load aspect\" src=\"data:image\/svg+xml,%3Csvg%20xmlns%3D&#39;http%3A%2F%2Fwww.w3.org%2F2000%2Fsvg&#39;%20viewBox%3D&#39;0%200%20768%20768&#39;%2F%3E\" data-src=\"https:\/\/ceim.cl\/wp-content\/uploads\/2021\/08\/Construyamos-juntos-el-futuro-768x768.png\" data-srcset=\"https:\/\/ceim.cl\/wp-content\/uploads\/2021\/08\/Construyamos-juntos-el-futuro-768x768.png 768w, https:\/\/ceim.cl\/wp-content\/uploads\/2021\/08\/Construyamos-juntos-el-futuro-780x780.png 780w\" loading=\"eager\" style=\"--ratio: 768 \/ 768\" sizes=\"(max-width: 768px) 100vw, 768px\" alt=\"\" title=\"Building the future together\" width=\"768\" height=\"768\"  \/><\/a>\t<\/div>\n<\/div>\n\n\n<div class=\"post-entry-content\">\n\n\t<h3 class=\"entry-title\">\n\t\t<a href=\"https:\/\/ceim.cl\/en\/jovenes-comenzaron-el-programa-pre-contrato-operacion-de-camion-alto-tonelaje-de-mantos-copper\/\" title=\"J\u00f3venes comenzaron el programa Pre Contrato \u201cOperaci\u00f3n de Cami\u00f3n Alto Tonelaje\u201d de Mantos Copper\" rel=\"bookmark\">J\u00f3venes comenzaron el programa Pre Contrato \u201cOperaci\u00f3n de Cami\u00f3n Alto Tonelaje\u201d de Mantos Copper<\/a>\n\t<\/h3>\n\n\t\n\t<div class=\"entry-excerpt\"><p>Un total de 13 participantes, entre mujeres y hombres, iniciaron el programa Pre Contrato Operaci\u00f3n Cami\u00f3n Alto Tonelaje de la&hellip;<\/p>\n<\/div>\n\t\n<a href=\"https:\/\/ceim.cl\/en\/jovenes-comenzaron-el-programa-pre-contrato-operacion-de-camion-alto-tonelaje-de-mantos-copper\/\" class=\"dt-btn-s dt-btn post-details details-type-btn\" aria-label=\"Read more about J\u00f3venes comenzaron el programa Pre Contrato \u201cOperaci\u00f3n de Cami\u00f3n Alto Tonelaje\u201d de Mantos Copper\">Read more<i class=\"dt-icon-the7-arrow-03\" aria-hidden=\"true\"><\/i><\/a>\n\n<\/div><\/article><\/div><\/div><!-- iso-container|iso-grid --><div class=\"paginator paginator-more-button\">\n\t\t\t\t<a class=\"button-load-more\" href=\"javascript:void(0);\" data-dt-page=\"1\" ><span class=\"stick\"><\/span><span class=\"stick\"><\/span><span class=\"stick\"><\/span><span class=\"button-caption\">Load more<\/span><\/a>\n\t\t\t<\/div><\/div><\/div><\/div><\/div><\/div><div class=\"vc_row-full-width vc_clearfix\"><\/div><!-- Row Backgrounds --><div class=\"upb_color\" data-bg-override=\"0\" data-bg-color=\"#ffffff\" data-fadeout=\"\" data-fadeout-percentage=\"30\" data-parallax-content=\"\" data-parallax-content-sense=\"30\" data-row-effect-mobile-disable=\"true\" data-img-parallax-mobile-disable=\"true\" data-rtl=\"false\"  data-custom-vc-row=\"\"  data-vc=\"8.1\"  data-is_old_vc=\"\"  data-theme-support=\"\"   data-overlay=\"false\" data-overlay-color=\"\" data-overlay-pattern=\"\" data-overlay-pattern-opacity=\"\" data-overlay-pattern-size=\"\"    ><\/div><div data-vc-full-width=\"true\" data-vc-full-width-init=\"false\" class=\"vc_row wpb_row vc_row-fluid vc_custom_1715876173745\"><div class=\"wpb_column vc_column_container vc_col-sm-12\"><div class=\"vc_column-inner\"><div class=\"wpb_wrapper\"><div id=\"ultimate-heading-309469f0e5bcb7a5f\" class=\"uvc-heading ult-adjust-bottom-margin ultimate-heading-309469f0e5bcb7a5f uvc-4306 accent-border-color\" data-hspacer=\"no_spacer\"  data-halign=\"left\" style=\"text-align:left\"><div class=\"uvc-heading-spacer no_spacer\" style=\"top\"><\/div><div class=\"uvc-main-heading ult-responsive\"  data-ultimate-target='.uvc-heading.ultimate-heading-309469f0e5bcb7a5f h2'  data-responsive-json-new='{\"font-size\":\"desktop:32px;\",\"line-height\":\"desktop:32px;\"}' ><h2 style=\"font-weight:bold;margin-bottom:30px;\">Galer\u00eda Audiovisual<\/h2><\/div><\/div><style type=\"text\/css\" data-type=\"the7_shortcodes-inline-css\">.carousel-shortcode.carousel-shortcode-id-35d9f002bc19ffd1d741fd1e58b9f88c.owl-carousel .owl-nav div {\n  width: 25px;\n  height: 60px;\n  border-radius: 0px;\n}\n.dt-arrow-border-on.carousel-shortcode.carousel-shortcode-id-35d9f002bc19ffd1d741fd1e58b9f88c.owl-carousel .owl-nav div:not(:hover):before {\n  border-width: 0px;\n}\n.dt-arrow-hover-border-on.carousel-shortcode.carousel-shortcode-id-35d9f002bc19ffd1d741fd1e58b9f88c.owl-carousel .owl-nav div:hover:after {\n  border-width: 0px;\n}\n.carousel-shortcode.carousel-shortcode-id-35d9f002bc19ffd1d741fd1e58b9f88c.owl-carousel .owl-nav div.owl-prev {\n  top: 50%;\n  transform: translateY(calc(-50% + 0px));\n  left: 0px;\n}\n@media all and (-ms-high-contrast: none) {\n  .carousel-shortcode.carousel-shortcode-id-35d9f002bc19ffd1d741fd1e58b9f88c.owl-carousel .owl-nav div.owl-prev {\n    transform: translateY(-50%);\n    margin-top: 0px;\n  }\n}\n.carousel-shortcode.carousel-shortcode-id-35d9f002bc19ffd1d741fd1e58b9f88c.owl-carousel .owl-nav div.owl-prev i {\n  padding: 0px 0px 0px 0px;\n}\n.carousel-shortcode.carousel-shortcode-id-35d9f002bc19ffd1d741fd1e58b9f88c.owl-carousel .owl-nav div.owl-next {\n  top: 50%;\n  transform: translateY(calc(-50% + 0px));\n  right: 0px;\n}\n@media all and (-ms-high-contrast: none) {\n  .carousel-shortcode.carousel-shortcode-id-35d9f002bc19ffd1d741fd1e58b9f88c.owl-carousel .owl-nav div.owl-next {\n    transform: translateY(-50%);\n    margin-top: 0px;\n  }\n}\n.carousel-shortcode.carousel-shortcode-id-35d9f002bc19ffd1d741fd1e58b9f88c.owl-carousel .owl-nav div.owl-next i {\n  padding: 0px 0px 0px 0px;\n}\n.carousel-shortcode.carousel-shortcode-id-35d9f002bc19ffd1d741fd1e58b9f88c.owl-carousel .owl-nav i {\n  font-size: 18px;\n}\n.carousel-shortcode.carousel-shortcode-id-35d9f002bc19ffd1d741fd1e58b9f88c.owl-carousel .owl-nav div:not(:hover) i,\n.carousel-shortcode.carousel-shortcode-id-35d9f002bc19ffd1d741fd1e58b9f88c.owl-carousel .owl-nav div:not(:hover) i:before {\n  color: #ffffff;\n  background: none;\n}\n.carousel-shortcode.carousel-shortcode-id-35d9f002bc19ffd1d741fd1e58b9f88c.owl-carousel .owl-nav div:hover i,\n.carousel-shortcode.carousel-shortcode-id-35d9f002bc19ffd1d741fd1e58b9f88c.owl-carousel .owl-nav div:hover i:before {\n  color: rgba(255,255,255,0.75);\n  background: none;\n}\n.carousel-shortcode.carousel-shortcode-id-35d9f002bc19ffd1d741fd1e58b9f88c .owl-dots {\n  top: calc(100% + 20px);\n  left: 50%;\n  transform: translateX(calc(-50% + 0px));\n}\n@media all and (-ms-high-contrast: none) {\n  .carousel-shortcode.carousel-shortcode-id-35d9f002bc19ffd1d741fd1e58b9f88c .owl-dots {\n    transform: translateX(-50%);\n    margin-left: 0px;\n  }\n}\n.carousel-shortcode.carousel-shortcode-id-35d9f002bc19ffd1d741fd1e58b9f88c .owl-dot {\n  width: 10px;\n  height: 10px;\n  margin: 0 8px;\n}\n@media screen and (max-width: 778px) {\n  .carousel-shortcode.carousel-shortcode-id-35d9f002bc19ffd1d741fd1e58b9f88c.hide-arrows .owl-nav a {\n    display: none;\n  }\n}\n@media screen and (max-width: 778px) {\n  .carousel-shortcode.carousel-shortcode-id-35d9f002bc19ffd1d741fd1e58b9f88c.reposition-arrows .owl-nav .owl-prev {\n    top: 50%;\n    transform: translateY(calc(-50% + 0px));\n    left: 10px;\n  }\n  .carousel-shortcode.carousel-shortcode-id-35d9f002bc19ffd1d741fd1e58b9f88c.reposition-arrows .owl-nav .owl-next {\n    top: 50%;\n    transform: translateY(calc(-50% + 0px));\n    right: 10px;\n  }\n}\n@media screen and (max-width: 778px) and all and (-ms-high-contrast: none) {\n  .carousel-shortcode.carousel-shortcode-id-35d9f002bc19ffd1d741fd1e58b9f88c.reposition-arrows .owl-nav .owl-prev {\n    transform: translateY(-50%);\n    margin-top: 0px;\n  }\n}\n@media screen and (max-width: 778px) and all and (-ms-high-contrast: none) {\n  .carousel-shortcode.carousel-shortcode-id-35d9f002bc19ffd1d741fd1e58b9f88c.reposition-arrows .owl-nav .owl-next {\n    transform: translateY(-50%);\n    margin-top: 0px;\n  }\n}\n<\/style><div class=\"owl-carousel carousel-shortcode dt-owl-carousel-call carousel-shortcode-id-35d9f002bc19ffd1d741fd1e58b9f88c bullets-small-dot-stroke reposition-arrows arrows-bg-on dt-arrow-border-on dt-arrow-hover-border-on disable-arrows-hover-bg arrows-hover-bg-on  vc_custom_1715878963158\" data-scroll-mode=\"1\" data-col-num=\"3\" data-wide-col-num=\"3\" data-laptop-col=\"3\" data-h-tablet-columns-num=\"3\" data-v-tablet-columns-num=\"1\" data-phone-columns-num=\"1\" data-auto-height=\"true\" data-col-gap=\"30\" data-stage-padding=\"0\" data-speed=\"600\" data-autoplay=\"true\" data-autoplay_speed=\"6000\" data-arrows=\"true\" data-bullet=\"false\" data-next-icon=\"icon-ar-017-r\" data-prev-icon=\"icon-ar-017-l\">\n\t<div class=\"wpb_video_widget wpb_content_element vc_clearfix   vc_custom_1675272690414 vc_video-aspect-ratio-169 vc_video-el-width-100 vc_video-align-left\" >\n\t\t<div class=\"wpb_wrapper\">\n\t\t\t\n\t\t\t<div class=\"wpb_video_wrapper\"><iframe loading=\"lazy\" title=\"Contemos Nuestra Historia: Loretto Oro\" width=\"500\" height=\"281\" src=\"https:\/\/www.youtube.com\/embed\/4CeFPsANGWQ?feature=oembed\" frameborder=\"0\" allow=\"accelerometer; autoplay; clipboard-write; encrypted-media; gyroscope; picture-in-picture; web-share\" allowfullscreen><\/iframe><\/div>\n\t\t<\/div>\n\t<\/div>\n\n\t<div class=\"wpb_video_widget wpb_content_element vc_clearfix   vc_custom_1680642088854 vc_video-aspect-ratio-169 vc_video-el-width-100 vc_video-align-left\" >\n\t\t<div class=\"wpb_wrapper\">\n\t\t\t\n\t\t\t<div class=\"wpb_video_wrapper\"><iframe loading=\"lazy\" title=\"Contemos Nuestra Historia: Paola Julio\" width=\"500\" height=\"281\" src=\"https:\/\/www.youtube.com\/embed\/myL_EV2E6EA?feature=oembed\" frameborder=\"0\" allow=\"accelerometer; autoplay; clipboard-write; encrypted-media; gyroscope; picture-in-picture; web-share\" allowfullscreen><\/iframe><\/div>\n\t\t<\/div>\n\t<\/div>\n\n\t<div class=\"wpb_video_widget wpb_content_element vc_clearfix   vc_custom_1680642101792 vc_video-aspect-ratio-169 vc_video-el-width-100 vc_video-align-left\" >\n\t\t<div class=\"wpb_wrapper\">\n\t\t\t\n\t\t\t<div class=\"wpb_video_wrapper\"><iframe loading=\"lazy\" title=\"Contemos Nuestra Historia: Jennifer Ortiz\" width=\"500\" height=\"281\" src=\"https:\/\/www.youtube.com\/embed\/YPJ-oc2fZfI?feature=oembed\" frameborder=\"0\" allow=\"accelerometer; autoplay; clipboard-write; encrypted-media; gyroscope; picture-in-picture; web-share\" allowfullscreen><\/iframe><\/div>\n\t\t<\/div>\n\t<\/div>\n<\/div><\/div><\/div><\/div><\/div><div class=\"vc_row-full-width vc_clearfix\"><\/div><!-- Row Backgrounds --><div class=\"upb_color\" data-bg-override=\"0\" data-bg-color=\"#e8e8e8\" data-fadeout=\"\" data-fadeout-percentage=\"30\" data-parallax-content=\"\" data-parallax-content-sense=\"30\" data-row-effect-mobile-disable=\"true\" data-img-parallax-mobile-disable=\"true\" data-rtl=\"false\"  data-custom-vc-row=\"\"  data-vc=\"8.1\"  data-is_old_vc=\"\"  data-theme-support=\"\"   data-overlay=\"false\" data-overlay-color=\"\" data-overlay-pattern=\"\" data-overlay-pattern-opacity=\"\" data-overlay-pattern-size=\"\"    ><\/div><div data-vc-full-width=\"true\" data-vc-full-width-init=\"false\" class=\"vc_row wpb_row vc_row-fluid vc_custom_1715879020951\"><div class=\"wpb_column vc_column_container vc_col-sm-12\"><div class=\"vc_column-inner\"><div class=\"wpb_wrapper\"><div id=\"ultimate-heading-156769f0e5bcb8259\" class=\"uvc-heading ult-adjust-bottom-margin ultimate-heading-156769f0e5bcb8259 uvc-1512 accent-border-color\" data-hspacer=\"no_spacer\"  data-halign=\"left\" style=\"text-align:left\"><div class=\"uvc-heading-spacer no_spacer\" style=\"top\"><\/div><div class=\"uvc-main-heading ult-responsive\"  data-ultimate-target='.uvc-heading.ultimate-heading-156769f0e5bcb8259 h2'  data-responsive-json-new='{\"font-size\":\"desktop:32px;\",\"line-height\":\"desktop:32px;\"}' ><h2 style=\"font-weight:bold;margin-bottom:30px;\">Testimonios<\/h2><\/div><\/div><style type=\"text\/css\" data-type=\"the7_shortcodes-inline-css\">.carousel-shortcode.carousel-shortcode-id-49b5337908a776c66693a4a9e8ce9c2b.owl-carousel .owl-nav div {\n  width: 25px;\n  height: 60px;\n  border-radius: 0px;\n}\n.dt-arrow-border-on.carousel-shortcode.carousel-shortcode-id-49b5337908a776c66693a4a9e8ce9c2b.owl-carousel .owl-nav div:not(:hover):before {\n  border-width: 0px;\n}\n.dt-arrow-hover-border-on.carousel-shortcode.carousel-shortcode-id-49b5337908a776c66693a4a9e8ce9c2b.owl-carousel .owl-nav div:hover:after {\n  border-width: 0px;\n}\n.carousel-shortcode.carousel-shortcode-id-49b5337908a776c66693a4a9e8ce9c2b.owl-carousel .owl-nav div.owl-prev {\n  top: 50%;\n  transform: translateY(calc(-50% + 0px));\n  left: 0px;\n}\n@media all and (-ms-high-contrast: none) {\n  .carousel-shortcode.carousel-shortcode-id-49b5337908a776c66693a4a9e8ce9c2b.owl-carousel .owl-nav div.owl-prev {\n    transform: translateY(-50%);\n    margin-top: 0px;\n  }\n}\n.carousel-shortcode.carousel-shortcode-id-49b5337908a776c66693a4a9e8ce9c2b.owl-carousel .owl-nav div.owl-prev i {\n  padding: 0px 0px 0px 0px;\n}\n.carousel-shortcode.carousel-shortcode-id-49b5337908a776c66693a4a9e8ce9c2b.owl-carousel .owl-nav div.owl-next {\n  top: 50%;\n  transform: translateY(calc(-50% + 0px));\n  right: 0px;\n}\n@media all and (-ms-high-contrast: none) {\n  .carousel-shortcode.carousel-shortcode-id-49b5337908a776c66693a4a9e8ce9c2b.owl-carousel .owl-nav div.owl-next {\n    transform: translateY(-50%);\n    margin-top: 0px;\n  }\n}\n.carousel-shortcode.carousel-shortcode-id-49b5337908a776c66693a4a9e8ce9c2b.owl-carousel .owl-nav div.owl-next i {\n  padding: 0px 0px 0px 0px;\n}\n.carousel-shortcode.carousel-shortcode-id-49b5337908a776c66693a4a9e8ce9c2b.owl-carousel .owl-nav i {\n  font-size: 18px;\n}\n.carousel-shortcode.carousel-shortcode-id-49b5337908a776c66693a4a9e8ce9c2b.owl-carousel .owl-nav div:not(:hover) i,\n.carousel-shortcode.carousel-shortcode-id-49b5337908a776c66693a4a9e8ce9c2b.owl-carousel .owl-nav div:not(:hover) i:before {\n  color: #ffffff;\n  background: none;\n}\n.carousel-shortcode.carousel-shortcode-id-49b5337908a776c66693a4a9e8ce9c2b.owl-carousel .owl-nav div:hover i,\n.carousel-shortcode.carousel-shortcode-id-49b5337908a776c66693a4a9e8ce9c2b.owl-carousel .owl-nav div:hover i:before {\n  color: rgba(255,255,255,0.75);\n  background: none;\n}\n.carousel-shortcode.carousel-shortcode-id-49b5337908a776c66693a4a9e8ce9c2b .owl-dots {\n  top: calc(100% + 20px);\n  left: 50%;\n  transform: translateX(calc(-50% + 0px));\n}\n@media all and (-ms-high-contrast: none) {\n  .carousel-shortcode.carousel-shortcode-id-49b5337908a776c66693a4a9e8ce9c2b .owl-dots {\n    transform: translateX(-50%);\n    margin-left: 0px;\n  }\n}\n.carousel-shortcode.carousel-shortcode-id-49b5337908a776c66693a4a9e8ce9c2b .owl-dot {\n  width: 10px;\n  height: 10px;\n  margin: 0 8px;\n}\n@media screen and (max-width: 778px) {\n  .carousel-shortcode.carousel-shortcode-id-49b5337908a776c66693a4a9e8ce9c2b.hide-arrows .owl-nav a {\n    display: none;\n  }\n}\n@media screen and (max-width: 778px) {\n  .carousel-shortcode.carousel-shortcode-id-49b5337908a776c66693a4a9e8ce9c2b.reposition-arrows .owl-nav .owl-prev {\n    top: 50%;\n    transform: translateY(calc(-50% + 0px));\n    left: 10px;\n  }\n  .carousel-shortcode.carousel-shortcode-id-49b5337908a776c66693a4a9e8ce9c2b.reposition-arrows .owl-nav .owl-next {\n    top: 50%;\n    transform: translateY(calc(-50% + 0px));\n    right: 10px;\n  }\n}\n@media screen and (max-width: 778px) and all and (-ms-high-contrast: none) {\n  .carousel-shortcode.carousel-shortcode-id-49b5337908a776c66693a4a9e8ce9c2b.reposition-arrows .owl-nav .owl-prev {\n    transform: translateY(-50%);\n    margin-top: 0px;\n  }\n}\n@media screen and (max-width: 778px) and all and (-ms-high-contrast: none) {\n  .carousel-shortcode.carousel-shortcode-id-49b5337908a776c66693a4a9e8ce9c2b.reposition-arrows .owl-nav .owl-next {\n    transform: translateY(-50%);\n    margin-top: 0px;\n  }\n}\n<\/style><div class=\"owl-carousel carousel-shortcode dt-owl-carousel-call carousel-shortcode-id-49b5337908a776c66693a4a9e8ce9c2b bullets-small-dot-stroke reposition-arrows arrows-bg-on dt-arrow-border-on dt-arrow-hover-border-on disable-arrows-hover-bg arrows-hover-bg-on  vc_custom_1715878971788\" data-scroll-mode=\"1\" data-col-num=\"4\" data-wide-col-num=\"4\" data-laptop-col=\"4\" data-h-tablet-columns-num=\"2\" data-v-tablet-columns-num=\"1\" data-phone-columns-num=\"1\" data-auto-height=\"true\" data-col-gap=\"30\" data-stage-padding=\"0\" data-speed=\"600\" data-autoplay=\"true\" data-autoplay_speed=\"6000\" data-arrows=\"true\" data-bullet=\"false\" data-next-icon=\"icon-ar-017-r\" data-prev-icon=\"icon-ar-017-l\"><style type=\"text\/css\" data-type=\"the7_shortcodes-inline-css\">.shortcode-single-image-wrap.shortcode-single-image-1fb16bd4f4a18b2a4b8ea3a5900aa401.enable-bg-rollover .rollover i,\n.shortcode-single-image-wrap.shortcode-single-image-1fb16bd4f4a18b2a4b8ea3a5900aa401.enable-bg-rollover .rollover-video i {\n  background: -webkit-linear-gradient();\n  background: linear-gradient();\n}\n.shortcode-single-image-wrap.shortcode-single-image-1fb16bd4f4a18b2a4b8ea3a5900aa401 .rollover-icon {\n  font-size: 32px;\n  color: #ffffff;\n  min-width: 44px;\n  min-height: 44px;\n  line-height: 44px;\n  border-radius: 100px;\n  border-style: solid;\n  border-width: 0px;\n}\n.dt-icon-bg-on.shortcode-single-image-wrap.shortcode-single-image-1fb16bd4f4a18b2a4b8ea3a5900aa401 .rollover-icon {\n  background: rgba(255,255,255,0.3);\n  box-shadow: none;\n}\n<\/style><div class=\"shortcode-single-image-wrap shortcode-single-image-1fb16bd4f4a18b2a4b8ea3a5900aa401 alignnone  enable-bg-rollover dt-icon-bg-off\" style=\"margin-top:0px; margin-bottom:0px; margin-left:0px; margin-right:0px; width:500px;\"><div class=\"shortcode-single-image\"><div class=\"fancy-media-wrap\" style=\"\"><a href=\"https:\/\/ceim.cl\/en\/contemos-nuestra-historia\/#historia1\" class=\"layzr-bg rollover\" style=\"\" aria-label=\"Image\"><img decoding=\"async\" class=\"preload-me lazy-load aspect\" src=\"data:image\/svg+xml,%3Csvg%20xmlns%3D&#39;http%3A%2F%2Fwww.w3.org%2F2000%2Fsvg&#39;%20viewBox%3D&#39;0%200%20500%20500&#39;%2F%3E\" data-src=\"https:\/\/ceim.cl\/wp-content\/uploads\/2023\/02\/WhatsApp-Image-2023-02-10-at-16.25.14-500x500.jpeg\" data-srcset=\"https:\/\/ceim.cl\/wp-content\/uploads\/2023\/02\/WhatsApp-Image-2023-02-10-at-16.25.14-500x500.jpeg 500w, https:\/\/ceim.cl\/wp-content\/uploads\/2023\/02\/WhatsApp-Image-2023-02-10-at-16.25.14-1000x1000.jpeg 1000w\" loading=\"eager\" style=\"--ratio: 500 \/ 500\" sizes=\"(max-width: 500px) 100vw, 500px\" width=\"500\" height=\"500\"  data-dt-location=\"https:\/\/ceim.cl\/en\/contemos-nuestra-historia\/whatsapp-image-2023-02-10-at-16-25-14\/\" alt=\"\" \/><\/a><\/div><\/div><\/div><style type=\"text\/css\" data-type=\"the7_shortcodes-inline-css\">.shortcode-single-image-wrap.shortcode-single-image-28d28a4a18f9f6bb151471d7ac58f9e2.enable-bg-rollover .rollover i,\n.shortcode-single-image-wrap.shortcode-single-image-28d28a4a18f9f6bb151471d7ac58f9e2.enable-bg-rollover .rollover-video i {\n  background: -webkit-linear-gradient();\n  background: linear-gradient();\n}\n.shortcode-single-image-wrap.shortcode-single-image-28d28a4a18f9f6bb151471d7ac58f9e2 .rollover-icon {\n  font-size: 32px;\n  color: #ffffff;\n  min-width: 44px;\n  min-height: 44px;\n  line-height: 44px;\n  border-radius: 100px;\n  border-style: solid;\n  border-width: 0px;\n}\n.dt-icon-bg-on.shortcode-single-image-wrap.shortcode-single-image-28d28a4a18f9f6bb151471d7ac58f9e2 .rollover-icon {\n  background: rgba(255,255,255,0.3);\n  box-shadow: none;\n}\n<\/style><div class=\"shortcode-single-image-wrap shortcode-single-image-28d28a4a18f9f6bb151471d7ac58f9e2 alignnone  enable-bg-rollover dt-icon-bg-off\" style=\"margin-top:0px; margin-bottom:0px; margin-left:0px; margin-right:0px; width:500px;\"><div class=\"shortcode-single-image\"><div class=\"fancy-media-wrap\" style=\"\"><a href=\"https:\/\/ceim.cl\/en\/contemos-nuestra-historia\/#historia1\" class=\"layzr-bg rollover\" style=\"\" aria-label=\"Image\"><img decoding=\"async\" class=\"preload-me lazy-load aspect\" src=\"data:image\/svg+xml,%3Csvg%20xmlns%3D&#39;http%3A%2F%2Fwww.w3.org%2F2000%2Fsvg&#39;%20viewBox%3D&#39;0%200%20500%20500&#39;%2F%3E\" data-src=\"https:\/\/ceim.cl\/wp-content\/uploads\/2023\/01\/WhatsApp-Image-2023-01-31-at-11.19.54-500x500.jpeg\" data-srcset=\"https:\/\/ceim.cl\/wp-content\/uploads\/2023\/01\/WhatsApp-Image-2023-01-31-at-11.19.54-500x500.jpeg 500w, https:\/\/ceim.cl\/wp-content\/uploads\/2023\/01\/WhatsApp-Image-2023-01-31-at-11.19.54-1000x1000.jpeg 1000w\" loading=\"eager\" style=\"--ratio: 500 \/ 500\" sizes=\"(max-width: 500px) 100vw, 500px\" width=\"500\" height=\"500\"  data-dt-location=\"https:\/\/ceim.cl\/en\/contemos-nuestra-historia\/whatsapp-image-2023-01-31-at-11-19-54\/\" alt=\"\" \/><\/a><\/div><\/div><\/div><style type=\"text\/css\" data-type=\"the7_shortcodes-inline-css\">.shortcode-single-image-wrap.shortcode-single-image-6245951a2978072a287bfad6a20c407a.enable-bg-rollover .rollover i,\n.shortcode-single-image-wrap.shortcode-single-image-6245951a2978072a287bfad6a20c407a.enable-bg-rollover .rollover-video i {\n  background: -webkit-linear-gradient();\n  background: linear-gradient();\n}\n.shortcode-single-image-wrap.shortcode-single-image-6245951a2978072a287bfad6a20c407a .rollover-icon {\n  font-size: 32px;\n  color: #ffffff;\n  min-width: 44px;\n  min-height: 44px;\n  line-height: 44px;\n  border-radius: 100px;\n  border-style: solid;\n  border-width: 0px;\n}\n.dt-icon-bg-on.shortcode-single-image-wrap.shortcode-single-image-6245951a2978072a287bfad6a20c407a .rollover-icon {\n  background: rgba(255,255,255,0.3);\n  box-shadow: none;\n}\n<\/style><div class=\"shortcode-single-image-wrap shortcode-single-image-6245951a2978072a287bfad6a20c407a alignnone  enable-bg-rollover dt-icon-bg-off\" style=\"margin-top:0px; margin-bottom:0px; margin-left:0px; margin-right:0px; width:500px;\"><div class=\"shortcode-single-image\"><div class=\"fancy-media-wrap\" style=\"\"><a href=\"https:\/\/ceim.cl\/en\/contemos-nuestra-historia\/#historia1\" class=\"layzr-bg rollover\" style=\"\" aria-label=\"Image\"><img decoding=\"async\" class=\"preload-me lazy-load aspect\" src=\"data:image\/svg+xml,%3Csvg%20xmlns%3D&#39;http%3A%2F%2Fwww.w3.org%2F2000%2Fsvg&#39;%20viewBox%3D&#39;0%200%20500%20500&#39;%2F%3E\" data-src=\"https:\/\/ceim.cl\/wp-content\/uploads\/2022\/12\/Contemos-Nuestra-Historia_Feed-1_3-500x500.png\" data-srcset=\"https:\/\/ceim.cl\/wp-content\/uploads\/2022\/12\/Contemos-Nuestra-Historia_Feed-1_3-500x500.png 500w, https:\/\/ceim.cl\/wp-content\/uploads\/2022\/12\/Contemos-Nuestra-Historia_Feed-1_3-1000x1000.png 1000w\" loading=\"eager\" style=\"--ratio: 500 \/ 500\" sizes=\"(max-width: 500px) 100vw, 500px\" width=\"500\" height=\"500\"  data-dt-location=\"https:\/\/ceim.cl\/en\/contemos-nuestra-historia\/contemos-nuestra-historia_feed-1_3-2\/\" alt=\"\" \/><\/a><\/div><\/div><\/div><style type=\"text\/css\" data-type=\"the7_shortcodes-inline-css\">.shortcode-single-image-wrap.shortcode-single-image-41b373dbb92c10ec8a435cb8da893619.enable-bg-rollover .rollover i,\n.shortcode-single-image-wrap.shortcode-single-image-41b373dbb92c10ec8a435cb8da893619.enable-bg-rollover .rollover-video i {\n  background: -webkit-linear-gradient();\n  background: linear-gradient();\n}\n.shortcode-single-image-wrap.shortcode-single-image-41b373dbb92c10ec8a435cb8da893619 .rollover-icon {\n  font-size: 32px;\n  color: #ffffff;\n  min-width: 44px;\n  min-height: 44px;\n  line-height: 44px;\n  border-radius: 100px;\n  border-style: solid;\n  border-width: 0px;\n}\n.dt-icon-bg-on.shortcode-single-image-wrap.shortcode-single-image-41b373dbb92c10ec8a435cb8da893619 .rollover-icon {\n  background: rgba(255,255,255,0.3);\n  box-shadow: none;\n}\n<\/style><div class=\"shortcode-single-image-wrap shortcode-single-image-41b373dbb92c10ec8a435cb8da893619 alignnone  enable-bg-rollover dt-icon-bg-off\" style=\"margin-top:0px; margin-bottom:0px; margin-left:0px; margin-right:0px; width:500px;\"><div class=\"shortcode-single-image\"><div class=\"fancy-media-wrap\" style=\"\"><a href=\"https:\/\/ceim.cl\/en\/contemos-nuestra-historia\/#historia1\" class=\"layzr-bg rollover\" style=\"\" aria-label=\"Image\"><img decoding=\"async\" class=\"preload-me lazy-load aspect\" src=\"data:image\/svg+xml,%3Csvg%20xmlns%3D&#39;http%3A%2F%2Fwww.w3.org%2F2000%2Fsvg&#39;%20viewBox%3D&#39;0%200%20500%20500&#39;%2F%3E\" data-src=\"https:\/\/ceim.cl\/wp-content\/uploads\/2022\/11\/Robinson-Espinoza-500x500.jpeg\" data-srcset=\"https:\/\/ceim.cl\/wp-content\/uploads\/2022\/11\/Robinson-Espinoza-500x500.jpeg 500w, https:\/\/ceim.cl\/wp-content\/uploads\/2022\/11\/Robinson-Espinoza-1000x1000.jpeg 1000w\" loading=\"eager\" style=\"--ratio: 500 \/ 500\" sizes=\"(max-width: 500px) 100vw, 500px\" width=\"500\" height=\"500\"  data-dt-location=\"https:\/\/ceim.cl\/en\/contemos-nuestra-historia\/robinson-espinoza\/\" alt=\"\" \/><\/a><\/div><\/div><\/div><style type=\"text\/css\" data-type=\"the7_shortcodes-inline-css\">.shortcode-single-image-wrap.shortcode-single-image-5c56d76145d0a20bd5e1e71e37df683c.enable-bg-rollover .rollover i,\n.shortcode-single-image-wrap.shortcode-single-image-5c56d76145d0a20bd5e1e71e37df683c.enable-bg-rollover .rollover-video i {\n  background: -webkit-linear-gradient();\n  background: linear-gradient();\n}\n.shortcode-single-image-wrap.shortcode-single-image-5c56d76145d0a20bd5e1e71e37df683c .rollover-icon {\n  font-size: 32px;\n  color: #ffffff;\n  min-width: 44px;\n  min-height: 44px;\n  line-height: 44px;\n  border-radius: 100px;\n  border-style: solid;\n  border-width: 0px;\n}\n.dt-icon-bg-on.shortcode-single-image-wrap.shortcode-single-image-5c56d76145d0a20bd5e1e71e37df683c .rollover-icon {\n  background: rgba(255,255,255,0.3);\n  box-shadow: none;\n}\n<\/style><div class=\"shortcode-single-image-wrap shortcode-single-image-5c56d76145d0a20bd5e1e71e37df683c alignnone  enable-bg-rollover dt-icon-bg-off\" style=\"margin-top:0px; margin-bottom:0px; margin-left:0px; margin-right:0px; width:500px;\"><div class=\"shortcode-single-image\"><div class=\"fancy-media-wrap\" style=\"\"><a href=\"https:\/\/ceim.cl\/en\/contemos-nuestra-historia\/#historia1\" class=\"layzr-bg rollover\" style=\"\" aria-label=\"Image\"><img decoding=\"async\" class=\"preload-me lazy-load aspect\" src=\"data:image\/svg+xml,%3Csvg%20xmlns%3D&#39;http%3A%2F%2Fwww.w3.org%2F2000%2Fsvg&#39;%20viewBox%3D&#39;0%200%20500%20500&#39;%2F%3E\" data-src=\"https:\/\/ceim.cl\/wp-content\/uploads\/2022\/11\/Contemos-Nuestra-Historia_Feed-1_3-500x500.png\" data-srcset=\"https:\/\/ceim.cl\/wp-content\/uploads\/2022\/11\/Contemos-Nuestra-Historia_Feed-1_3-500x500.png 500w, https:\/\/ceim.cl\/wp-content\/uploads\/2022\/11\/Contemos-Nuestra-Historia_Feed-1_3.png 1000w\" loading=\"eager\" style=\"--ratio: 500 \/ 500\" sizes=\"(max-width: 500px) 100vw, 500px\" width=\"500\" height=\"500\"  data-dt-location=\"https:\/\/ceim.cl\/en\/contemos-nuestra-historia\/contemos-nuestra-historia_feed-1_3\/\" alt=\"\" \/><\/a><\/div><\/div><\/div><style type=\"text\/css\" data-type=\"the7_shortcodes-inline-css\">.shortcode-single-image-wrap.shortcode-single-image-86c58968e92242fa9e7566e5d702ce4f.enable-bg-rollover .rollover i,\n.shortcode-single-image-wrap.shortcode-single-image-86c58968e92242fa9e7566e5d702ce4f.enable-bg-rollover .rollover-video i {\n  background: -webkit-linear-gradient();\n  background: linear-gradient();\n}\n.shortcode-single-image-wrap.shortcode-single-image-86c58968e92242fa9e7566e5d702ce4f .rollover-icon {\n  font-size: 32px;\n  color: #ffffff;\n  min-width: 44px;\n  min-height: 44px;\n  line-height: 44px;\n  border-radius: 100px;\n  border-style: solid;\n  border-width: 0px;\n}\n.dt-icon-bg-on.shortcode-single-image-wrap.shortcode-single-image-86c58968e92242fa9e7566e5d702ce4f .rollover-icon {\n  background: rgba(255,255,255,0.3);\n  box-shadow: none;\n}\n<\/style><div class=\"shortcode-single-image-wrap shortcode-single-image-86c58968e92242fa9e7566e5d702ce4f alignnone  enable-bg-rollover dt-icon-bg-off\" style=\"margin-top:0px; margin-bottom:0px; margin-left:0px; margin-right:0px; width:500px;\"><div class=\"shortcode-single-image\"><div class=\"fancy-media-wrap\" style=\"\"><a href=\"https:\/\/ceim.cl\/en\/contemos-nuestra-historia\/#historia2\" class=\"layzr-bg rollover\" style=\"\" aria-label=\"Image\"><img decoding=\"async\" class=\"preload-me lazy-load aspect\" src=\"data:image\/svg+xml,%3Csvg%20xmlns%3D&#39;http%3A%2F%2Fwww.w3.org%2F2000%2Fsvg&#39;%20viewBox%3D&#39;0%200%20500%20500&#39;%2F%3E\" data-src=\"https:\/\/ceim.cl\/wp-content\/uploads\/2022\/09\/Contemos-Nuestra-Historia-1-500x500.png\" data-srcset=\"https:\/\/ceim.cl\/wp-content\/uploads\/2022\/09\/Contemos-Nuestra-Historia-1-500x500.png 500w, https:\/\/ceim.cl\/wp-content\/uploads\/2022\/09\/Contemos-Nuestra-Historia-1.png 600w\" loading=\"eager\" style=\"--ratio: 500 \/ 500\" sizes=\"(max-width: 500px) 100vw, 500px\" width=\"500\" height=\"500\"  data-dt-location=\"https:\/\/ceim.cl\/en\/contemos-nuestra-historia\/contemos-nuestra-historia-1\/\" alt=\"\" \/><\/a><\/div><\/div><\/div><style type=\"text\/css\" data-type=\"the7_shortcodes-inline-css\">.shortcode-single-image-wrap.shortcode-single-image-34f3619431180234a0107d5e156fe404.enable-bg-rollover .rollover i,\n.shortcode-single-image-wrap.shortcode-single-image-34f3619431180234a0107d5e156fe404.enable-bg-rollover .rollover-video i {\n  background: -webkit-linear-gradient();\n  background: linear-gradient();\n}\n.shortcode-single-image-wrap.shortcode-single-image-34f3619431180234a0107d5e156fe404 .rollover-icon {\n  font-size: 32px;\n  color: #ffffff;\n  min-width: 44px;\n  min-height: 44px;\n  line-height: 44px;\n  border-radius: 100px;\n  border-style: solid;\n  border-width: 0px;\n}\n.dt-icon-bg-on.shortcode-single-image-wrap.shortcode-single-image-34f3619431180234a0107d5e156fe404 .rollover-icon {\n  background: rgba(255,255,255,0.3);\n  box-shadow: none;\n}\n<\/style><div class=\"shortcode-single-image-wrap shortcode-single-image-34f3619431180234a0107d5e156fe404 alignnone  enable-bg-rollover dt-icon-bg-off\" style=\"margin-top:0px; margin-bottom:0px; margin-left:0px; margin-right:0px; width:500px;\"><div class=\"shortcode-single-image\"><div class=\"fancy-media-wrap\" style=\"\"><a href=\"https:\/\/ceim.cl\/en\/contemos-nuestra-historia\/#historia3\" class=\"layzr-bg rollover\" style=\"\" aria-label=\"Image\"><img decoding=\"async\" class=\"preload-me lazy-load aspect\" src=\"data:image\/svg+xml,%3Csvg%20xmlns%3D&#39;http%3A%2F%2Fwww.w3.org%2F2000%2Fsvg&#39;%20viewBox%3D&#39;0%200%20500%20500&#39;%2F%3E\" data-src=\"https:\/\/ceim.cl\/wp-content\/uploads\/2022\/09\/Contemos-Nuestra-Historia-Ceim-Feed-1_3_V4-500x500.png\" data-srcset=\"https:\/\/ceim.cl\/wp-content\/uploads\/2022\/09\/Contemos-Nuestra-Historia-Ceim-Feed-1_3_V4-500x500.png 500w, https:\/\/ceim.cl\/wp-content\/uploads\/2022\/09\/Contemos-Nuestra-Historia-Ceim-Feed-1_3_V4.png 600w\" loading=\"eager\" style=\"--ratio: 500 \/ 500\" sizes=\"(max-width: 500px) 100vw, 500px\" width=\"500\" height=\"500\"  data-dt-location=\"https:\/\/ceim.cl\/en\/contemos-nuestra-historia\/contemos-nuestra-historia-ceim-feed-1_3_v4\/\" alt=\"\" \/><\/a><\/div><\/div><\/div><\/div><\/div><\/div><\/div><\/div><div class=\"vc_row-full-width vc_clearfix\"><\/div><!-- Row Backgrounds --><div class=\"upb_color\" data-bg-override=\"0\" data-bg-color=\"#f7f7f7\" data-fadeout=\"\" data-fadeout-percentage=\"30\" data-parallax-content=\"\" data-parallax-content-sense=\"30\" data-row-effect-mobile-disable=\"true\" data-img-parallax-mobile-disable=\"true\" data-rtl=\"false\"  data-custom-vc-row=\"\"  data-vc=\"8.1\"  data-is_old_vc=\"\"  data-theme-support=\"\"   data-overlay=\"false\" data-overlay-color=\"\" data-overlay-pattern=\"\" data-overlay-pattern-opacity=\"\" data-overlay-pattern-size=\"\"    ><\/div><div class=\"vc_row wpb_row vc_row-fluid\"><div class=\"wpb_column vc_column_container vc_col-sm-12\"><div class=\"vc_column-inner vc_custom_1490364540235\"><div class=\"wpb_wrapper\"><div id=\"ultimate-heading-144569f0e5bcb9e33\" class=\"uvc-heading ult-adjust-bottom-margin ultimate-heading-144569f0e5bcb9e33 uvc-5059 accent-border-color\" data-hspacer=\"line_only\"  data-halign=\"left\" style=\"text-align:left\"><div class=\"uvc-main-heading ult-responsive\"  data-ultimate-target='.uvc-heading.ultimate-heading-144569f0e5bcb9e33 h2'  data-responsive-json-new='{\"font-size\":\"desktop:35px;\",\"line-height\":\"desktop:46px;\"}' ><h2 style=\"font-weight:bold;margin-top:30px;margin-bottom:15px;\">Conf\u00edan en nosotros<\/h2><\/div><div class=\"uvc-heading-spacer line_only\" style=\"topheight:5px;\"><span class=\"uvc-headings-line\" style=\"border-style:solid;border-bottom-width:5px;border-color:;width:500px;\"><\/span><\/div><\/div>\n\t<div  class=\"wpb_single_image wpb_content_element vc_align_left\">\n\t\t\n\t\t<figure class=\"wpb_wrapper vc_figure\">\n\t\t\t<div class=\"vc_single_image-wrapper   vc_box_border_grey\"><img loading=\"lazy\" decoding=\"async\" width=\"1916\" height=\"992\" src=\"https:\/\/ceim.cl\/wp-content\/uploads\/2024\/04\/Multimarca-CEIM.png\" class=\"vc_single_image-img attachment-full\" alt=\"\" title=\"Multimarca CEIM\" srcset=\"https:\/\/ceim.cl\/wp-content\/uploads\/2024\/04\/Multimarca-CEIM.png 1916w, https:\/\/ceim.cl\/wp-content\/uploads\/2024\/04\/Multimarca-CEIM-300x155.png 300w, https:\/\/ceim.cl\/wp-content\/uploads\/2024\/04\/Multimarca-CEIM-1024x530.png 1024w, https:\/\/ceim.cl\/wp-content\/uploads\/2024\/04\/Multimarca-CEIM-768x398.png 768w, https:\/\/ceim.cl\/wp-content\/uploads\/2024\/04\/Multimarca-CEIM-1536x795.png 1536w, https:\/\/ceim.cl\/wp-content\/uploads\/2024\/04\/Multimarca-CEIM-18x9.png 18w\" sizes=\"auto, (max-width: 1916px) 100vw, 1916px\"  data-dt-location=\"https:\/\/ceim.cl\/en\/multimarca-ceim\/\" \/><\/div>\n\t\t<\/figure>\n\t<\/div>\n<\/div><\/div><\/div><\/div>\n<\/div>","protected":false},"excerpt":{"rendered":"<p>Capacitaci\u00f3n a Empresas Programas m\u00e1s solicitados\u00c1rea Seguridad y Psicolaboral\u00c1rea Seguridad y Psicolaboral\u00c1rea Seguridad y Psicolaboral Coaching:Orientaci\u00f3n y Atenci\u00f3n al Cliente Coaching Inteligencia emocional Liderazgo y trabajo en equipo Liderazgo Femenino en Tiempos de Cambio M\u00e9todo de Investigaci\u00f3n de An\u00e1lisis de Causas de Incidentes Presencial Coaching: Resoluci\u00f3n de Conflictos y Relaciones Interpersonales Noticias DestacadasGaler\u00eda AudiovisualTestimoniosConf\u00edan en&hellip;<\/p>","protected":false},"author":13,"featured_media":0,"parent":0,"menu_order":0,"comment_status":"closed","ping_status":"closed","template":"","meta":{"footnotes":""},"class_list":["post-30909","page","type-page","status-publish","hentry","description-off"],"_links":{"self":[{"href":"https:\/\/ceim.cl\/en\/wp-json\/wp\/v2\/pages\/30909","targetHints":{"allow":["GET"]}}],"collection":[{"href":"https:\/\/ceim.cl\/en\/wp-json\/wp\/v2\/pages"}],"about":[{"href":"https:\/\/ceim.cl\/en\/wp-json\/wp\/v2\/types\/page"}],"author":[{"embeddable":true,"href":"https:\/\/ceim.cl\/en\/wp-json\/wp\/v2\/users\/13"}],"replies":[{"embeddable":true,"href":"https:\/\/ceim.cl\/en\/wp-json\/wp\/v2\/comments?post=30909"}],"version-history":[{"count":79,"href":"https:\/\/ceim.cl\/en\/wp-json\/wp\/v2\/pages\/30909\/revisions"}],"predecessor-version":[{"id":34562,"href":"https:\/\/ceim.cl\/en\/wp-json\/wp\/v2\/pages\/30909\/revisions\/34562"}],"wp:attachment":[{"href":"https:\/\/ceim.cl\/en\/wp-json\/wp\/v2\/media?parent=30909"}],"curies":[{"name":"wp","href":"https:\/\/api.w.org\/{rel}","templated":true}]}}